{"id":5823,"date":"2019-07-01T14:39:07","date_gmt":"2019-07-01T20:39:07","guid":{"rendered":"http:\/\/gobernacionaltaverapaz.gob.gt\/?page_id=5823"},"modified":"2019-07-01T15:06:45","modified_gmt":"2019-07-01T21:06:45","slug":"monografa-de-cahabn","status":"publish","type":"page","link":"https:\/\/gobernacionaltaverapaz.gob.gt\/?page_id=5823","title":{"rendered":""},"content":{"rendered":"<p style=\"margin: 0cm; margin-bottom: .0001pt; text-align: center;\" align=\"center\"><span style=\"font-size: 36.0pt; font-family: 'Impact','sans-serif'; color: #0066cc;\">Cahab\u00f3n<\/span><\/p>\n<p align=\"center\"><img decoding=\"async\" loading=\"lazy\" class=\"alignnone wp-image-5824 size-full\" src=\"http:\/\/gobernacionaltaverapaz.gob.gt\/wp-content\/uploads\/2019\/07\/000.jpg\" alt=\"\" width=\"530\" height=\"191\" srcset=\"https:\/\/gobernacionaltaverapaz.gob.gt\/wp-content\/uploads\/2019\/07\/000.jpg 530w, https:\/\/gobernacionaltaverapaz.gob.gt\/wp-content\/uploads\/2019\/07\/000-300x108.jpg 300w\" sizes=\"(max-width: 530px) 100vw, 530px\" \/><\/p>\n<p style=\"text-align: center;\"><strong>BREVE RESE\u00d1A HIST\u00d3RICA<\/strong><\/p>\n<p style=\"text-align: justify;\">\u00a0\u00a0\u00a0\u00a0\u00a0\u00a0\u00a0\u00a0\u00a0\u00a0\u00a0 La fundaci\u00f3n del pueblo de Santa Mar\u00eda Cahab\u00f3n, se remonta la \u00e9poca de la conquista de Guatemala, seg\u00fan datos recabados en el convento parroquial, Santa Mar\u00eda Cahab\u00f3n figura entre los primeros 10 pueblos de Alta Verapaz, por c\u00e9dula real de fecha 10 de Mayo de 1,541 el rey de Espa\u00f1a ordena agrupar en diez comunidades la Verapaz, entre ellos aparece Santa Mar\u00eda Cahab\u00f3n con 600 tributarios.<\/p>\n<p style=\"text-align: justify;\">\u00a0\u00a0\u00a0\u00a0\u00a0\u00a0\u00a0\u00a0\u00a0\u00a0\u00a0 Fue fundada por los padres dominicos Fray Luis de C\u00e1ncer Pedro Santa Mar\u00eda de Angulo, Juan Rodrigo de Landrade, quienes bajo las ordenes de Fray Bartolom\u00e9 de Las Casas, pacificaron Tezulutl\u00e1n (hoy Verapaz) El 1 de mayo de 1980, el municipio: sufri\u00f3 una desmembraci\u00f3n, ya que fue segregado del mismo el Parcelamiento Fray Bartolom\u00e9 de Las Casas, que por orden del Ejecutivo fue elevado a la categor\u00eda de Municipio.<\/p>\n<p style=\"text-align: center;\"><strong>ETIMOLOGIA DE SU NOMBRE<\/strong><\/p>\n<p style=\"text-align: justify;\">\u00a0\u00a0\u00a0\u00a0\u00a0\u00a0\u00a0\u00a0\u00a0\u00a0\u00a0 La etimolog\u00eda de su nombre \u201cChicajbon\u201d, nombre antiguo de la comunidad al ser castellanizado se transform\u00f3 en Cahab\u00f3n, de la lengua Q\u2019eqch\u00ed, este vocablo quiere decir Chi, en lugar, Caj, polvo, Bon pintura, lugar de la pintura en polvo, otra opini\u00f3n al respecto de la traducci\u00f3n del nombre de Cahab\u00f3n, el escritor cobanero Ruperto Zea, dice que la palabra Chicajbon se origina del Maya y que traducido quiere decir, Chi, en el lugar Caj, cielo, Bon pintura, en el lugar de las pinturas celestiales.<\/p>\n<p style=\"text-align: justify;\">Otra opini\u00f3n la palabra Chi Cajbom, se deriva del Q\u2019eqch\u00ed, Chi que significa \u201cEn\u201d o \u201clugar\u201d Cajb\u2019om.\u00a0 Su ra\u00edz es Cajb que significa abstinencia, om, es su desinencia, Chicajbom, quiere decir Lugar de Abstinencia.<\/p>\n<p style=\"text-align: center;\"><strong>UBICACI\u00d3N GEOGRAFICA<\/strong><\/p>\n<p style=\"text-align: center;\"><img decoding=\"async\" loading=\"lazy\" class=\"alignnone wp-image-5825 size-full\" src=\"http:\/\/gobernacionaltaverapaz.gob.gt\/wp-content\/uploads\/2019\/07\/mapa-cahabon.jpg\" alt=\"\" width=\"875\" height=\"520\" srcset=\"https:\/\/gobernacionaltaverapaz.gob.gt\/wp-content\/uploads\/2019\/07\/mapa-cahabon.jpg 875w, https:\/\/gobernacionaltaverapaz.gob.gt\/wp-content\/uploads\/2019\/07\/mapa-cahabon-300x178.jpg 300w, https:\/\/gobernacionaltaverapaz.gob.gt\/wp-content\/uploads\/2019\/07\/mapa-cahabon-768x456.jpg 768w\" sizes=\"(max-width: 875px) 100vw, 875px\" \/><\/p>\n<p style=\"text-align: justify;\">Al norte colinda con los municipios de Fray Bartolom\u00e9 de las Casas, Chahal, al sur con Senah\u00fa y Panz\u00f3s, al oriente con el Estor Izabal y al\u00a0 poniente con Lanqu\u00edn.<\/p>\n<p style=\"text-align: center;\"><strong>LOCALIZACI\u00d3N GEOGRAFICA<\/strong><\/p>\n<p style=\"text-align: center;\"><strong>LATITUD\u00a0\u00a0\u00a0\u00a0\u00a0\u00a0\u00a0\u00a0\u00a0\u00a0\u00a0\u00a0\u00a0\u00a0\u00a0\u00a0\u00a0\u00a0\u00a0\u00a0\u00a0\u00a0\u00a0\u00a0\u00a0\u00a0\u00a0\u00a0 LONGITUD<\/strong><\/p>\n<p style=\"text-align: center;\">15\u00ba 36\u2019 20\u2019\u2019\u00a0\u00a0\u00a0\u00a0\u00a0\u00a0\u00a0\u00a0\u00a0\u00a0\u00a0\u00a0\u00a0\u00a0\u00a0\u00a0\u00a0\u00a0\u00a0\u00a0\u00a0\u00a0\u00a0\u00a0\u00a0\u00a0 89\u00ba 48\u201945\u2019\u2019<\/p>\n<p>&nbsp;<\/p>\n<p style=\"text-align: center;\"><strong>DISTANCIA DEL MUNICIPIO A LA CABECERA DEPARTAMENTAL<\/strong><\/p>\n<p>95 kil\u00f3metros<br \/>\n87 kil\u00f3metros carretera de terracer\u00eda<br \/>\n8 kil\u00f3metros\u00a0 carretera de asfalto.<\/p>\n<p>&nbsp;<\/p>\n<p style=\"text-align: center;\"><strong>DISTANCIA DE LA CABECERA A LA CAPITAL<\/strong><\/p>\n<p>314 kil\u00f3metros<br \/>\n227 kil\u00f3metros carretera de asfalto<br \/>\n87 kil\u00f3metros de carretera de terracer\u00eda.<\/p>\n<p style=\"text-align: center;\"><strong>TOPOGRAF\u00cdA:<\/strong><\/p>\n<p style=\"text-align: justify;\">El total del \u00e1rea municipal se encuentra localizada en una zona c\u00e1lida con vegetaci\u00f3n del bosque muy h\u00famedo tropical.<\/p>\n<p style=\"text-align: center;\"><strong>FLORA Y FAUNA:<\/strong><\/p>\n<p style=\"text-align: justify;\">En la parte norte del municipio puede observarse algunas zonas selv\u00e1ticas y bosques. Existen tambi\u00e9n fajas de terreno ricas en madera de cedro, caoba, Santa Mar\u00eda, Chicozapote, hormigo, jocote de fraile, palo blanco, ceiba,\u00a0 matilisguate, plantas medicinales, poshen, sangre de drago, mol max, jobroct\u00e9, todas ellas utilizadas por los m\u00e9dicos tradicionales cahaboneros.<\/p>\n<p style=\"text-align: justify;\">Existe una gran cantidad de animales, algunos de ellos en peligro de extinci\u00f3n como el venado de cola blanca, el puma, el mono y el mico.<\/p>\n<p style=\"text-align: center;\"><strong>HIDROGRAF\u00cdA:<\/strong><\/p>\n<p style=\"text-align: justify;\">Entre abruptas monta\u00f1as de la serran\u00eda de Cham\u00e1, serpentea agreste carretera que conduce a uno de los pueblos m\u00e1s antiguos de la Verapaz, Santa Mar\u00eda Cahab\u00f3n, uno de los pueblos m\u00e1s pintorescos, cruzado por los r\u00edos que conducen a otro mayor, el r\u00edo Actel\u00e1 que corre en sus mediciones.<\/p>\n<p style=\"text-align: center;\"><strong>OROGRAF\u00cdA:<\/strong><\/p>\n<p style=\"text-align: justify;\">Sierra Cham\u00e1.\u00a0 85% de tierras bajas son tierras ociosas propiedad de latifundistas.<\/p>\n<p style=\"text-align: center;\"><strong>CLIMA:<\/strong><\/p>\n<p style=\"text-align: justify;\">C\u00e1lido\u00a0 y las lluvias durante los meses de Junio y Febrero, son abundantes no as\u00ed en los meses de Marzo y Abril, que es la \u00e9poca de la sequ\u00eda cuando azotan los veranos calcinates.<\/p>\n<p style=\"text-align: center;\"><strong>ASPECTO<\/strong> <strong>CULTURAL<\/strong><\/p>\n<p><strong>ORGANIZACIONES<\/strong><\/p>\n<p style=\"text-align: justify;\">Esta organizado en grupos como comunidades, San Egidio, Misi\u00f3n Santo Domingo, JEA (Jes\u00fas Est\u00e1 Aqu\u00ed) Cursillistas.<\/p>\n<p style=\"text-align: justify;\">Club de damas Cahaboneras<br \/>\nComit\u00e9s de Barrios<br \/>\nComit\u00e9s de Feria.<\/p>\n<p style=\"text-align: center;\"><strong>OTRAS ORGANIZACIONES<\/strong><\/p>\n<ul>\n<li><span style=\"color: #000000;\">ONG\u2019S<\/span><\/li>\n<li><span style=\"color: #000000;\">IDEAS\u00a0 (INVESTIGACI\u00d3N DESARROLLO, AGUA POTABLE, Y SANAMINTO)<\/span><\/li>\n<li><span style=\"color: #000000;\">SUPERVISI\u00d3N<\/span><\/li>\n<li><span style=\"color: #000000;\">INAB<\/span><\/li>\n<li><span style=\"color: #000000;\">REGISTRO DE CIUDADANOS<\/span><\/li>\n<li><span style=\"color: #000000;\">ADEMAC<\/span><\/li>\n<li><span style=\"color: #000000;\">ANACAF\u00c9<\/span><\/li>\n<li><span style=\"color: #000000;\">CARE<\/span><\/li>\n<li><span style=\"color: #000000;\">PASTORAL SOCIAL<\/span><\/li>\n<li><span style=\"color: #000000;\">INCIDE<\/span><\/li>\n<li><span style=\"color: #000000;\">JUZGADO DE PAZ<\/span><\/li>\n<li><span style=\"color: #000000;\">TSE<\/span><\/li>\n<li><span style=\"color: #000000;\">IGER<\/span><\/li>\n<\/ul>\n<p style=\"text-align: center;\"><strong>CELEBRACIONES<\/strong><\/p>\n<p style=\"text-align: justify;\">Del 3 al 8 de Septiembre celebra su feria titular en honor a la Virgen de Natividad.<\/p>\n<p style=\"text-align: center;\"><strong>SU TRAJE TIPICO<\/strong><\/p>\n<p style=\"text-align: justify;\">Del var\u00f3n Pantal\u00f3n corto de manta blanca y banda roja (C\u2019amalsa) que le sirve de cincho y en la espalda solamente tirando y amarrado por el cuello, un lienzo de manta blanca que se denomina Lepob y sombrero de junco.<\/p>\n<p style=\"text-align: justify;\">De la mujer Enagua caf\u00e9 o azul-negro, envuelto, que se ata mediante un nudo hecho con el mismo corte en la cintura, se dice que por los malos caminos, lodosos, que rodean la regi\u00f3n \u00e9ste es bastante corto y rodea la pantorrilla.<\/p>\n<p style=\"text-align: justify;\">El g\u00fcipil no lo usan puesto, \u00fanicamente tapa la espalda de la mujer que muestra al desnudo sus pechos ub\u00e9rrimos, al borde de la enagua, forma un bols\u00f3n donde coloca un guacal que lleva tabaco verde, medio seco, puros que forman constantemente; collares, uno o dos hilos de coral negros,<\/p>\n<p style=\"text-align: justify;\">El peinado no lleva m\u00e1s atadura que un cordoncito caf\u00e9 en la delgada trenza de su cabello, la cual envuelve en toda la cabeza, anillos en\u00a0 uno o dos dedos de la mano izquierda, el clima hace que este traje sea uno de los m\u00e1s primitivos y que haya recibido mayores innovaciones en el medio o bien se haya modificado por el progreso.<\/p>\n<p style=\"text-align: center;\"><img decoding=\"async\" loading=\"lazy\" class=\"alignnone wp-image-5826 size-full\" src=\"http:\/\/gobernacionaltaverapaz.gob.gt\/wp-content\/uploads\/2019\/07\/tipico-cahabon.png\" alt=\"\" width=\"137\" height=\"207\" \/><\/p>\n<p style=\"text-align: center;\"><strong>RELIGI\u00d3N<\/strong><\/p>\n<p style=\"text-align: center;\">NAZARENA\u00a0\u00a0\u00a0\u00a0\u00a0\u00a0\u00a0\u00a0\u00a0\u00a0\u00a0\u00a0\u00a0\u00a0\u00a0\u00a0\u00a0\u00a0\u00a0\u00a0\u00a0\u00a0\u00a0 \u00a0 \u00a0 \u00a0 \u00a0 \u00a0 FUNDADA\u00a0\u00a0\u00a0\u00a0\u00a0\u00a0\u00a0 \u00a0\u00a0 \u00a0\u00a0\u00a0 1963<\/p>\n<p style=\"text-align: center;\">NUEVA JERUSAL\u00c9N\u00a0\u00a0\u00a0\u00a0\u00a0\u00a0\u00a0\u00a0\u00a0\u00a0\u00a0 \u00a0\u00a0\u00a0\u00a0\u00a0 FUNDADA \u00a0\u00a0\u00a0\u00a0\u00a0\u00a0\u00a0\u00a0\u00a0\u00a0\u00a0 \u00a0 1977<\/p>\n<p style=\"text-align: center;\">ASAMBLEA DE DIOS\u00a0\u00a0\u00a0\u00a0\u00a0\u00a0\u00a0 \u00a0\u00a0\u00a0\u00a0 \u00a0\u00a0\u00a0\u00a0 FUNDADA \u00a0\u00a0\u00a0\u00a0\u00a0\u00a0\u00a0\u00a0\u00a0\u00a0\u00a0\u00a0\u00a0 1985<\/p>\n<p style=\"text-align: center;\">MISI\u00d3N BAUTISTA\u00a0\u00a0\u00a0\u00a0\u00a0\u00a0\u00a0\u00a0\u00a0\u00a0\u00a0\u00a0 \u00a0\u00a0\u00a0\u00a0\u00a0 \u00a0 FUNDADA \u00a0\u00a0\u00a0\u00a0\u00a0\u00a0\u00a0\u00a0\u00a0\u00a0 \u00a0\u00a0 1987<\/p>\n<p style=\"text-align: center;\">IGLESIA MENONITA\u00a0\u00a0\u00a0\u00a0\u00a0\u00a0\u00a0\u00a0\u00a0 \u00a0\u00a0\u00a0\u00a0\u00a0\u00a0 \u00a0 FUNDADA \u00a0\u00a0\u00a0\u00a0\u00a0 \u00a0 \u00a0 \u00a0\u00a0\u00a0 1990<\/p>\n<p style=\"text-align: center;\">ELIM\u00a0\u00a0\u00a0\u00a0\u00a0\u00a0\u00a0\u00a0\u00a0\u00a0\u00a0\u00a0\u00a0\u00a0\u00a0\u00a0\u00a0\u00a0\u00a0\u00a0\u00a0\u00a0\u00a0\u00a0\u00a0\u00a0\u00a0\u00a0\u00a0\u00a0\u00a0\u00a0\u00a0\u00a0\u00a0\u00a0\u00a0 \u00a0\u00a0\u00a0\u00a0\u00a0 \u00a0\u00a0 FUNDADA \u00a0\u00a0\u00a0\u00a0\u00a0\u00a0\u00a0\u00a0\u00a0\u00a0\u00a0\u00a0\u00a0 1993<\/p>\n<p>&nbsp;<\/p>\n<p style=\"text-align: justify;\">\u00a0\u00a0\u00a0\u00a0\u00a0\u00a0\u00a0\u00a0\u00a0\u00a0\u00a0 La Iglesia Cat\u00f3lica es una de las m\u00e1s antiguas del Departamento de Alta Verapaz, construida en la \u00e9poca de la colonizaci\u00f3n en 1545 por los frailes Fray Pedro de Angulo y Fray Bartolom\u00e9 de las Casas. 99% poblaci\u00f3n Cat\u00f3lica.<\/p>\n<p style=\"text-align: center;\"><strong>SOCIALES<\/strong><\/p>\n<p style=\"text-align: center;\"><strong>ACTIVIDADES RECREATIVAS<\/strong><\/p>\n<ul>\n<li><span style=\"color: #000000;\">Actividades deportivas (F\u00fatbol y baloncesto)<\/span><\/li>\n<li><span style=\"color: #000000;\">Excursiones a lugares tur\u00edsticos.<\/span><\/li>\n<\/ul>\n<p style=\"text-align: center;\"><strong>IDIOMA: <\/strong>Q\u2019eqch\u00ed el cual predomina m\u00e1s en el \u00e1rea rural<\/p>\n<p style=\"text-align: center;\"><strong>V\u00cdAS DE COMUNICACI\u00d3N Y TRANSPORTE<\/strong><\/p>\n<p>\u00a0\u00a0\u00a0\u00a0\u00a0\u00a0\u00a0\u00a0\u00a0\u00a0\u00a0 Correos y tel\u00e9grafos, cable \u201cVictoria\u201d.<\/p>\n<p style=\"text-align: center;\"><strong>TRANSPORTE<\/strong><\/p>\n<p style=\"text-align: justify;\">\u00a0\u00a0\u00a0\u00a0\u00a0\u00a0\u00a0\u00a0\u00a0\u00a0\u00a0 Carreteras, de Lanqu\u00edn a Cahab\u00f3n 35 kil\u00f3metros (1960) se construy\u00f3 la carretera (caminos-municipal) durante la administraci\u00f3n municipal del Lic. Pl\u00e1cido Ovidio Argueta y el diputado por A.V. el entonces mayor Romeo Lucas Garc\u00eda inaugura el 21 de mayo\/62.<\/p>\n<p style=\"text-align: center;\"><strong>ESTABLECIMIENTOS EDUCATIVOS.<\/strong><\/p>\n<p>E.O.U.M\u00a0\u00a0\u00a0\u00a0\u00a0\u00a0\u00a0\u00a0 Prof. Juan V\u00e9liz Ju\u00e1rez<br \/>\nP\u00e1rvulos\u00a0\u00a0\u00a0\u00a0\u00a0\u00a0\u00a0\u00a0\u00a0 Prof. Jos\u00e9 Argueta L\u00f3pez<br \/>\nC.O.R.M. \u00a0\u00a0\u00a0\u00a0\u00a0 Colonia el Rosario<br \/>\nNo. de Escuelas \u00a0\u00a0\u00a0\u00a0\u00a0\u00a0\u00a0\u00a0\u00a0\u00a0\u00a0\u00a0\u00a0\u00a0\u00a0\u00a0 71<br \/>\nMaestros\u00a0\u00a0\u00a0\u00a0\u00a0\u00a0 \u00a0\u00a0\u00a0\u00a0\u00a0\u00a0\u00a0\u00a0\u00a0 \u00a0\u00a0\u00a0\u00a0\u00a0\u00a0\u00a0\u00a0\u00a0\u00a0\u00a0\u00a0\u00a0 \u00a0140<br \/>\nAlumnos\u00a0\u00a0\u00a0\u00a0\u00a0\u00a0 \u00a0\u00a0\u00a0\u00a0 \u00a0\u00a0\u00a0\u00a0\u00a0\u00a0\u00a0\u00a0\u00a0\u00a0\u00a0\u00a0\u00a0\u00a0\u00a0\u00a0\u00a0\u00a0 \u00a012,847<br \/>\nConalfa\u00a0\u00a0\u00a0\u00a0\u00a0\u00a0\u00a0\u00a0\u00a0\u00a0\u00a0\u00a0\u00a0\u00a0\u00a0\u00a0\u00a0\u00a0\u00a0\u00a0\u00a0\u00a0\u00a0\u00a0\u00a0\u00a0\u00a0\u00a0\u00a0\u00a0\u00a0\u00a0\u00a0\u00a0\u00a0\u00a0\u00a0\u00a0\u00a0\u00a0\u00a0\u00a0\u00a0 33 centros<br \/>\n33 animadores<br \/>\n1 coordinador<br \/>\n2 t\u00e9cnicos operativos<\/p>\n<p>&nbsp;<\/p>\n<p>IGER\u00a0\u00a0\u00a0\u00a0\u00a0\u00a0\u00a0\u00a0\u00a0\u00a0\u00a0\u00a0\u00a0\u00a0\u00a0\u00a0\u00a0\u00a0\u00a0\u00a0\u00a0\u00a0\u00a0\u00a0\u00a0\u00a0\u00a0\u00a0\u00a0\u00a0\u00a0\u00a0\u00a0\u00a0\u00a0\u00a0 125\u00a0 alumnos<br \/>\n12 orientadores<br \/>\n16 comunidades<\/p>\n<p style=\"text-align: center;\"><strong>SERVICIOS DE SALUD.<\/strong><\/p>\n<ul>\n<li><span style=\"color: #000000;\">1 CENTRO DE SALUD TIPO \u201cA\u201d<\/span><\/li>\n<li><span style=\"color: #000000;\">puestos de salud cuentan con 2 pero solo uno funciona \u00a0\u00a0\u00a0 \u201cSEPOC\u201d<\/span><\/li>\n<li><span style=\"color: #000000;\">7 unidades m\u00ednimas de salud (rural )<\/span><\/li>\n<\/ul>\n<p style=\"text-align: center;\"><strong>SERVICIOS B\u00c1SICOS:<\/strong><\/p>\n<p style=\"text-align: center;\"><strong>TIPO DE ALUMBRADO<\/strong><\/p>\n<p><img decoding=\"async\" loading=\"lazy\" class=\"wp-image-5827 size-full aligncenter\" src=\"http:\/\/gobernacionaltaverapaz.gob.gt\/wp-content\/uploads\/2019\/07\/cahabon001.jpg\" alt=\"\" width=\"509\" height=\"87\" srcset=\"https:\/\/gobernacionaltaverapaz.gob.gt\/wp-content\/uploads\/2019\/07\/cahabon001.jpg 509w, https:\/\/gobernacionaltaverapaz.gob.gt\/wp-content\/uploads\/2019\/07\/cahabon001-300x51.jpg 300w\" sizes=\"(max-width: 509px) 100vw, 509px\" \/><\/p>\n<p style=\"text-align: center;\"><strong>FORMA ELIMINACI\u00d3N DE BASURA<\/strong><\/p>\n<p style=\"text-align: center;\"><img decoding=\"async\" loading=\"lazy\" class=\"alignnone wp-image-5828 size-full\" src=\"http:\/\/gobernacionaltaverapaz.gob.gt\/wp-content\/uploads\/2019\/07\/cahabon002.jpg\" alt=\"\" width=\"389\" height=\"157\" srcset=\"https:\/\/gobernacionaltaverapaz.gob.gt\/wp-content\/uploads\/2019\/07\/cahabon002.jpg 389w, https:\/\/gobernacionaltaverapaz.gob.gt\/wp-content\/uploads\/2019\/07\/cahabon002-300x121.jpg 300w\" sizes=\"(max-width: 389px) 100vw, 389px\" \/><\/p>\n<p style=\"text-align: center;\"><strong>HOGARES CON SERVICIO DE AGUA<\/strong><\/p>\n<p style=\"text-align: center;\"><img decoding=\"async\" loading=\"lazy\" class=\"alignnone wp-image-5829 size-full\" src=\"http:\/\/gobernacionaltaverapaz.gob.gt\/wp-content\/uploads\/2019\/07\/cahabon003.jpg\" alt=\"\" width=\"418\" height=\"181\" srcset=\"https:\/\/gobernacionaltaverapaz.gob.gt\/wp-content\/uploads\/2019\/07\/cahabon003.jpg 418w, https:\/\/gobernacionaltaverapaz.gob.gt\/wp-content\/uploads\/2019\/07\/cahabon003-300x130.jpg 300w\" sizes=\"(max-width: 418px) 100vw, 418px\" \/><\/p>\n<p style=\"text-align: center;\"><strong>HOGARES POR TIPO DE SANITARIO<\/strong><\/p>\n<p style=\"text-align: center;\"><img decoding=\"async\" loading=\"lazy\" class=\"alignnone wp-image-5830 size-full\" src=\"http:\/\/gobernacionaltaverapaz.gob.gt\/wp-content\/uploads\/2019\/07\/cahabon004.jpg\" alt=\"\" width=\"479\" height=\"262\" srcset=\"https:\/\/gobernacionaltaverapaz.gob.gt\/wp-content\/uploads\/2019\/07\/cahabon004.jpg 479w, https:\/\/gobernacionaltaverapaz.gob.gt\/wp-content\/uploads\/2019\/07\/cahabon004-300x164.jpg 300w\" sizes=\"(max-width: 479px) 100vw, 479px\" \/><\/p>\n<p>&nbsp;<\/p>\n<p><strong>FUERZAS DE SEGURIDAD.<\/strong><\/p>\n<p>Polic\u00eda Nacional Civil<\/p>\n<p style=\"text-align: center;\"><strong>VIVIENDA<\/strong><\/p>\n<p style=\"text-align: center;\"><strong>TIPO DE VIVIENDA<\/strong><\/p>\n<p><img decoding=\"async\" loading=\"lazy\" class=\"wp-image-5831 size-full aligncenter\" src=\"http:\/\/gobernacionaltaverapaz.gob.gt\/wp-content\/uploads\/2019\/07\/cahabon005.jpg\" alt=\"\" width=\"500\" height=\"155\" srcset=\"https:\/\/gobernacionaltaverapaz.gob.gt\/wp-content\/uploads\/2019\/07\/cahabon005.jpg 500w, https:\/\/gobernacionaltaverapaz.gob.gt\/wp-content\/uploads\/2019\/07\/cahabon005-300x93.jpg 300w\" sizes=\"(max-width: 500px) 100vw, 500px\" \/><\/p>\n<p style=\"text-align: center;\"><strong>MATERIAL PREDOMINANTE EN EL TECHO<\/strong><\/p>\n<p style=\"text-align: center;\"><img decoding=\"async\" loading=\"lazy\" class=\"alignnone wp-image-5832 size-full\" src=\"http:\/\/gobernacionaltaverapaz.gob.gt\/wp-content\/uploads\/2019\/07\/cahabon006.jpg\" alt=\"\" width=\"419\" height=\"174\" srcset=\"https:\/\/gobernacionaltaverapaz.gob.gt\/wp-content\/uploads\/2019\/07\/cahabon006.jpg 419w, https:\/\/gobernacionaltaverapaz.gob.gt\/wp-content\/uploads\/2019\/07\/cahabon006-300x125.jpg 300w\" sizes=\"(max-width: 419px) 100vw, 419px\" \/><\/p>\n<p style=\"text-align: center;\"><strong>MATERIAL PREDOMINANTE EN LAS PAREDES EXTERIORES<\/strong><\/p>\n<p><img decoding=\"async\" loading=\"lazy\" class=\"wp-image-5833 size-full aligncenter\" src=\"http:\/\/gobernacionaltaverapaz.gob.gt\/wp-content\/uploads\/2019\/07\/cahabon007.jpg\" alt=\"\" width=\"494\" height=\"224\" srcset=\"https:\/\/gobernacionaltaverapaz.gob.gt\/wp-content\/uploads\/2019\/07\/cahabon007.jpg 494w, https:\/\/gobernacionaltaverapaz.gob.gt\/wp-content\/uploads\/2019\/07\/cahabon007-300x136.jpg 300w\" sizes=\"(max-width: 494px) 100vw, 494px\" \/><\/p>\n<p style=\"text-align: center;\"><strong>MATERIAL PREDOMINANTE EN EL PISO<\/strong><\/p>\n<p style=\"text-align: center;\"><img decoding=\"async\" loading=\"lazy\" class=\"alignnone wp-image-5834 size-full\" src=\"http:\/\/gobernacionaltaverapaz.gob.gt\/wp-content\/uploads\/2019\/07\/cahabon008.jpg\" alt=\"\" width=\"528\" height=\"233\" srcset=\"https:\/\/gobernacionaltaverapaz.gob.gt\/wp-content\/uploads\/2019\/07\/cahabon008.jpg 528w, https:\/\/gobernacionaltaverapaz.gob.gt\/wp-content\/uploads\/2019\/07\/cahabon008-300x132.jpg 300w\" sizes=\"(max-width: 528px) 100vw, 528px\" \/><\/p>\n<p style=\"text-align: center;\"><strong>POBLACI\u00d3N\u00a0 (Censos 2002)<\/strong><\/p>\n<p><strong>POBLACI\u00d3N POR SEXO:<\/strong><\/p>\n<p><img decoding=\"async\" loading=\"lazy\" class=\"wp-image-5835 size-full aligncenter\" src=\"http:\/\/gobernacionaltaverapaz.gob.gt\/wp-content\/uploads\/2019\/07\/cahabon009.jpg\" alt=\"\" width=\"307\" height=\"68\" srcset=\"https:\/\/gobernacionaltaverapaz.gob.gt\/wp-content\/uploads\/2019\/07\/cahabon009.jpg 307w, https:\/\/gobernacionaltaverapaz.gob.gt\/wp-content\/uploads\/2019\/07\/cahabon009-300x66.jpg 300w\" sizes=\"(max-width: 307px) 100vw, 307px\" \/><\/p>\n<p><strong>POBLACI\u00d3N POR \u00c1REA:<\/strong><\/p>\n<p style=\"text-align: center;\"><img decoding=\"async\" loading=\"lazy\" class=\"alignnone wp-image-5836 size-full\" src=\"http:\/\/gobernacionaltaverapaz.gob.gt\/wp-content\/uploads\/2019\/07\/cahabon010.jpg\" alt=\"\" width=\"330\" height=\"72\" srcset=\"https:\/\/gobernacionaltaverapaz.gob.gt\/wp-content\/uploads\/2019\/07\/cahabon010.jpg 330w, https:\/\/gobernacionaltaverapaz.gob.gt\/wp-content\/uploads\/2019\/07\/cahabon010-300x65.jpg 300w\" sizes=\"(max-width: 330px) 100vw, 330px\" \/><\/p>\n<p><strong>POBLACI\u00d3N POR GRUPOS DE EDAD:<\/strong><\/p>\n<p style=\"text-align: center;\"><img decoding=\"async\" loading=\"lazy\" class=\"alignnone wp-image-5837 size-full\" src=\"http:\/\/gobernacionaltaverapaz.gob.gt\/wp-content\/uploads\/2019\/07\/cahabon011.jpg\" alt=\"\" width=\"595\" height=\"419\" srcset=\"https:\/\/gobernacionaltaverapaz.gob.gt\/wp-content\/uploads\/2019\/07\/cahabon011.jpg 595w, https:\/\/gobernacionaltaverapaz.gob.gt\/wp-content\/uploads\/2019\/07\/cahabon011-300x211.jpg 300w\" sizes=\"(max-width: 595px) 100vw, 595px\" \/><\/p>\n<p style=\"text-align: center;\"><strong>POBLACI\u00d3N POR GRUPO \u00c9TNICO:<\/strong><\/p>\n<p style=\"text-align: center;\"><img decoding=\"async\" loading=\"lazy\" class=\"alignnone wp-image-5838 size-full\" src=\"http:\/\/gobernacionaltaverapaz.gob.gt\/wp-content\/uploads\/2019\/07\/cahabon012.jpg\" alt=\"\" width=\"318\" height=\"71\" srcset=\"https:\/\/gobernacionaltaverapaz.gob.gt\/wp-content\/uploads\/2019\/07\/cahabon012.jpg 318w, https:\/\/gobernacionaltaverapaz.gob.gt\/wp-content\/uploads\/2019\/07\/cahabon012-300x67.jpg 300w\" sizes=\"(max-width: 318px) 100vw, 318px\" \/><\/p>\n<p style=\"text-align: center;\"><strong>POBLACI\u00d3N QUE APRENDI\u00d3 A HABLAR UN IDIOMA MAYA<\/strong>:<\/p>\n<p style=\"text-align: center;\"><img decoding=\"async\" loading=\"lazy\" class=\"alignnone wp-image-5839 size-full\" src=\"http:\/\/gobernacionaltaverapaz.gob.gt\/wp-content\/uploads\/2019\/07\/cahabon013.jpg\" alt=\"\" width=\"349\" height=\"74\" srcset=\"https:\/\/gobernacionaltaverapaz.gob.gt\/wp-content\/uploads\/2019\/07\/cahabon013.jpg 349w, https:\/\/gobernacionaltaverapaz.gob.gt\/wp-content\/uploads\/2019\/07\/cahabon013-300x64.jpg 300w\" sizes=\"(max-width: 349px) 100vw, 349px\" \/><\/p>\n<p style=\"text-align: center;\"><strong>POBLACI\u00d3N POR PERTENENCIA \u00c9TNICA:<\/strong><\/p>\n<p style=\"text-align: center;\"><img decoding=\"async\" loading=\"lazy\" class=\"alignnone wp-image-5840 size-full\" src=\"http:\/\/gobernacionaltaverapaz.gob.gt\/wp-content\/uploads\/2019\/07\/cahabon014.jpg\" alt=\"\" width=\"450\" height=\"61\" srcset=\"https:\/\/gobernacionaltaverapaz.gob.gt\/wp-content\/uploads\/2019\/07\/cahabon014.jpg 450w, https:\/\/gobernacionaltaverapaz.gob.gt\/wp-content\/uploads\/2019\/07\/cahabon014-300x41.jpg 300w\" sizes=\"(max-width: 450px) 100vw, 450px\" \/><\/p>\n<p style=\"text-align: center;\"><strong>EDUCACI\u00d3N<\/strong><\/p>\n<p><strong>ANALFABETISMO\u00a0 (Poblaci\u00f3n de 7 a\u00f1os y m\u00e1s de edad)<\/strong><\/p>\n<p style=\"text-align: center;\"><img decoding=\"async\" loading=\"lazy\" class=\"alignnone wp-image-5841 size-full\" src=\"http:\/\/gobernacionaltaverapaz.gob.gt\/wp-content\/uploads\/2019\/07\/cahabon015.jpg\" alt=\"\" width=\"306\" height=\"72\" srcset=\"https:\/\/gobernacionaltaverapaz.gob.gt\/wp-content\/uploads\/2019\/07\/cahabon015.jpg 306w, https:\/\/gobernacionaltaverapaz.gob.gt\/wp-content\/uploads\/2019\/07\/cahabon015-300x71.jpg 300w\" sizes=\"(max-width: 306px) 100vw, 306px\" \/><\/p>\n<p style=\"text-align: center;\"><strong>NIVEL DE ESCOLARIDAD<\/strong><\/p>\n<p style=\"text-align: center;\"><img decoding=\"async\" loading=\"lazy\" class=\"alignnone wp-image-5842 size-full\" src=\"http:\/\/gobernacionaltaverapaz.gob.gt\/wp-content\/uploads\/2019\/07\/cahabon016.jpg\" alt=\"\" width=\"390\" height=\"155\" srcset=\"https:\/\/gobernacionaltaverapaz.gob.gt\/wp-content\/uploads\/2019\/07\/cahabon016.jpg 390w, https:\/\/gobernacionaltaverapaz.gob.gt\/wp-content\/uploads\/2019\/07\/cahabon016-300x119.jpg 300w\" sizes=\"(max-width: 390px) 100vw, 390px\" \/><\/p>\n<p style=\"text-align: center;\"><strong>Establecimientos Abiertos y Nivel Educativo 2012<\/strong><\/p>\n<p style=\"text-align: center;\"><img decoding=\"async\" loading=\"lazy\" class=\"alignnone wp-image-5843 size-full\" src=\"http:\/\/gobernacionaltaverapaz.gob.gt\/wp-content\/uploads\/2019\/07\/cahabon017.jpg\" alt=\"\" width=\"312\" height=\"141\" srcset=\"https:\/\/gobernacionaltaverapaz.gob.gt\/wp-content\/uploads\/2019\/07\/cahabon017.jpg 312w, https:\/\/gobernacionaltaverapaz.gob.gt\/wp-content\/uploads\/2019\/07\/cahabon017-300x136.jpg 300w\" sizes=\"(max-width: 312px) 100vw, 312px\" \/>Mineduc 2012.<\/p>\n<p>&nbsp;<\/p>\n<h5 style=\"text-align: center;\"><span lang=\"ES\" style=\"font-size: 12.0pt;\">POBLACI\u00d3N ECON\u00d3MICAMENTE ACTIVA (<\/span><span lang=\"ES\" style=\"font-size: 12.0pt; font-weight: normal;\">poblaci\u00f3n de 7 a\u00f1os y m\u00e1s de edad<\/span><span lang=\"ES\" style=\"font-size: 12.0pt;\">)<\/span><\/h5>\n<p style=\"text-align: center;\"><img decoding=\"async\" loading=\"lazy\" class=\"alignnone wp-image-5844 size-full\" src=\"http:\/\/gobernacionaltaverapaz.gob.gt\/wp-content\/uploads\/2019\/07\/cahabon018.jpg\" alt=\"\" width=\"318\" height=\"69\" srcset=\"https:\/\/gobernacionaltaverapaz.gob.gt\/wp-content\/uploads\/2019\/07\/cahabon018.jpg 318w, https:\/\/gobernacionaltaverapaz.gob.gt\/wp-content\/uploads\/2019\/07\/cahabon018-300x65.jpg 300w\" sizes=\"(max-width: 318px) 100vw, 318px\" \/><\/p>\n<p style=\"text-align: center;\"><strong>Pobreza 2008<\/strong><\/p>\n<p style=\"text-align: center;\"><img decoding=\"async\" loading=\"lazy\" class=\"alignnone wp-image-5845 size-full\" src=\"http:\/\/gobernacionaltaverapaz.gob.gt\/wp-content\/uploads\/2019\/07\/cahabon019.jpg\" alt=\"\" width=\"607\" height=\"87\" srcset=\"https:\/\/gobernacionaltaverapaz.gob.gt\/wp-content\/uploads\/2019\/07\/cahabon019.jpg 607w, https:\/\/gobernacionaltaverapaz.gob.gt\/wp-content\/uploads\/2019\/07\/cahabon019-300x43.jpg 300w\" sizes=\"(max-width: 607px) 100vw, 607px\" \/><br \/>\nFuente: Censos Urbanos y Rurales<\/p>\n<p style=\"text-align: center;\"><strong>TASAS 2015<\/strong><\/p>\n<p><img decoding=\"async\" loading=\"lazy\" class=\"wp-image-5846 size-full aligncenter\" src=\"http:\/\/gobernacionaltaverapaz.gob.gt\/wp-content\/uploads\/2019\/07\/cahabon020.jpg\" alt=\"\" width=\"485\" height=\"141\" srcset=\"https:\/\/gobernacionaltaverapaz.gob.gt\/wp-content\/uploads\/2019\/07\/cahabon020.jpg 485w, https:\/\/gobernacionaltaverapaz.gob.gt\/wp-content\/uploads\/2019\/07\/cahabon020-300x87.jpg 300w\" sizes=\"(max-width: 485px) 100vw, 485px\" \/><\/p>\n<p style=\"text-align: center;\">Fuente: Memoria de Labores 2015, Direcci\u00f3n de \u00c1rea de Salud<\/p>\n<p><img decoding=\"async\" loading=\"lazy\" class=\"wp-image-5716 aligncenter\" src=\"http:\/\/gobernacionaltaverapaz.gob.gt\/wp-content\/uploads\/2019\/06\/ine-300x300.png\" alt=\"\" width=\"81\" height=\"81\" srcset=\"https:\/\/gobernacionaltaverapaz.gob.gt\/wp-content\/uploads\/2019\/06\/ine-300x300.png 300w, https:\/\/gobernacionaltaverapaz.gob.gt\/wp-content\/uploads\/2019\/06\/ine-150x150.png 150w, https:\/\/gobernacionaltaverapaz.gob.gt\/wp-content\/uploads\/2019\/06\/ine-80x80.png 80w, https:\/\/gobernacionaltaverapaz.gob.gt\/wp-content\/uploads\/2019\/06\/ine.png 330w\" sizes=\"(max-width: 81px) 100vw, 81px\" \/><\/p>\n","protected":false},"excerpt":{"rendered":"<p>Cahab\u00f3n BREVE RESE\u00d1A HIST\u00d3RICA \u00a0\u00a0\u00a0\u00a0\u00a0\u00a0\u00a0\u00a0\u00a0\u00a0\u00a0 La fundaci\u00f3n del pueblo de Santa Mar\u00eda Cahab\u00f3n, se remonta la \u00e9poca de la conquista de Guatemala, seg\u00fan datos recabados en el convento parroquial, Santa Mar\u00eda Cahab\u00f3n figura entre los primeros 10 pueblos de Alta Verapaz, por c\u00e9dula real de fecha 10 de Mayo de 1,541 el rey de Espa\u00f1a [&hellip;]<\/p>\n","protected":false},"author":1,"featured_media":0,"parent":0,"menu_order":0,"comment_status":"closed","ping_status":"closed","template":"","meta":[],"_links":{"self":[{"href":"https:\/\/gobernacionaltaverapaz.gob.gt\/index.php?rest_route=\/wp\/v2\/pages\/5823"}],"collection":[{"href":"https:\/\/gobernacionaltaverapaz.gob.gt\/index.php?rest_route=\/wp\/v2\/pages"}],"about":[{"href":"https:\/\/gobernacionaltaverapaz.gob.gt\/index.php?rest_route=\/wp\/v2\/types\/page"}],"author":[{"embeddable":true,"href":"https:\/\/gobernacionaltaverapaz.gob.gt\/index.php?rest_route=\/wp\/v2\/users\/1"}],"replies":[{"embeddable":true,"href":"https:\/\/gobernacionaltaverapaz.gob.gt\/index.php?rest_route=%2Fwp%2Fv2%2Fcomments&post=5823"}],"version-history":[{"count":16,"href":"https:\/\/gobernacionaltaverapaz.gob.gt\/index.php?rest_route=\/wp\/v2\/pages\/5823\/revisions"}],"predecessor-version":[{"id":5864,"href":"https:\/\/gobernacionaltaverapaz.gob.gt\/index.php?rest_route=\/wp\/v2\/pages\/5823\/revisions\/5864"}],"wp:attachment":[{"href":"https:\/\/gobernacionaltaverapaz.gob.gt\/index.php?rest_route=%2Fwp%2Fv2%2Fmedia&parent=5823"}],"curies":[{"name":"wp","href":"https:\/\/api.w.org\/{rel}","templated":true}]}}