{"id":6045,"date":"2019-07-08T10:28:17","date_gmt":"2019-07-08T16:28:17","guid":{"rendered":"http:\/\/gobernacionaltaverapaz.gob.gt\/?page_id=6045"},"modified":"2019-07-08T10:28:17","modified_gmt":"2019-07-08T16:28:17","slug":"6045-2","status":"publish","type":"page","link":"https:\/\/gobernacionaltaverapaz.gob.gt\/?page_id=6045","title":{"rendered":""},"content":{"rendered":"<p style=\"margin: 0cm; margin-bottom: .0001pt; text-align: center;\" align=\"center\"><span style=\"font-size: 36.0pt; font-family: 'Impact','sans-serif'; color: #0066cc;\">Senah\u00fa<\/span><\/p>\n<p align=\"center\"><img decoding=\"async\" loading=\"lazy\" class=\"alignnone wp-image-6046 size-full\" src=\"http:\/\/gobernacionaltaverapaz.gob.gt\/wp-content\/uploads\/2019\/07\/senahu000.jpg\" alt=\"\" width=\"568\" height=\"194\" srcset=\"https:\/\/gobernacionaltaverapaz.gob.gt\/wp-content\/uploads\/2019\/07\/senahu000.jpg 568w, https:\/\/gobernacionaltaverapaz.gob.gt\/wp-content\/uploads\/2019\/07\/senahu000-300x102.jpg 300w\" sizes=\"(max-width: 568px) 100vw, 568px\" \/><\/p>\n<h5 style=\"text-align: center;\"><span style=\"color: #000000;\"><strong>BREVE RESE\u00d1A HIST\u00d3RICA<\/strong><\/span><\/h5>\n<p style=\"text-align: justify;\"><span style=\"color: #000000;\">Inicialmente se trataba de una aldea que se denominaba \u201cSechimail\u201d, que en Q\u2019eqch\u00ed significa lugar de los g\u00fcisquiles, posteriormente se llam\u00f3 \u201cNahuc\u201d y finalmente los mismos habitantes le denominaron San Antonio Senah\u00fa.<\/span><\/p>\n<p style=\"text-align: justify;\"><span style=\"color: #000000;\">Antes del a\u00f1o 1,869, era una aldea dependiente de Salam\u00e1, y por iniciativa de sus habitantes se realiz\u00f3 la gesti\u00f3n que funda el municipio, seg\u00fan acta del 27 de julio de 1,869, la cual fue levantada por el corregidor departamental de Verapaz y en ella quedaron electos los 60 miembros ind\u00edgenas, las personas que ejercer\u00edan los cargos de concejales del nuevo municipio, quedando la primera personalidad en el se\u00f1or Sebasti\u00e1n Choc, quien fungi\u00f3 como alcalde primero.<\/span><\/p>\n<p style=\"text-align: justify;\"><span style=\"color: #000000;\">La primera comunidad fue instaurada con dicha acta, suscrita por el corregidor de departamento y por los se\u00f1ores municipales, por el int\u00e9rprete Sr. Bernardo Esteban Vald\u00e9s y por la municipalidad de Senah\u00fa el int\u00e9rprete Gabriel Morales y Emilio Gonz\u00e1lez Franco quien era secretario.<\/span><\/p>\n<p style=\"text-align: center;\"><span style=\"color: #000000;\"><strong>UBICACI\u00d3N GEOGR\u00c1FICA<\/strong><\/span><\/p>\n<p style=\"text-align: center;\"><span style=\"color: #000000;\"><img decoding=\"async\" loading=\"lazy\" class=\"alignnone wp-image-6047 size-full\" src=\"http:\/\/gobernacionaltaverapaz.gob.gt\/wp-content\/uploads\/2019\/07\/mapa-senahu.png\" alt=\"\" width=\"953\" height=\"664\" srcset=\"https:\/\/gobernacionaltaverapaz.gob.gt\/wp-content\/uploads\/2019\/07\/mapa-senahu.png 953w, https:\/\/gobernacionaltaverapaz.gob.gt\/wp-content\/uploads\/2019\/07\/mapa-senahu-300x209.png 300w, https:\/\/gobernacionaltaverapaz.gob.gt\/wp-content\/uploads\/2019\/07\/mapa-senahu-768x535.png 768w\" sizes=\"(max-width: 953px) 100vw, 953px\" \/><\/span><\/p>\n<p><span style=\"color: #000000;\"><strong>L\u00cdMITES<\/strong><\/span><\/p>\n<p style=\"text-align: justify;\"><span style=\"color: #000000;\">Limita al norte, con el municipio de Santa Mar\u00eda Cahab\u00f3n, al sur con el municipio de Santa Catalina La Tinta, al oriente con el municipio de Panz\u00f3s, y al poniente con los municipios de San Pedro Carch\u00e1, San Miguel Tucur\u00fa y San Agust\u00edn Lanqu\u00edn en el Departamento de Alta Verapaz.<\/span><\/p>\n<p style=\"text-align: center;\"><span style=\"color: #000000;\"><strong>LOCALIZACI\u00d3N GEOGR\u00c1FICA<\/strong><\/span><\/p>\n<p style=\"text-align: center;\"><span style=\"color: #000000;\"><strong>LATITUD<\/strong> = 15\u00b0 24\u2019 50\u2019\u2019\u00a0\u00a0\u00a0\u00a0 <strong>LONGITUD<\/strong> = 89\u00b0 49\u2019 20\u2019\u2019<\/span><\/p>\n<p><span style=\"color: #000000;\"><strong>DISTANCIA DEL MUNICIPIO A LA CABECERA DEPARTAMENTAL:<\/strong><\/span><\/p>\n<p><span style=\"color: #000000;\">137 kil\u00f3metros carretera de terracer\u00eda<\/span><\/p>\n<h5><span style=\"color: #000000;\">DISTANCIA DE LA CABECERA MUNICIPAL A LA CAPITAL:<\/span><\/h5>\n<p><span style=\"color: #000000;\">290 kil\u00f3metros carretera<\/span><\/p>\n<p><span style=\"color: #000000;\"><strong>HIDROGRAF\u00cdA<\/strong><\/span><\/p>\n<p style=\"text-align: justify;\"><span style=\"color: #000000;\">Los principales accidentes son: R\u00edo Candelaria, Cahab\u00f3n, Zarco, Negro,\u00a0 Mayagu\u00e1, Yalajin, Papalh\u00e1, Seretzi, Semuc y Boca Nueva.\u00a0 Tiene m\u00e1s de 40 riachuelos y 32 quebradas.<\/span><\/p>\n<p><span style=\"color: #000000;\"><strong>FLORA<\/strong><\/span><\/p>\n<p style=\"text-align: justify;\"><span style=\"color: #000000;\">Es un lugar de vegetaci\u00f3n variada, en la que tambi\u00e9n se puede encontrar la Monja Blanca, se tiene madera de mucha utilidad como: caoba, cedro, hormigo, zapatillo, nogal, etc.<\/span><\/p>\n<p><span style=\"color: #000000;\"><strong>TOPOGRAF\u00cdA<\/strong><\/span><\/p>\n<p style=\"text-align: justify;\"><span style=\"color: #000000;\">Es bastante importante hacer resaltar que el municipio y la zona en general es bastante quebrada y rocosa, pero predominan los cerros:\u00a0 Sillab, Saquil, Tzul y Seamay.<\/span><\/p>\n<p><span style=\"color: #000000;\"><strong>FAUNA<\/strong><\/span><\/p>\n<p style=\"text-align: justify;\"><span style=\"color: #000000;\">En algunas zonas boscosas y monta\u00f1osas hay cabro, venado, coche de monte, mapache, tepezcuintle, cotuza, perico ligero, micole\u00f3n, tigrillo, etc.\u00a0 Y otros propios de la regi\u00f3n.<\/span><\/p>\n<p>&nbsp;<\/p>\n<p style=\"text-align: center;\"><span style=\"color: #000000;\"><strong>ASPECTO CULTURAL<\/strong><\/span><\/p>\n<p><span style=\"color: #000000;\"><strong>ORGANIZACIONES<\/strong><\/span><\/p>\n<ul>\n<li><span style=\"color: #000000;\">Comit\u00e9 de feria<\/span><\/li>\n<li><span style=\"color: #000000;\">Supervisi\u00f3n t\u00e9cnica de educaci\u00f3n<\/span><\/li>\n<li><span style=\"color: #000000;\">Juzgado de paz<\/span><\/li>\n<li><span style=\"color: #000000;\">Sub-delegaci\u00f3n del Registro de ciudadanos<\/span><\/li>\n<li><span style=\"color: #000000;\">G\u00e9nesis empresarial<\/span><\/li>\n<\/ul>\n<p><span style=\"color: #000000;\"><strong>CELEBRACIONES<\/strong><\/span><\/p>\n<ul>\n<li><span style=\"color: #000000;\">Del 9 al 13 de junio Feria Patronal<\/span><\/li>\n<li><span style=\"color: #000000;\">Semana Santa<\/span><\/li>\n<li><span style=\"color: #000000;\">Se\u00f1or de Esquipulas<\/span><\/li>\n<li><span style=\"color: #000000;\">8 de diciembre d\u00eda de la virgen de Concepci\u00f3n<\/span><\/li>\n<\/ul>\n<p><span style=\"color: #000000;\"><strong>RELIGI\u00d3N<\/strong><\/span><\/p>\n<p style=\"text-align: justify;\"><span style=\"color: #000000;\">Cat\u00f3lica y Evang\u00e9lica: Del Nazareno, Iglesia de Jesucristo de los Santos de los \u00faltimos d\u00edas, Iglesia Elim, Iglesia de Dios y El Pr\u00edncipe de Paz.<\/span><\/p>\n<p><span style=\"color: #000000;\"><strong>TRAJE TIPICO<\/strong><\/span><\/p>\n<p style=\"text-align: center;\"><span style=\"color: #000000;\"><img decoding=\"async\" loading=\"lazy\" class=\"alignnone size-full wp-image-6048\" src=\"http:\/\/gobernacionaltaverapaz.gob.gt\/wp-content\/uploads\/2019\/07\/tipico-senahu.png\" alt=\"\" width=\"168\" height=\"255\" \/><\/span><\/p>\n<h5 style=\"text-align: center;\"><span style=\"color: #000000;\">ACTIVIDADES RECREATIVAS<\/span><\/h5>\n<p><span style=\"color: #000000;\"><strong>Instalaciones deportivas<\/strong>:<\/span><\/p>\n<ul>\n<li><span style=\"color: #000000;\">Estadio de f\u00fatbol Vinicio Cerezo Ar\u00e9valo<\/span><\/li>\n<li><span style=\"color: #000000;\">Gimnasio Municipal<\/span><\/li>\n<\/ul>\n<h4><span style=\"color: #000000;\"><strong>IDIOMA: <\/strong><\/span><\/h4>\n<h4><span style=\"color: #000000;\"><strong>Q\u2019eqch\u00ed<\/strong><\/span><\/h4>\n<p><span style=\"color: #000000;\"><strong>V\u00cdAS DE COMUNICACI\u00d3N Y TRANSPORTE<\/strong><\/span><\/p>\n<p><span style=\"color: #000000;\">-Se cuenta con el servicio de tres tel\u00e9fonos comunitarios<\/span><\/p>\n<p><span style=\"color: #000000;\">-dos tel\u00e9fonos celulares tambi\u00e9n deficientes.<\/span><\/p>\n<p><span style=\"color: #000000;\">-servicios de correos y tel\u00e9grafos.<\/span><\/p>\n<p><span style=\"color: #000000;\">-una emisora de radio con frecuencia local en la parroquia de la iglesia cat\u00f3lica.<\/span><\/p>\n<p><span style=\"color: #000000;\">-Telefon\u00eda celular: Tigo, Claro<\/span><\/p>\n<p><span style=\"color: #000000;\"><strong>TRANSPORTE<\/strong><\/span><\/p>\n<p><span style=\"color: #000000;\">Transportes Brenda Mercedes (buses extra-urbanos)<\/span><\/p>\n<p><span style=\"color: #000000;\"><strong>ESTABLECIMIENTOS EDUCATIVOS<\/strong><\/span><\/p>\n<ul>\n<li style=\"text-align: justify;\"><span style=\"color: #000000;\">28 escuelas oficiales<\/span><\/li>\n<li style=\"text-align: justify;\"><span style=\"color: #000000;\">87 escuelas particulares<\/span><\/li>\n<li style=\"text-align: justify;\"><span style=\"color: #000000;\">26 comit\u00e9s de educaci\u00f3n \u201cCOEDUCAS\u201d<\/span><\/li>\n<li style=\"text-align: justify;\"><span style=\"color: #000000;\">104 centros de alfabetizaci\u00f3n, que atienden la cantidad de 996 personas, en etapa inicial, 1ear. de Post-alfabetizaci\u00f3n y 2do. de post-alfabetizaci\u00f3n.<\/span><\/li>\n<li style=\"text-align: justify;\"><span style=\"color: #000000;\">Una academia de mecanograf\u00eda<\/span><\/li>\n<li style=\"text-align: justify;\"><span style=\"color: #000000;\">Un instituto de educaci\u00f3n b\u00e1sica por cooperativa, que atiende la cantidad de 130 alumnos.<\/span><\/li>\n<\/ul>\n<p><span style=\"color: #000000;\"><strong>SERVICIOS DE SALUD<br \/>\n<\/strong><\/span><\/p>\n<ul>\n<li><span style=\"color: #000000;\">1 centro de salud tipo \u201cA\u201d<\/span><\/li>\n<li><span style=\"color: #000000;\">6 unidades m\u00ednimas de salud en el \u00e1rea rural<\/span><\/li>\n<li><span style=\"color: #000000;\">1 puesto de primeros auxilios (IGSS)<\/span><\/li>\n<\/ul>\n<p><span style=\"color: #000000;\"><strong>SERVICIOS B\u00c1SICOS<\/strong><\/span><\/p>\n<ul>\n<li><span style=\"color: #000000;\">Agua, drenaje, energ\u00eda el\u00e9ctrica.<\/span><\/li>\n<\/ul>\n<p style=\"text-align: center;\"><span style=\"color: #000000;\"><strong>FORMA ELIMINACI\u00d3N DE BASURA<\/strong><\/span><\/p>\n<p style=\"text-align: center;\"><span style=\"color: #000000;\"><img decoding=\"async\" loading=\"lazy\" class=\"alignnone wp-image-6049 size-full\" src=\"http:\/\/gobernacionaltaverapaz.gob.gt\/wp-content\/uploads\/2019\/07\/senahu001.jpg\" alt=\"\" width=\"384\" height=\"154\" srcset=\"https:\/\/gobernacionaltaverapaz.gob.gt\/wp-content\/uploads\/2019\/07\/senahu001.jpg 384w, https:\/\/gobernacionaltaverapaz.gob.gt\/wp-content\/uploads\/2019\/07\/senahu001-300x120.jpg 300w\" sizes=\"(max-width: 384px) 100vw, 384px\" \/><\/span><\/p>\n<p style=\"text-align: center;\">\n<span style=\"color: #000000;\"><strong>TIPO DE ALUMBRADO<\/strong><\/span><\/p>\n<p style=\"text-align: center;\"><span style=\"color: #000000;\"><img decoding=\"async\" loading=\"lazy\" class=\"alignnone wp-image-6050 size-full\" src=\"http:\/\/gobernacionaltaverapaz.gob.gt\/wp-content\/uploads\/2019\/07\/senahu002.jpg\" alt=\"\" width=\"523\" height=\"95\" srcset=\"https:\/\/gobernacionaltaverapaz.gob.gt\/wp-content\/uploads\/2019\/07\/senahu002.jpg 523w, https:\/\/gobernacionaltaverapaz.gob.gt\/wp-content\/uploads\/2019\/07\/senahu002-300x54.jpg 300w\" sizes=\"(max-width: 523px) 100vw, 523px\" \/><\/span><\/p>\n<p style=\"text-align: center;\">\n<span style=\"color: #000000;\"><strong>HOGARES CON SERVICIO DE AGUA<\/strong><\/span><\/p>\n<p style=\"text-align: center;\"><span style=\"color: #000000;\"><img decoding=\"async\" loading=\"lazy\" class=\"alignnone wp-image-6051 size-full\" src=\"http:\/\/gobernacionaltaverapaz.gob.gt\/wp-content\/uploads\/2019\/07\/senahu003.jpg\" alt=\"\" width=\"413\" height=\"173\" srcset=\"https:\/\/gobernacionaltaverapaz.gob.gt\/wp-content\/uploads\/2019\/07\/senahu003.jpg 413w, https:\/\/gobernacionaltaverapaz.gob.gt\/wp-content\/uploads\/2019\/07\/senahu003-300x126.jpg 300w\" sizes=\"(max-width: 413px) 100vw, 413px\" \/><\/span><\/p>\n<p style=\"text-align: center;\">\n<span style=\"color: #000000;\"><strong>HOGARES POR TIPO DE SANITARIO<\/strong><\/span><\/p>\n<p style=\"text-align: center;\"><span style=\"color: #000000;\"><img decoding=\"async\" loading=\"lazy\" class=\"alignnone wp-image-6052 size-full\" src=\"http:\/\/gobernacionaltaverapaz.gob.gt\/wp-content\/uploads\/2019\/07\/senahu004.jpg\" alt=\"\" width=\"441\" height=\"260\" srcset=\"https:\/\/gobernacionaltaverapaz.gob.gt\/wp-content\/uploads\/2019\/07\/senahu004.jpg 441w, https:\/\/gobernacionaltaverapaz.gob.gt\/wp-content\/uploads\/2019\/07\/senahu004-300x177.jpg 300w\" sizes=\"(max-width: 441px) 100vw, 441px\" \/><\/span><\/p>\n<p><span style=\"color: #000000;\"><strong>FUERZAS DE SEGURIDAD<\/strong><\/span><\/p>\n<p><span style=\"color: #000000;\">sub-estaci\u00f3n de la Polic\u00eda Nacional Civil<\/span><\/p>\n<p><span style=\"color: #000000;\"><strong>ATRACTIVOS TUR\u00cdSTICOS<\/strong><\/span><\/p>\n<p><span style=\"color: #000000;\">Cuenta con 5 lugares tur\u00edsticos<\/span><\/p>\n<ul>\n<li><span style=\"color: #000000;\">R\u00edo Trece Aguas<\/span><\/li>\n<li><span style=\"color: #000000;\">R\u00edo Chact\u00e9<\/span><\/li>\n<li><span style=\"color: #000000;\">Ruinas mayas ubicadas en la cooperativa Chijolom<\/span><\/li>\n<li><span style=\"color: #000000;\">Cuevas de Seamay ubicadas en el caser\u00edo Sequil\u00e1 II<\/span><\/li>\n<\/ul>\n<p><span style=\"color: #000000;\"><strong>HOTELES Y RESTAURANTES<\/strong><\/span><\/p>\n<ul>\n<li><span style=\"color: #000000;\">Hotel y cafeter\u00eda Senah\u00fa<\/span><\/li>\n<li><span style=\"color: #000000;\">Hotel El Recreo<\/span><\/li>\n<li><span style=\"color: #000000;\">Hospedaje Edilson Barrio San Pedro<\/span><\/li>\n<li><span style=\"color: #000000;\">Cafeter\u00eda La Cofrad\u00eda Barrio San Pedro<\/span><\/li>\n<li><span style=\"color: #000000;\">Hospedaje y cafeter\u00eda El Porvenir Barrio San Pedro<\/span><\/li>\n<li><span style=\"color: #000000;\">Comedor Tonita Barrio La Vega<\/span><\/li>\n<\/ul>\n<p><span style=\"color: #000000;\"><strong>PRODUCCI\u00d3N AGR\u00cdCOLA<\/strong><\/span><\/p>\n<ul>\n<li><span style=\"color: #000000;\">El caf\u00e9 (posee grandes fincas cafetaleras)<\/span><\/li>\n<\/ul>\n<p><span style=\"color: #000000;\"><strong>PRODUCCI\u00d3N ARTESANAL<\/strong><\/span><\/p>\n<p style=\"text-align: justify;\"><span style=\"color: #000000;\">En algunas comunidades las mujeres se dedican a los tejidos en g\u00fcipiles, servilletas, morrales y hamacas as\u00ed tambi\u00e9n elaboran acapetates, matates, \u00e9stos hechos con hilos de maguey.<\/span><\/p>\n<p style=\"text-align: justify;\"><span style=\"color: #000000;\">En la cabecera municipal, como en el \u00e1rea rural tambi\u00e9n se fabrican Marimbas sencillas, cer\u00e1micas y coheter\u00eda.<\/span><\/p>\n<p><span style=\"color: #000000;\"><strong>VIVIENDA<\/strong><\/span><\/p>\n<p style=\"text-align: center;\"><span style=\"color: #000000;\"><strong>TIPO DE VIVIENDA<\/strong><\/span><\/p>\n<p style=\"text-align: center;\"><span style=\"color: #000000;\"><img decoding=\"async\" loading=\"lazy\" class=\"alignnone wp-image-6053 size-full\" src=\"http:\/\/gobernacionaltaverapaz.gob.gt\/wp-content\/uploads\/2019\/07\/senahu005.jpg\" alt=\"\" width=\"486\" height=\"156\" srcset=\"https:\/\/gobernacionaltaverapaz.gob.gt\/wp-content\/uploads\/2019\/07\/senahu005.jpg 486w, https:\/\/gobernacionaltaverapaz.gob.gt\/wp-content\/uploads\/2019\/07\/senahu005-300x96.jpg 300w\" sizes=\"(max-width: 486px) 100vw, 486px\" \/><\/span><\/p>\n<p style=\"text-align: center;\">\n<span style=\"color: #000000;\"><strong>MATERIAL PREDOMINANTE EN LAS PAREDES EXTERIORES<\/strong><\/span><\/p>\n<p style=\"text-align: center;\"><span style=\"color: #000000;\"><img decoding=\"async\" loading=\"lazy\" class=\"alignnone wp-image-6054 size-full\" src=\"http:\/\/gobernacionaltaverapaz.gob.gt\/wp-content\/uploads\/2019\/07\/senahu006.jpg\" alt=\"\" width=\"527\" height=\"221\" srcset=\"https:\/\/gobernacionaltaverapaz.gob.gt\/wp-content\/uploads\/2019\/07\/senahu006.jpg 527w, https:\/\/gobernacionaltaverapaz.gob.gt\/wp-content\/uploads\/2019\/07\/senahu006-300x126.jpg 300w\" sizes=\"(max-width: 527px) 100vw, 527px\" \/><\/span><\/p>\n<p style=\"text-align: center;\">\n<span style=\"color: #000000;\"><strong>MATERIAL PREDOMINANTE EN EL TECHO<\/strong><\/span><\/p>\n<p style=\"text-align: center;\"><span style=\"color: #000000;\"><img decoding=\"async\" loading=\"lazy\" class=\"alignnone wp-image-6055 size-full\" src=\"http:\/\/gobernacionaltaverapaz.gob.gt\/wp-content\/uploads\/2019\/07\/senahu007.jpg\" alt=\"\" width=\"488\" height=\"158\" srcset=\"https:\/\/gobernacionaltaverapaz.gob.gt\/wp-content\/uploads\/2019\/07\/senahu007.jpg 488w, https:\/\/gobernacionaltaverapaz.gob.gt\/wp-content\/uploads\/2019\/07\/senahu007-300x97.jpg 300w\" sizes=\"(max-width: 488px) 100vw, 488px\" \/><\/span><\/p>\n<p style=\"text-align: center;\">\n<span style=\"color: #000000;\"><strong>MATERIAL PREDOMINANTE EN EL PISO<\/strong><\/span><\/p>\n<p style=\"text-align: center;\"><span style=\"color: #000000;\"><img decoding=\"async\" loading=\"lazy\" class=\"alignnone wp-image-6056 size-full\" src=\"http:\/\/gobernacionaltaverapaz.gob.gt\/wp-content\/uploads\/2019\/07\/senahu008.jpg\" alt=\"\" width=\"499\" height=\"218\" srcset=\"https:\/\/gobernacionaltaverapaz.gob.gt\/wp-content\/uploads\/2019\/07\/senahu008.jpg 499w, https:\/\/gobernacionaltaverapaz.gob.gt\/wp-content\/uploads\/2019\/07\/senahu008-300x131.jpg 300w\" sizes=\"(max-width: 499px) 100vw, 499px\" \/><\/span><\/p>\n<p style=\"text-align: center;\">\n<span style=\"color: #000000;\"><strong>TOTAL DE LUGARES POBLADOS<\/strong><\/span><\/p>\n<p style=\"text-align: center;\"><span style=\"color: #000000;\"><img decoding=\"async\" loading=\"lazy\" class=\"alignnone wp-image-6057 size-full\" src=\"http:\/\/gobernacionaltaverapaz.gob.gt\/wp-content\/uploads\/2019\/07\/senahu009.jpg\" alt=\"\" width=\"262\" height=\"137\" \/><\/span><\/p>\n<p style=\"text-align: center;\">\n<span style=\"color: #000000;\"><strong>POBLACI\u00d3N\u00a0 (2002)<\/strong><\/span><\/p>\n<p style=\"text-align: left;\"><span style=\"color: #000000;\"><strong>POBLACI\u00d3N POR SEXO<\/strong><\/span><\/p>\n<p style=\"text-align: center;\"><span style=\"color: #000000;\"><img decoding=\"async\" loading=\"lazy\" class=\"alignnone wp-image-6058 size-full\" src=\"http:\/\/gobernacionaltaverapaz.gob.gt\/wp-content\/uploads\/2019\/07\/senahu010.jpg\" alt=\"\" width=\"289\" height=\"71\" \/><\/span><\/p>\n<p><span style=\"color: #000000;\"><strong>POBLACI\u00d3N POR \u00c1REA<\/strong><\/span><\/p>\n<p style=\"text-align: center;\"><span style=\"color: #000000;\"><img decoding=\"async\" loading=\"lazy\" class=\"alignnone wp-image-6059 size-full\" src=\"http:\/\/gobernacionaltaverapaz.gob.gt\/wp-content\/uploads\/2019\/07\/senahu011.jpg\" alt=\"\" width=\"315\" height=\"68\" srcset=\"https:\/\/gobernacionaltaverapaz.gob.gt\/wp-content\/uploads\/2019\/07\/senahu011.jpg 315w, https:\/\/gobernacionaltaverapaz.gob.gt\/wp-content\/uploads\/2019\/07\/senahu011-300x65.jpg 300w\" sizes=\"(max-width: 315px) 100vw, 315px\" \/><\/span><\/p>\n<p><span style=\"color: #000000;\"><strong>POBLACI\u00d3N POR GRUPOS DE EDAD<\/strong><\/span><\/p>\n<p style=\"text-align: center;\"><span style=\"color: #000000;\"><img decoding=\"async\" loading=\"lazy\" class=\"alignnone wp-image-6060 size-full\" src=\"http:\/\/gobernacionaltaverapaz.gob.gt\/wp-content\/uploads\/2019\/07\/senahu012.jpg\" alt=\"\" width=\"592\" height=\"473\" srcset=\"https:\/\/gobernacionaltaverapaz.gob.gt\/wp-content\/uploads\/2019\/07\/senahu012.jpg 592w, https:\/\/gobernacionaltaverapaz.gob.gt\/wp-content\/uploads\/2019\/07\/senahu012-300x240.jpg 300w\" sizes=\"(max-width: 592px) 100vw, 592px\" \/><\/span><\/p>\n<p><span style=\"color: #000000;\"><strong>POBLACI\u00d3N POR GRUPO \u00c9TNICO<\/strong><\/span><\/p>\n<p style=\"text-align: center;\"><span style=\"color: #000000;\"><img decoding=\"async\" loading=\"lazy\" class=\"alignnone wp-image-6061 size-full\" src=\"http:\/\/gobernacionaltaverapaz.gob.gt\/wp-content\/uploads\/2019\/07\/senahu013.jpg\" alt=\"\" width=\"328\" height=\"71\" srcset=\"https:\/\/gobernacionaltaverapaz.gob.gt\/wp-content\/uploads\/2019\/07\/senahu013.jpg 328w, https:\/\/gobernacionaltaverapaz.gob.gt\/wp-content\/uploads\/2019\/07\/senahu013-300x65.jpg 300w\" sizes=\"(max-width: 328px) 100vw, 328px\" \/><\/span><\/p>\n<p><span style=\"color: #000000;\"><strong>POBLACI\u00d3N QUE APRENDI\u00d3 A HABLAR EN UN IDIOMA MAYA<\/strong><\/span><\/p>\n<p style=\"text-align: center;\"><span style=\"color: #000000;\"><img decoding=\"async\" loading=\"lazy\" class=\"alignnone wp-image-6062 size-full\" src=\"http:\/\/gobernacionaltaverapaz.gob.gt\/wp-content\/uploads\/2019\/07\/senahu014.jpg\" alt=\"\" width=\"348\" height=\"75\" srcset=\"https:\/\/gobernacionaltaverapaz.gob.gt\/wp-content\/uploads\/2019\/07\/senahu014.jpg 348w, https:\/\/gobernacionaltaverapaz.gob.gt\/wp-content\/uploads\/2019\/07\/senahu014-300x65.jpg 300w\" sizes=\"(max-width: 348px) 100vw, 348px\" \/><\/span><\/p>\n<p><span style=\"color: #000000;\"><strong>PERTENENCIA \u00c9TNICA<\/strong><\/span><\/p>\n<p style=\"text-align: center;\"><span style=\"color: #000000;\"><img decoding=\"async\" loading=\"lazy\" class=\"alignnone wp-image-6063 size-full\" src=\"http:\/\/gobernacionaltaverapaz.gob.gt\/wp-content\/uploads\/2019\/07\/senahu015.jpg\" alt=\"\" width=\"479\" height=\"67\" srcset=\"https:\/\/gobernacionaltaverapaz.gob.gt\/wp-content\/uploads\/2019\/07\/senahu015.jpg 479w, https:\/\/gobernacionaltaverapaz.gob.gt\/wp-content\/uploads\/2019\/07\/senahu015-300x42.jpg 300w\" sizes=\"(max-width: 479px) 100vw, 479px\" \/><\/span><\/p>\n<p style=\"text-align: center;\"><span style=\"color: #000000;\"><strong>EDUCACI\u00d3N<\/strong><\/span><\/p>\n<p><span style=\"color: #000000;\"><strong>ANALFABETISMO\u00a0 (Poblaci\u00f3n de 7 a\u00f1os y m\u00e1s de edad):<\/strong><\/span><\/p>\n<p style=\"text-align: center;\"><span style=\"color: #000000;\"><img decoding=\"async\" loading=\"lazy\" class=\"alignnone wp-image-6064 size-full\" src=\"http:\/\/gobernacionaltaverapaz.gob.gt\/wp-content\/uploads\/2019\/07\/senahu016.jpg\" alt=\"\" width=\"340\" height=\"62\" srcset=\"https:\/\/gobernacionaltaverapaz.gob.gt\/wp-content\/uploads\/2019\/07\/senahu016.jpg 340w, https:\/\/gobernacionaltaverapaz.gob.gt\/wp-content\/uploads\/2019\/07\/senahu016-300x55.jpg 300w\" sizes=\"(max-width: 340px) 100vw, 340px\" \/><\/span><\/p>\n<p><span style=\"color: #000000;\"><strong>NIVEL DE ESCOLARIDAD<\/strong><\/span><\/p>\n<p style=\"text-align: center;\"><span style=\"color: #000000;\"><img decoding=\"async\" loading=\"lazy\" class=\"alignnone wp-image-6065 size-full\" src=\"http:\/\/gobernacionaltaverapaz.gob.gt\/wp-content\/uploads\/2019\/07\/senahu017.jpg\" alt=\"\" width=\"388\" height=\"157\" srcset=\"https:\/\/gobernacionaltaverapaz.gob.gt\/wp-content\/uploads\/2019\/07\/senahu017.jpg 388w, https:\/\/gobernacionaltaverapaz.gob.gt\/wp-content\/uploads\/2019\/07\/senahu017-300x121.jpg 300w\" sizes=\"(max-width: 388px) 100vw, 388px\" \/><\/span><\/p>\n<p style=\"text-align: center;\"><span style=\"color: #000000;\"><strong>Establecimientos Abiertos y Nivel Educativo 2012<\/strong><\/span><\/p>\n<p style=\"text-align: center;\"><span style=\"color: #000000;\"><img decoding=\"async\" loading=\"lazy\" class=\"alignnone wp-image-6066 size-full\" src=\"http:\/\/gobernacionaltaverapaz.gob.gt\/wp-content\/uploads\/2019\/07\/senahu018.jpg\" alt=\"\" width=\"286\" height=\"128\" \/>Fuente: Mineduc 2012.<\/span><\/p>\n<p><span style=\"color: #000000;\"><strong>POBLACI\u00d3N ECON\u00d3MICAMENTE ACTIVA<\/strong> (poblaci\u00f3n de 7 a\u00f1os y m\u00e1s de edad)<\/span><\/p>\n<p style=\"text-align: center;\"><span style=\"color: #000000;\"><img decoding=\"async\" loading=\"lazy\" class=\"alignnone wp-image-6067 size-full\" src=\"http:\/\/gobernacionaltaverapaz.gob.gt\/wp-content\/uploads\/2019\/07\/senahu019.jpg\" alt=\"\" width=\"318\" height=\"65\" srcset=\"https:\/\/gobernacionaltaverapaz.gob.gt\/wp-content\/uploads\/2019\/07\/senahu019.jpg 318w, https:\/\/gobernacionaltaverapaz.gob.gt\/wp-content\/uploads\/2019\/07\/senahu019-300x61.jpg 300w\" sizes=\"(max-width: 318px) 100vw, 318px\" \/><\/span><\/p>\n<p style=\"text-align: center;\"><span style=\"color: #000000;\"><strong>Pobreza 2008<\/strong><\/span><\/p>\n<p style=\"text-align: center;\"><span style=\"color: #000000;\"><img decoding=\"async\" loading=\"lazy\" class=\"alignnone wp-image-6068 size-full\" src=\"http:\/\/gobernacionaltaverapaz.gob.gt\/wp-content\/uploads\/2019\/07\/senahu020.jpg\" alt=\"\" width=\"349\" height=\"91\" srcset=\"https:\/\/gobernacionaltaverapaz.gob.gt\/wp-content\/uploads\/2019\/07\/senahu020.jpg 349w, https:\/\/gobernacionaltaverapaz.gob.gt\/wp-content\/uploads\/2019\/07\/senahu020-300x78.jpg 300w\" sizes=\"(max-width: 349px) 100vw, 349px\" \/><\/span><br \/>\n<span style=\"color: #000000;\">Fuente: Censos Urbanos y Rurales 2008.<\/span><\/p>\n<p style=\"text-align: center;\">\n<span style=\"color: #000000;\"><strong>TASAS\u00a0\u00a0 2015<\/strong><\/span><\/p>\n<p style=\"text-align: center;\"><span style=\"color: #000000;\"><img decoding=\"async\" loading=\"lazy\" class=\"alignnone wp-image-6069 size-full\" src=\"http:\/\/gobernacionaltaverapaz.gob.gt\/wp-content\/uploads\/2019\/07\/senahu021.jpg\" alt=\"\" width=\"583\" height=\"208\" srcset=\"https:\/\/gobernacionaltaverapaz.gob.gt\/wp-content\/uploads\/2019\/07\/senahu021.jpg 583w, https:\/\/gobernacionaltaverapaz.gob.gt\/wp-content\/uploads\/2019\/07\/senahu021-300x107.jpg 300w\" sizes=\"(max-width: 583px) 100vw, 583px\" \/><\/span><br \/>\n<span style=\"color: #000000;\">Fuente: Memoria de Labores 2015, Direcci\u00f3n de \u00c1rea de Salud<\/span><\/p>\n<p style=\"text-align: center;\">\n<span style=\"color: #000000;\"><img decoding=\"async\" loading=\"lazy\" class=\"alignnone  wp-image-5716\" src=\"http:\/\/gobernacionaltaverapaz.gob.gt\/wp-content\/uploads\/2019\/06\/ine-300x300.png\" alt=\"\" width=\"91\" height=\"91\" srcset=\"https:\/\/gobernacionaltaverapaz.gob.gt\/wp-content\/uploads\/2019\/06\/ine-300x300.png 300w, https:\/\/gobernacionaltaverapaz.gob.gt\/wp-content\/uploads\/2019\/06\/ine-150x150.png 150w, https:\/\/gobernacionaltaverapaz.gob.gt\/wp-content\/uploads\/2019\/06\/ine-80x80.png 80w, https:\/\/gobernacionaltaverapaz.gob.gt\/wp-content\/uploads\/2019\/06\/ine.png 330w\" sizes=\"(max-width: 91px) 100vw, 91px\" \/><\/span><\/p>\n","protected":false},"excerpt":{"rendered":"<p>Senah\u00fa BREVE RESE\u00d1A HIST\u00d3RICA Inicialmente se trataba de una aldea que se denominaba \u201cSechimail\u201d, que en Q\u2019eqch\u00ed significa lugar de los g\u00fcisquiles, posteriormente se llam\u00f3 \u201cNahuc\u201d y finalmente los mismos habitantes le denominaron San Antonio Senah\u00fa. Antes del a\u00f1o 1,869, era una aldea dependiente de Salam\u00e1, y por iniciativa de sus habitantes se realiz\u00f3 la [&hellip;]<\/p>\n","protected":false},"author":1,"featured_media":0,"parent":0,"menu_order":0,"comment_status":"closed","ping_status":"closed","template":"","meta":[],"_links":{"self":[{"href":"https:\/\/gobernacionaltaverapaz.gob.gt\/index.php?rest_route=\/wp\/v2\/pages\/6045"}],"collection":[{"href":"https:\/\/gobernacionaltaverapaz.gob.gt\/index.php?rest_route=\/wp\/v2\/pages"}],"about":[{"href":"https:\/\/gobernacionaltaverapaz.gob.gt\/index.php?rest_route=\/wp\/v2\/types\/page"}],"author":[{"embeddable":true,"href":"https:\/\/gobernacionaltaverapaz.gob.gt\/index.php?rest_route=\/wp\/v2\/users\/1"}],"replies":[{"embeddable":true,"href":"https:\/\/gobernacionaltaverapaz.gob.gt\/index.php?rest_route=%2Fwp%2Fv2%2Fcomments&post=6045"}],"version-history":[{"count":1,"href":"https:\/\/gobernacionaltaverapaz.gob.gt\/index.php?rest_route=\/wp\/v2\/pages\/6045\/revisions"}],"predecessor-version":[{"id":6072,"href":"https:\/\/gobernacionaltaverapaz.gob.gt\/index.php?rest_route=\/wp\/v2\/pages\/6045\/revisions\/6072"}],"wp:attachment":[{"href":"https:\/\/gobernacionaltaverapaz.gob.gt\/index.php?rest_route=%2Fwp%2Fv2%2Fmedia&parent=6045"}],"curies":[{"name":"wp","href":"https:\/\/api.w.org\/{rel}","templated":true}]}}