{"id":6119,"date":"2019-07-09T09:03:59","date_gmt":"2019-07-09T15:03:59","guid":{"rendered":"http:\/\/gobernacionaltaverapaz.gob.gt\/?page_id=6119"},"modified":"2019-07-09T09:07:35","modified_gmt":"2019-07-09T15:07:35","slug":"6119-2","status":"publish","type":"page","link":"https:\/\/gobernacionaltaverapaz.gob.gt\/?page_id=6119","title":{"rendered":""},"content":{"rendered":"<p style=\"margin: 0cm; margin-bottom: .0001pt; text-align: center;\" align=\"center\"><span style=\"font-size: 36.0pt; font-family: 'Impact','sans-serif'; color: #0066cc;\">SAN MIGUEL TUCUR\u00da<\/span><\/p>\n<p align=\"center\"><img decoding=\"async\" loading=\"lazy\" class=\"alignnone wp-image-6120 size-full\" src=\"http:\/\/gobernacionaltaverapaz.gob.gt\/wp-content\/uploads\/2019\/07\/tucuru000.jpg\" alt=\"\" width=\"559\" height=\"177\" srcset=\"https:\/\/gobernacionaltaverapaz.gob.gt\/wp-content\/uploads\/2019\/07\/tucuru000.jpg 559w, https:\/\/gobernacionaltaverapaz.gob.gt\/wp-content\/uploads\/2019\/07\/tucuru000-300x95.jpg 300w\" sizes=\"(max-width: 559px) 100vw, 559px\" \/><\/p>\n<p style=\"text-align: center;\"><span style=\"color: #000000;\"><strong>BREVE RESE\u00d1A HISTORICA<\/strong><\/span><\/p>\n<p style=\"text-align: justify;\"><span style=\"color: #000000;\">La historia de esta poblaci\u00f3n se remonta a la \u00e9poca precolombina.\u00a0 En el Popol &#8211; Vuh aparece una referencia que hace menci\u00f3n de los Tucur, mensajeros de los se\u00f1ores de Xibalb\u00e1, cuyo pueblo era Tucurub.\u00a0 Originalmente el pueblo de Tucur\u00fa era del \u00e1rea denominada Pocom pero actualmente el idioma que predomina es de origen Keqch\u00ed, aunque no en su totalidad.<\/span><\/p>\n<p style=\"text-align: justify;\"><span style=\"color: #000000;\">\u00a0En la obra relaciones Geogr\u00e1ficas \u2013 Moral, del arzobispo Cort\u00e9s y Larraz, se describe la actual cabecera municipal como San Miguel Tucur\u00fa y que pertenec\u00eda a la presidencia de Tactic, A.V. a cargo de los frailes dominicos baja la can\u00f3niga de San Crist\u00f3bal Verapaz.\u00a0 Los Tucurub fundaron el pueblo de Ah Tucurub. Tambi\u00e9n mencionado en el T\u00edtulo Real de don Francisco Ixqu\u00edh Neha\u00edb, en 1,558.<\/span><\/p>\n<p style=\"text-align: center;\"><span style=\"color: #000000;\"><strong>ETIMOLOGIA<\/strong><\/span><\/p>\n<p style=\"text-align: justify;\"><span style=\"color: #000000;\">En algunos idiomas ind\u00edgenas como: Quich\u00e9, Cakchiquel y Pocom, la palabra Tucur significa Tecolote.<\/span><\/p>\n<p style=\"text-align: justify;\"><span style=\"color: #000000;\">La palabra Tucur\u00fa se divide en dos: Tucur que significa Tecolote y el sufijo con acento\u201dU\u201d, como una variante del sufijo com\u00fan para el plural.\u00a0 Originalmente el t\u00e9rmino para llamar el pueblo era Tucurub.<\/span><\/p>\n<p style=\"text-align: center;\"><span style=\"color: #000000;\"><strong>UBICACI\u00d3N GEOGRAFICA<\/strong><\/span><\/p>\n<p style=\"text-align: center;\"><span style=\"color: #000000;\"><img decoding=\"async\" loading=\"lazy\" class=\"alignnone wp-image-6121 size-full\" src=\"http:\/\/gobernacionaltaverapaz.gob.gt\/wp-content\/uploads\/2019\/07\/mapa-tucuru.png\" alt=\"\" width=\"947\" height=\"596\" srcset=\"https:\/\/gobernacionaltaverapaz.gob.gt\/wp-content\/uploads\/2019\/07\/mapa-tucuru.png 947w, https:\/\/gobernacionaltaverapaz.gob.gt\/wp-content\/uploads\/2019\/07\/mapa-tucuru-300x189.png 300w, https:\/\/gobernacionaltaverapaz.gob.gt\/wp-content\/uploads\/2019\/07\/mapa-tucuru-768x483.png 768w\" sizes=\"(max-width: 947px) 100vw, 947px\" \/><\/span><\/p>\n<ul>\n<li><span style=\"color: #000000;\"><strong>LIMITES<\/strong><\/span><\/li>\n<\/ul>\n<p style=\"text-align: justify;\"><span style=\"color: #000000;\">L\u00edmite al norte Senah\u00fa y San Pedro Carch\u00e1, al Este con Santa Catarina la Tinta, al sur con Purulh\u00e1, Baja Verapaz y al oeste con Tamah\u00fa y San Juan Chamelco.<\/span><\/p>\n<ul>\n<li><span style=\"color: #000000;\"><strong><strong>LOCALIZACI\u00d3N GEOGRAFICA<\/strong><\/strong><\/span><span style=\"color: #000000;\">\u00a0<\/span><\/li>\n<\/ul>\n<p><span style=\"color: #000000;\"><strong><em>LATITUD<\/em><\/strong>\u00a0\u00a0\u00a0\u00a0\u00a0\u00a0\u00a0\u00a0\u00a0\u00a0\u00a0\u00a0\u00a0\u00a0\u00a0\u00a0\u00a0 15 07\u2019 32\u2019\u2019<\/span><\/p>\n<p><span style=\"color: #000000;\"><strong><em>LONGITUD\u00a0\u00a0 <\/em><\/strong>\u00a0\u00a0\u00a0\u00a0\u00a0\u00a0\u00a0\u00a0\u00a0\u00a0 90 07\u2019 08\u2019\u2019<\/span><\/p>\n<p><span style=\"color: #000000;\"><strong><em>ALTURA<\/em><\/strong>\u00a0 \u00a0\u00a0\u00a0\u00a0\u00a0\u00a0\u00a0\u00a0\u00a0\u00a0\u00a0\u00a0\u00a0\u00a0 \u00a0\u00a0 476 Metros sobre el nivel del mar<\/span><\/p>\n<p><span style=\"color: #000000;\"><strong>\u00a0<\/strong><\/span><\/p>\n<ul>\n<li><span style=\"color: #000000;\"><strong>DISTANCIA DE LA CABECERA MUNICIPAL A LA CABECERA DEPARTAMENTAL<\/strong><\/span><\/li>\n<\/ul>\n<p><span style=\"color: #000000;\">53 kil\u00f3metros<\/span><\/p>\n<ul>\n<li><span style=\"color: #000000;\"><strong>DISTANCIA DE LA CABECERA MUNICIPAL A LA CIUDAD CAPITAL<\/strong><\/span><\/li>\n<\/ul>\n<p><span style=\"color: #000000;\">215 kil\u00f3metros<\/span><\/p>\n<p style=\"text-align: center;\"><span style=\"color: #000000;\"><strong>FLORA<\/strong><\/span><\/p>\n<p style=\"text-align: justify;\"><span style=\"color: #000000;\">La zona es monta\u00f1osa y rica en madera, tales como: Matilisguate, madre cacao, Taxiscou, j\u00edcaro, palo de leche, pino, etc. Pero muchos recursos forestales se van perdiendo debido a la deforestaci\u00f3n inmoderada.<\/span><\/p>\n<p style=\"text-align: center;\"><span style=\"color: #000000;\"><strong>FAUNA<\/strong><\/span><\/p>\n<p style=\"text-align: justify;\"><span style=\"color: #000000;\">En las monta\u00f1as, se encuentra gran n\u00famero de especies silvestres como: venado, tigrillo, tepezcuintle, coche de Monte, armado, etc.<\/span><\/p>\n<p style=\"text-align: justify;\"><span style=\"color: #000000;\">En las monta\u00f1as de la regi\u00f3n habita el Ave Nacional, El Quetzal, siendo estos lugares de dif\u00edcil acceso para el hombre.<\/span><\/p>\n<p style=\"text-align: center;\"><span style=\"color: #000000;\"><strong>HIDROGRAFIA<\/strong><\/span><\/p>\n<p style=\"text-align: justify;\"><span style=\"color: #000000;\">El r\u00edo Polochic, el cual atraviesa de oeste a este, siendo sus afluentes los siguientes riachuelos: El Zapote Cuchil, El Tacuaz\u00edn, Yocote, Tunelaj\u00e1, Las Playas, Polochic, Pancajch\u00e9, Las Cataratas esmeralda y el sitio Chelemj\u00e1.\u00a0 Quebradas: Xexhal\u00e1, Chiaquim, Tzulyul, El Salto Raxab\u00e1, Sacpur, Xaquilj\u00e1.<\/span><\/p>\n<p style=\"text-align: center;\"><span style=\"color: #000000;\"><strong>MINERALES<\/strong><\/span><\/p>\n<p><span style=\"color: #000000;\">Canteras de arena de buena calidad, plomo, zinc, pizarra, etc.<\/span><\/p>\n<p style=\"text-align: center;\"><span style=\"color: #000000;\"><strong>OROGRAFIA<\/strong><\/span><\/p>\n<p style=\"text-align: justify;\"><span style=\"color: #000000;\">Los principales accidentes orogr\u00e1ficos del municipio son: Sierra de Chuacus, monta\u00f1a de guaxac y Yalijux; cerros El Pinal y Pilapec.<\/span><\/p>\n<p style=\"text-align: center;\"><span style=\"color: #000000;\"><strong>CLIMA<\/strong><\/span><\/p>\n<p style=\"text-align: justify;\"><span style=\"color: #000000;\">Cuenta con clima c\u00e1lido, con mucha humedad.\u00a0 En los meses de mayo a diciembre es \u00e9poca lluviosa donde aumenta el grado de humedad de la regi\u00f3n.<\/span><\/p>\n<p style=\"text-align: center;\"><span style=\"color: #000000;\"><strong>ASPECTO CULTURAL<\/strong><\/span><\/p>\n<ul>\n<li><span style=\"color: #000000;\"><strong>ORGANIZACIONES<\/strong><\/span><\/li>\n<\/ul>\n<p><span style=\"color: #000000;\">Comit\u00e9 De Feria, Supervisi\u00f3n Educativa, Juzgado de Paz, Cafesano, Bidas, Care, etc.<\/span><\/p>\n<ul>\n<li><span style=\"color: #000000;\"><strong>CELEBRACIONES<\/strong><\/span><\/li>\n<\/ul>\n<p style=\"text-align: justify;\"><span style=\"color: #000000;\">Antes se celebraba la fiesta patronal en los primeros d\u00edas del mes de mayo, actualmente se realiza del 26 al 30 de septiembre, siempre en honor a San Miguel Arc\u00e1ngel, se celebran otras actividades religiosas\u00a0 en las diferentes comunidades.<\/span><\/p>\n<ul>\n<li><span style=\"color: #000000;\"><strong>RELIGI\u00d3N<\/strong><\/span><\/li>\n<\/ul>\n<p style=\"text-align: justify;\"><span style=\"color: #000000;\">La poblaci\u00f3n cuenta con las siguientes religiones: cat\u00f3lica, diversas denominaciones Evang\u00e9licas y Mormona.<\/span><\/p>\n<p style=\"text-align: justify;\"><span style=\"color: #000000;\">La religi\u00f3n predominante en la regi\u00f3n es la cat\u00f3lica, tambi\u00e9n la evang\u00e9lica, tiene su representatividad en sus iglesias Nazarena y Pr\u00edncipe de Paz.<\/span><\/p>\n<p style=\"text-align: center;\"><span style=\"color: #000000;\"><strong>TRAJE TIPICO<br \/>\n<\/strong><\/span><\/p>\n<p style=\"text-align: justify;\"><span style=\"color: #000000;\">El g\u00fcipil: consta de tres lienzos tejido a mano, con telar de cintura, fondo blanco que significa la pureza de la raza de la mujer maya q`chi. Con sus bordados verdes que la naturaleza que nos rodea, los bordados constan de granos, patitos, plumas algunas figuras como geom\u00e9tricas .El cual significa que la mujer tucure\u00f1a ocupa su tiempo y su rutina diaria, es a del cuidado de los animales dom\u00e9sticos de su casa, y porque es una buen ama de casa que se ocupa a cuidar y criar a sus hijos ense\u00f1\u00e1ndoles a valorar la vida y la naturaleza. El corte: color rojo de ocho varas sujeto a la cintura con una cinta de maguey que significa la sangre, es largo hasta el cabeza, lo cual hace lucirse hermosa un tapado lienzo bordado a mano de color de su g\u00fcipil, es complementado por anillo, aretes, collares de plata y de coral rojo, su mochoco guijacal que le sirve para taparse del solo de la lluvia, lleva su champa o morral que es hecho por ella misma de maguey y dentro de ello lleva su tecomate, agua de masas para sus esposos, padres.<\/span><\/p>\n<p style=\"text-align: center;\"><span style=\"color: #000000;\"><img decoding=\"async\" loading=\"lazy\" class=\"alignnone size-full wp-image-6122\" src=\"http:\/\/gobernacionaltaverapaz.gob.gt\/wp-content\/uploads\/2019\/07\/tipico-tucuru.png\" alt=\"\" width=\"165\" height=\"224\" \/><\/span><\/p>\n<p style=\"text-align: center;\"><span style=\"color: #000000;\"><strong>SOCIALES<\/strong><\/span><\/p>\n<ul>\n<li><span style=\"color: #000000;\"><strong>ACTIVIDADES RECREATIVAS<\/strong><\/span><\/li>\n<\/ul>\n<p><span style=\"color: #000000;\">Deportes, (Cancha de F\u00fatbol y cancha de b\u00e1squetbol)<\/span><\/p>\n<ul>\n<li><span style=\"color: #000000;\"><strong>IDIOMA<\/strong><\/span><\/li>\n<\/ul>\n<p><span style=\"color: #000000;\">La mayor\u00eda de la poblaci\u00f3n habla Q\u2019eqchi, se habla el espa\u00f1ol y en cantidad el pocom.<\/span><\/p>\n<ul>\n<li><span style=\"color: #000000;\"><strong>V\u00cdAS DE COMUNICACI\u00d3N Y TRANSPORTE.<\/strong><\/span><\/li>\n<\/ul>\n<p><span style=\"color: #000000;\">Correos y Tel\u00e9grafos, Telgua, Radio Aficionados de Arbom.<\/span><br \/>\n<span style=\"color: #000000;\"> Telefon\u00eda celular: Tigo, Claro, Movistar<\/span><\/p>\n<ul>\n<li><span style=\"color: #000000;\"><strong>TRANSPORTE<\/strong><\/span><\/li>\n<\/ul>\n<p style=\"text-align: justify;\"><span style=\"color: #000000;\">El municipio est\u00e1 conectado por la carretera Nacional 7-E.\u00a0 Los transportes que cubren este lugar son Valenciana y Brenda Mercedes hacia Cob\u00e1n y \u201cFuentes del Polochic\u201d a la Capital.<\/span><\/p>\n<ul>\n<li><span style=\"color: #000000;\"><strong><strong>SERVICIOS DE SALUD:<\/strong><\/strong><\/span><span style=\"color: #000000;\">\u00a0<\/span><\/li>\n<li><span style=\"color: #000000;\">1 centro de salud tipo \u201cA\u201d<\/span><\/li>\n<li><span style=\"color: #000000;\">2 Puestos de salud<\/span>\n<ul>\n<li><span style=\"color: #000000;\">Raxquix<\/span><\/li>\n<li><span style=\"color: #000000;\">Cucanja<\/span><\/li>\n<\/ul>\n<\/li>\n<\/ul>\n<p><span style=\"color: #000000;\"><strong>\u00a0<\/strong><\/span><\/p>\n<p style=\"text-align: center;\"><span style=\"color: #000000;\"><strong>SERVICIOS B\u00c1SICOS<\/strong><\/span><\/p>\n<p><span style=\"color: #000000;\">Agua, drenaje, Energ\u00eda el\u00e9ctrica.<\/span><\/p>\n<p style=\"text-align: center;\"><span style=\"color: #000000;\"><strong>HOGARES CON SERVICIO DE AGUA<\/strong><\/span><\/p>\n<p style=\"text-align: center;\"><span style=\"color: #000000;\"><img decoding=\"async\" loading=\"lazy\" class=\"alignnone wp-image-6123 size-full\" src=\"http:\/\/gobernacionaltaverapaz.gob.gt\/wp-content\/uploads\/2019\/07\/tucuru001.jpg\" alt=\"\" width=\"415\" height=\"176\" srcset=\"https:\/\/gobernacionaltaverapaz.gob.gt\/wp-content\/uploads\/2019\/07\/tucuru001.jpg 415w, https:\/\/gobernacionaltaverapaz.gob.gt\/wp-content\/uploads\/2019\/07\/tucuru001-300x127.jpg 300w\" sizes=\"(max-width: 415px) 100vw, 415px\" \/><\/span><\/p>\n<p style=\"text-align: center;\"><span style=\"color: #000000;\"><strong>TIPO DE ALUMBRADO<\/strong><\/span><\/p>\n<p style=\"text-align: center;\"><span style=\"color: #000000;\"><img decoding=\"async\" loading=\"lazy\" class=\"alignnone wp-image-6124 size-full\" src=\"http:\/\/gobernacionaltaverapaz.gob.gt\/wp-content\/uploads\/2019\/07\/tucuru002.jpg\" alt=\"\" width=\"440\" height=\"89\" srcset=\"https:\/\/gobernacionaltaverapaz.gob.gt\/wp-content\/uploads\/2019\/07\/tucuru002.jpg 440w, https:\/\/gobernacionaltaverapaz.gob.gt\/wp-content\/uploads\/2019\/07\/tucuru002-300x61.jpg 300w\" sizes=\"(max-width: 440px) 100vw, 440px\" \/><\/span><\/p>\n<p style=\"text-align: center;\"><span style=\"color: #000000;\"><strong>HOGARES POR TIPO DE SANITARIO<\/strong><\/span><\/p>\n<p style=\"text-align: center;\"><span style=\"color: #000000;\"><img decoding=\"async\" loading=\"lazy\" class=\"alignnone wp-image-6125 size-full\" src=\"http:\/\/gobernacionaltaverapaz.gob.gt\/wp-content\/uploads\/2019\/07\/tucuru003.jpg\" alt=\"\" width=\"478\" height=\"260\" srcset=\"https:\/\/gobernacionaltaverapaz.gob.gt\/wp-content\/uploads\/2019\/07\/tucuru003.jpg 478w, https:\/\/gobernacionaltaverapaz.gob.gt\/wp-content\/uploads\/2019\/07\/tucuru003-300x163.jpg 300w\" sizes=\"(max-width: 478px) 100vw, 478px\" \/><\/span><\/p>\n<p style=\"text-align: center;\"><span style=\"color: #000000;\"><strong>FORMA ELIMINACI\u00d3N DE BASURA<\/strong><\/span><\/p>\n<p style=\"text-align: center;\"><span style=\"color: #000000;\"><img decoding=\"async\" loading=\"lazy\" class=\"alignnone wp-image-6126 size-full\" src=\"http:\/\/gobernacionaltaverapaz.gob.gt\/wp-content\/uploads\/2019\/07\/tucuru004.jpg\" alt=\"\" width=\"449\" height=\"151\" srcset=\"https:\/\/gobernacionaltaverapaz.gob.gt\/wp-content\/uploads\/2019\/07\/tucuru004.jpg 449w, https:\/\/gobernacionaltaverapaz.gob.gt\/wp-content\/uploads\/2019\/07\/tucuru004-300x101.jpg 300w\" sizes=\"(max-width: 449px) 100vw, 449px\" \/><\/span><\/p>\n<p><span style=\"color: #000000;\"><strong>FUERZA DE SEGURIDAD<\/strong><\/span><\/p>\n<p><span style=\"color: #000000;\">Sub estaci\u00f3n de Polic\u00eda Nacional Civil<\/span><\/p>\n<p style=\"text-align: center;\"><span style=\"color: #000000;\"><strong>ATRACTIVOS TUR\u00cdSTICOS<\/strong><\/span><\/p>\n<ul>\n<li><span style=\"color: #000000;\">Monta\u00f1a de Yalijux<\/span><\/li>\n<li><span style=\"color: #000000;\">Fuente Termal<\/span><\/li>\n<li><span style=\"color: #000000;\">El Salto<\/span><\/li>\n<li><span style=\"color: #000000;\">Cataratas de Covadonga<\/span><\/li>\n<li><span style=\"color: #000000;\">Playas Panjch\u00e9<\/span><\/li>\n<li><span style=\"color: #000000;\">R\u00edo Polochic<\/span><\/li>\n<li><span style=\"color: #000000;\">Cataratas Esmeralda<\/span><\/li>\n<li><span style=\"color: #000000;\">Chelenj\u00e1 (refugio para la protecci\u00f3n del Quetzal)<\/span><\/li>\n<\/ul>\n<p style=\"text-align: center;\"><span style=\"color: #000000;\"><strong>PRODUCCI\u00d3N AGR\u00cdCOLA<\/strong><\/span><\/p>\n<p style=\"text-align: justify;\"><span style=\"color: #000000;\">Sus frutos son ma\u00edz, fr\u00edjol, Chile, copal, zarzaparrilla, para algod\u00f3n y especialmente el cultivo de caf\u00e9.<\/span><\/p>\n<p style=\"text-align: center;\"><span style=\"color: #000000;\"><strong>VIVIENDA<\/strong><\/span><\/p>\n<p style=\"text-align: center;\"><span style=\"color: #000000;\"><strong>TIPO DE VIVIENDA<\/strong><\/span><\/p>\n<p style=\"text-align: center;\"><span style=\"color: #000000;\"><img decoding=\"async\" loading=\"lazy\" class=\"alignnone wp-image-6127 size-full\" src=\"http:\/\/gobernacionaltaverapaz.gob.gt\/wp-content\/uploads\/2019\/07\/tucuru005.jpg\" alt=\"\" width=\"474\" height=\"154\" srcset=\"https:\/\/gobernacionaltaverapaz.gob.gt\/wp-content\/uploads\/2019\/07\/tucuru005.jpg 474w, https:\/\/gobernacionaltaverapaz.gob.gt\/wp-content\/uploads\/2019\/07\/tucuru005-300x97.jpg 300w\" sizes=\"(max-width: 474px) 100vw, 474px\" \/><\/span><\/p>\n<p style=\"text-align: center;\"><span style=\"color: #000000;\"><strong>MATERIAL PREDOMINANTE EN LAS PAREDES EXTERIORES<\/strong><\/span><\/p>\n<p style=\"text-align: center;\"><span style=\"color: #000000;\"><img decoding=\"async\" loading=\"lazy\" class=\"alignnone wp-image-6128 size-full\" src=\"http:\/\/gobernacionaltaverapaz.gob.gt\/wp-content\/uploads\/2019\/07\/tucuru006.jpg\" alt=\"\" width=\"529\" height=\"220\" srcset=\"https:\/\/gobernacionaltaverapaz.gob.gt\/wp-content\/uploads\/2019\/07\/tucuru006.jpg 529w, https:\/\/gobernacionaltaverapaz.gob.gt\/wp-content\/uploads\/2019\/07\/tucuru006-300x125.jpg 300w\" sizes=\"(max-width: 529px) 100vw, 529px\" \/><\/span><\/p>\n<p style=\"text-align: center;\"><span style=\"color: #000000;\"><strong>MATERIAL PREDOMINANTE EN EL TECHO<\/strong><\/span><\/p>\n<p style=\"text-align: center;\"><span style=\"color: #000000;\"><img decoding=\"async\" loading=\"lazy\" class=\"alignnone wp-image-6129 size-full\" src=\"http:\/\/gobernacionaltaverapaz.gob.gt\/wp-content\/uploads\/2019\/07\/tucuru007.jpg\" alt=\"\" width=\"532\" height=\"155\" srcset=\"https:\/\/gobernacionaltaverapaz.gob.gt\/wp-content\/uploads\/2019\/07\/tucuru007.jpg 532w, https:\/\/gobernacionaltaverapaz.gob.gt\/wp-content\/uploads\/2019\/07\/tucuru007-300x87.jpg 300w\" sizes=\"(max-width: 532px) 100vw, 532px\" \/><\/span><\/p>\n<p style=\"text-align: center;\"><span style=\"color: #000000;\"><strong>MATERIAL PREDOMINANTE EN EL PISO<\/strong><\/span><\/p>\n<p style=\"text-align: center;\"><span style=\"color: #000000;\"><img decoding=\"async\" loading=\"lazy\" class=\"alignnone wp-image-6130 size-full\" src=\"http:\/\/gobernacionaltaverapaz.gob.gt\/wp-content\/uploads\/2019\/07\/tucuru008.jpg\" alt=\"\" width=\"499\" height=\"222\" srcset=\"https:\/\/gobernacionaltaverapaz.gob.gt\/wp-content\/uploads\/2019\/07\/tucuru008.jpg 499w, https:\/\/gobernacionaltaverapaz.gob.gt\/wp-content\/uploads\/2019\/07\/tucuru008-300x133.jpg 300w\" sizes=\"(max-width: 499px) 100vw, 499px\" \/><\/span><\/p>\n<p style=\"text-align: center;\"><span style=\"color: #000000;\"><strong>TOTAL DE LUGARES POBLADOS<\/strong><\/span><\/p>\n<p style=\"text-align: center;\"><span style=\"color: #000000;\"><img decoding=\"async\" loading=\"lazy\" class=\"alignnone wp-image-6139 size-full\" src=\"http:\/\/gobernacionaltaverapaz.gob.gt\/wp-content\/uploads\/2019\/07\/tucuru009.jpg\" alt=\"\" width=\"284\" height=\"149\" \/><\/span><\/p>\n<p style=\"text-align: center;\"><span style=\"color: #000000;\"><strong>POBLACI\u00d3N\u00a0 (2002)<\/strong><\/span><\/p>\n<ul>\n<li><span style=\"color: #000000;\"><strong>POBLACI\u00d3N POR SEXO<\/strong><\/span><\/li>\n<\/ul>\n<p style=\"text-align: center;\"><span style=\"color: #000000;\"><img decoding=\"async\" loading=\"lazy\" class=\"alignnone wp-image-6140 size-full\" src=\"http:\/\/gobernacionaltaverapaz.gob.gt\/wp-content\/uploads\/2019\/07\/tucuru010.jpg\" alt=\"\" width=\"313\" height=\"65\" srcset=\"https:\/\/gobernacionaltaverapaz.gob.gt\/wp-content\/uploads\/2019\/07\/tucuru010.jpg 313w, https:\/\/gobernacionaltaverapaz.gob.gt\/wp-content\/uploads\/2019\/07\/tucuru010-300x62.jpg 300w\" sizes=\"(max-width: 313px) 100vw, 313px\" \/><\/span><\/p>\n<ul>\n<li><span style=\"color: #000000;\"><strong>POBLACI\u00d3N POR \u00c1REA<\/strong><\/span><\/li>\n<\/ul>\n<p style=\"text-align: center;\"><span style=\"color: #000000;\"><img decoding=\"async\" loading=\"lazy\" class=\"alignnone wp-image-6142 size-full\" src=\"http:\/\/gobernacionaltaverapaz.gob.gt\/wp-content\/uploads\/2019\/07\/tucuru011.jpg\" alt=\"\" width=\"314\" height=\"74\" srcset=\"https:\/\/gobernacionaltaverapaz.gob.gt\/wp-content\/uploads\/2019\/07\/tucuru011.jpg 314w, https:\/\/gobernacionaltaverapaz.gob.gt\/wp-content\/uploads\/2019\/07\/tucuru011-300x71.jpg 300w\" sizes=\"(max-width: 314px) 100vw, 314px\" \/><\/span><\/p>\n<ul>\n<li style=\"text-align: left;\"><span style=\"color: #000000;\"><strong>POBLACI\u00d3N POR GRUPOS DE EDAD<\/strong><\/span><\/li>\n<\/ul>\n<p style=\"text-align: center;\"><span style=\"color: #000000;\"><img decoding=\"async\" loading=\"lazy\" class=\"alignnone wp-image-6143 size-full\" src=\"http:\/\/gobernacionaltaverapaz.gob.gt\/wp-content\/uploads\/2019\/07\/tucuru012.jpg\" alt=\"\" width=\"544\" height=\"479\" srcset=\"https:\/\/gobernacionaltaverapaz.gob.gt\/wp-content\/uploads\/2019\/07\/tucuru012.jpg 544w, https:\/\/gobernacionaltaverapaz.gob.gt\/wp-content\/uploads\/2019\/07\/tucuru012-300x264.jpg 300w\" sizes=\"(max-width: 544px) 100vw, 544px\" \/><\/span><\/p>\n<ul>\n<li><span style=\"color: #000000;\"><strong>POBLACI\u00d3N POR GRUPO \u00c9TNICO<\/strong><\/span><\/li>\n<\/ul>\n<p style=\"text-align: center;\"><span style=\"color: #000000;\"><img decoding=\"async\" loading=\"lazy\" class=\"alignnone wp-image-6145 size-full\" src=\"http:\/\/gobernacionaltaverapaz.gob.gt\/wp-content\/uploads\/2019\/07\/tucuru013.jpg\" alt=\"\" width=\"322\" height=\"65\" srcset=\"https:\/\/gobernacionaltaverapaz.gob.gt\/wp-content\/uploads\/2019\/07\/tucuru013.jpg 322w, https:\/\/gobernacionaltaverapaz.gob.gt\/wp-content\/uploads\/2019\/07\/tucuru013-300x61.jpg 300w\" sizes=\"(max-width: 322px) 100vw, 322px\" \/><\/span><\/p>\n<ul>\n<li><span style=\"color: #000000;\"><strong>POBLACION QUE APRENDIO A HABLAR EN UN IDIOMA MAYA<\/strong><\/span><\/li>\n<\/ul>\n<p style=\"text-align: center;\"><span style=\"color: #000000;\"><img decoding=\"async\" loading=\"lazy\" class=\"alignnone wp-image-6148 size-full\" src=\"http:\/\/gobernacionaltaverapaz.gob.gt\/wp-content\/uploads\/2019\/07\/tucuru014.jpg\" alt=\"\" width=\"342\" height=\"74\" srcset=\"https:\/\/gobernacionaltaverapaz.gob.gt\/wp-content\/uploads\/2019\/07\/tucuru014.jpg 342w, https:\/\/gobernacionaltaverapaz.gob.gt\/wp-content\/uploads\/2019\/07\/tucuru014-300x65.jpg 300w\" sizes=\"(max-width: 342px) 100vw, 342px\" \/><\/span><\/p>\n<ul>\n<li><span style=\"color: #000000;\"><strong>POBLACI\u00d3N POR PERTENENCIA \u00c9TNICA<\/strong><\/span><\/li>\n<\/ul>\n<p style=\"text-align: center;\"><span style=\"color: #000000;\"><img decoding=\"async\" loading=\"lazy\" class=\"alignnone wp-image-6149 size-full\" src=\"http:\/\/gobernacionaltaverapaz.gob.gt\/wp-content\/uploads\/2019\/07\/tucuru015.jpg\" alt=\"\" width=\"478\" height=\"65\" srcset=\"https:\/\/gobernacionaltaverapaz.gob.gt\/wp-content\/uploads\/2019\/07\/tucuru015.jpg 478w, https:\/\/gobernacionaltaverapaz.gob.gt\/wp-content\/uploads\/2019\/07\/tucuru015-300x41.jpg 300w\" sizes=\"(max-width: 478px) 100vw, 478px\" \/><\/span><\/p>\n<p style=\"text-align: center;\"><span style=\"color: #000000;\"><strong>EDUCACION<\/strong><\/span><\/p>\n<ul>\n<li><span style=\"color: #000000;\"><strong>ANALFABETISMO <\/strong>(poblaci\u00f3n de 7 a\u00f1os y m\u00e1s de edad)<\/span><\/li>\n<\/ul>\n<p style=\"text-align: center;\"><span style=\"color: #000000;\"><img decoding=\"async\" loading=\"lazy\" class=\"alignnone wp-image-6150 size-full\" src=\"http:\/\/gobernacionaltaverapaz.gob.gt\/wp-content\/uploads\/2019\/07\/tucuru016.jpg\" alt=\"\" width=\"328\" height=\"68\" srcset=\"https:\/\/gobernacionaltaverapaz.gob.gt\/wp-content\/uploads\/2019\/07\/tucuru016.jpg 328w, https:\/\/gobernacionaltaverapaz.gob.gt\/wp-content\/uploads\/2019\/07\/tucuru016-300x62.jpg 300w\" sizes=\"(max-width: 328px) 100vw, 328px\" \/><\/span><\/p>\n<ul>\n<li><span style=\"color: #000000;\"><strong>NIVEL DE ESCOLARIDAD<\/strong><\/span><\/li>\n<\/ul>\n<p style=\"text-align: center;\"><span style=\"color: #000000;\"><img decoding=\"async\" loading=\"lazy\" class=\"alignnone wp-image-6151 size-full\" src=\"http:\/\/gobernacionaltaverapaz.gob.gt\/wp-content\/uploads\/2019\/07\/tucuru017.jpg\" alt=\"\" width=\"385\" height=\"154\" srcset=\"https:\/\/gobernacionaltaverapaz.gob.gt\/wp-content\/uploads\/2019\/07\/tucuru017.jpg 385w, https:\/\/gobernacionaltaverapaz.gob.gt\/wp-content\/uploads\/2019\/07\/tucuru017-300x120.jpg 300w\" sizes=\"(max-width: 385px) 100vw, 385px\" \/><\/span><\/p>\n<ul>\n<li><span style=\"color: #000000;\"><strong>Establecimientos Abiertos y Nivel Educativo 2012<\/strong><\/span><\/li>\n<\/ul>\n<p style=\"text-align: center;\"><span style=\"color: #000000;\"><img decoding=\"async\" loading=\"lazy\" class=\"alignnone wp-image-6153 size-full\" src=\"http:\/\/gobernacionaltaverapaz.gob.gt\/wp-content\/uploads\/2019\/07\/tucuru018-1.jpg\" alt=\"\" width=\"324\" height=\"176\" srcset=\"https:\/\/gobernacionaltaverapaz.gob.gt\/wp-content\/uploads\/2019\/07\/tucuru018-1.jpg 324w, https:\/\/gobernacionaltaverapaz.gob.gt\/wp-content\/uploads\/2019\/07\/tucuru018-1-300x163.jpg 300w\" sizes=\"(max-width: 324px) 100vw, 324px\" \/>Fuente: Mineduc 2012.<\/span><\/p>\n<ul>\n<li><span style=\"color: #000000;\"><strong>POBLACI\u00d3N ECON\u00d3MICAMENTE ACTIVA\u00a0 <\/strong>(poblaci\u00f3n de 7 a\u00f1os y m\u00e1s de edad)<\/span><\/li>\n<\/ul>\n<p style=\"text-align: center;\"><span style=\"color: #000000;\"><img decoding=\"async\" loading=\"lazy\" class=\"alignnone wp-image-6154 size-full\" src=\"http:\/\/gobernacionaltaverapaz.gob.gt\/wp-content\/uploads\/2019\/07\/tucuru019.jpg\" alt=\"\" width=\"313\" height=\"66\" srcset=\"https:\/\/gobernacionaltaverapaz.gob.gt\/wp-content\/uploads\/2019\/07\/tucuru019.jpg 313w, https:\/\/gobernacionaltaverapaz.gob.gt\/wp-content\/uploads\/2019\/07\/tucuru019-300x63.jpg 300w\" sizes=\"(max-width: 313px) 100vw, 313px\" \/><\/span><\/p>\n<p style=\"text-align: center;\"><span style=\"color: #000000;\"><strong>POBREZA 2008<\/strong><\/span><\/p>\n<p style=\"text-align: center;\"><span style=\"color: #000000;\"><img decoding=\"async\" loading=\"lazy\" class=\"alignnone wp-image-6155 size-full\" src=\"http:\/\/gobernacionaltaverapaz.gob.gt\/wp-content\/uploads\/2019\/07\/tucuru020.jpg\" alt=\"\" width=\"265\" height=\"101\" \/>Fuente: Censos Urbanos y Rurales 2008.<\/span><\/p>\n<p style=\"text-align: center;\"><span style=\"color: #000000;\"><strong>TASAS 2015<\/strong><\/span><\/p>\n<p style=\"text-align: center;\"><span style=\"color: #000000;\"><img decoding=\"async\" loading=\"lazy\" class=\"alignnone wp-image-6156 size-full\" src=\"http:\/\/gobernacionaltaverapaz.gob.gt\/wp-content\/uploads\/2019\/07\/tucuru021.jpg\" alt=\"\" width=\"571\" height=\"169\" srcset=\"https:\/\/gobernacionaltaverapaz.gob.gt\/wp-content\/uploads\/2019\/07\/tucuru021.jpg 571w, https:\/\/gobernacionaltaverapaz.gob.gt\/wp-content\/uploads\/2019\/07\/tucuru021-300x89.jpg 300w\" sizes=\"(max-width: 571px) 100vw, 571px\" \/><\/span><br \/>\n<span style=\"color: #000000;\"> Fuente: Memoria de Labores 2015, Direcci\u00f3n de \u00c1rea de Salud.<\/span><\/p>\n<p style=\"text-align: center;\"><img decoding=\"async\" loading=\"lazy\" class=\"alignnone wp-image-5716\" src=\"http:\/\/gobernacionaltaverapaz.gob.gt\/wp-content\/uploads\/2019\/06\/ine-300x300.png\" alt=\"\" width=\"83\" height=\"81\" \/><\/p>\n","protected":false},"excerpt":{"rendered":"<p>SAN MIGUEL TUCUR\u00da BREVE RESE\u00d1A HISTORICA La historia de esta poblaci\u00f3n se remonta a la \u00e9poca precolombina.\u00a0 En el Popol &#8211; Vuh aparece una referencia que hace menci\u00f3n de los Tucur, mensajeros de los se\u00f1ores de Xibalb\u00e1, cuyo pueblo era Tucurub.\u00a0 Originalmente el pueblo de Tucur\u00fa era del \u00e1rea denominada Pocom pero actualmente el idioma [&hellip;]<\/p>\n","protected":false},"author":1,"featured_media":0,"parent":0,"menu_order":0,"comment_status":"closed","ping_status":"closed","template":"","meta":[],"_links":{"self":[{"href":"https:\/\/gobernacionaltaverapaz.gob.gt\/index.php?rest_route=\/wp\/v2\/pages\/6119"}],"collection":[{"href":"https:\/\/gobernacionaltaverapaz.gob.gt\/index.php?rest_route=\/wp\/v2\/pages"}],"about":[{"href":"https:\/\/gobernacionaltaverapaz.gob.gt\/index.php?rest_route=\/wp\/v2\/types\/page"}],"author":[{"embeddable":true,"href":"https:\/\/gobernacionaltaverapaz.gob.gt\/index.php?rest_route=\/wp\/v2\/users\/1"}],"replies":[{"embeddable":true,"href":"https:\/\/gobernacionaltaverapaz.gob.gt\/index.php?rest_route=%2Fwp%2Fv2%2Fcomments&post=6119"}],"version-history":[{"count":4,"href":"https:\/\/gobernacionaltaverapaz.gob.gt\/index.php?rest_route=\/wp\/v2\/pages\/6119\/revisions"}],"predecessor-version":[{"id":6162,"href":"https:\/\/gobernacionaltaverapaz.gob.gt\/index.php?rest_route=\/wp\/v2\/pages\/6119\/revisions\/6162"}],"wp:attachment":[{"href":"https:\/\/gobernacionaltaverapaz.gob.gt\/index.php?rest_route=%2Fwp%2Fv2%2Fmedia&parent=6119"}],"curies":[{"name":"wp","href":"https:\/\/api.w.org\/{rel}","templated":true}]}}