{"id":6338,"date":"2019-07-10T12:47:27","date_gmt":"2019-07-10T18:47:27","guid":{"rendered":"http:\/\/gobernacionaltaverapaz.gob.gt\/?page_id=6338"},"modified":"2019-07-10T12:47:27","modified_gmt":"2019-07-10T18:47:27","slug":"6338-2","status":"publish","type":"page","link":"https:\/\/gobernacionaltaverapaz.gob.gt\/?page_id=6338","title":{"rendered":""},"content":{"rendered":"<p style=\"margin: 0cm; margin-bottom: .0001pt; text-align: center;\" align=\"center\"><span style=\"font-size: 36.0pt; font-family: 'Impact','sans-serif'; color: #0066cc;\">LA TINTA<br \/>\n<\/span><\/p>\n<p align=\"center\"><img decoding=\"async\" loading=\"lazy\" class=\"alignnone wp-image-6339 size-full\" src=\"http:\/\/gobernacionaltaverapaz.gob.gt\/wp-content\/uploads\/2019\/07\/tinta000.jpg\" alt=\"\" width=\"657\" height=\"249\" srcset=\"https:\/\/gobernacionaltaverapaz.gob.gt\/wp-content\/uploads\/2019\/07\/tinta000.jpg 657w, https:\/\/gobernacionaltaverapaz.gob.gt\/wp-content\/uploads\/2019\/07\/tinta000-300x114.jpg 300w\" sizes=\"(max-width: 657px) 100vw, 657px\" \/><\/p>\n<p align=\"center\"><strong>\u00a0\u00a0\u00a0\u00a0\u00a0\u00a0\u00a0\u00a0\u00a0\u00a0\u00a0\u00a0\u00a0\u00a0\u00a0\u00a0\u00a0\u00a0\u00a0\u00a0\u00a0\u00a0\u00a0\u00a0\u00a0\u00a0\u00a0\u00a0\u00a0\u00a0\u00a0\u00a0\u00a0\u00a0\u00a0\u00a0\u00a0\u00a0\u00a0\u00a0\u00a0\u00a0\u00a0\u00a0\u00a0\u00a0\u00a0\u00a0\u00a0\u00a0\u00a0\u00a0\u00a0\u00a0\u00a0\u00a0<span style=\"color: #000000;\"> BREVE RESE\u00d1A HIST\u00d3RICA \u00a0 \u00a0 \u00a0 \u00a0 \u00a0 \u00a0 \u00a0 \u00a0 \u00a0 \u00a0 \u00a0\u00a0<\/span><\/strong><span style=\"color: #000000;\"> \u00a0\u00a0\u00a0\u00a0\u00a0\u00a0\u00a0\u00a0\u00a0\u00a0\u00a0\u00a0\u00a0\u00a0\u00a0\u00a0\u00a0\u00a0\u00a0\u00a0\u00a0\u00a0\u00a0\u00a0\u00a0\u00a0\u00a0\u00a0\u00a0\u00a0\u00a0\u00a0\u00a0\u00a0 <\/span><\/p>\n<p style=\"text-align: justify;\"><span style=\"color: #000000;\">La Tinta fue fundada hace mas de cien a\u00f1os el 14 de Agosto de 1,896 por el se\u00f1or Erwin Pablo Dieseldorf de origen alem\u00e1n y radicado en Cob\u00e1n quien contaba con propiedades en el lugar donde se asent\u00f3 la Poblaci\u00f3n de La Tinta, donando a sus trabajadores \u00a0cuatro \u00a0caballer\u00edas \u00a0de \u00a0terreno \u00a0con \u00a0escritura \u00a0p\u00fablica \u00a0quedando registrada como finca r\u00fastica No. 12 de Alta Verapaz en la Propiedad Inmueble. Los\u00a0 trabajadores\u00a0 del se\u00f1or\u00a0 Dieseldorf \u00a0rindieron \u00a0un \u00a0merecido homenaje \u00a0por\u00a0 la concesi\u00f3n otorgada a su favor de cuatro caballer\u00edas donde fund\u00f3 una poblaci\u00f3n que desde sus inicios fue un pueblo progresista.<\/span><\/p>\n<p style=\"text-align: justify;\"><span style=\"color: #000000;\">En el libro escrito por Susan Wilkins \u201cLos Pocomanes\u201d en el siglo XVI al referirse a La Tinta la menciona como Municipio, pero por razones pol\u00edticas y por el impulso que en aquella \u00e9poca tuvo el Ferrocarril Verapaz y la importancia del puerto Fluvial se traslad\u00f3 la cabecera municipal a Panz\u00f3s.<\/span><\/p>\n<p style=\"text-align: justify;\"><span style=\"color: #000000;\">Desde aquellos a\u00f1os vino la lucecita de lucha para lograr ascender de nuevo a la categor\u00eda de Municipio; iniciando las gestiones desde hace 25 a\u00f1os, destacando entre quienes promovieron este esp\u00edritu de ser reconocida La Tinta como municipio los se\u00f1ores: Herculano Fern\u00e1ndez, su esposa profesora Marcela Lemus Dimas, Don Manuel Lemus, Don Leopoldo Fern\u00e1ndez y el Profesor Juan Francisco Gonz\u00e1lez entre otros.<\/span><\/p>\n<p style=\"text-align: justify;\"><span style=\"color: #000000;\">Se inici\u00f3 la lucha y fue el se\u00f1or Jos\u00e9 Everildo Morataya Cadenas, quien finalmente y con la participaci\u00f3n de todos los pobladores de La Tinta lograron que el congreso reconociera que La Tinta merec\u00eda ser municipio; Gesta que ocurri\u00f3 el 11 de Noviembre de 1,999. Naciendo as\u00ed trescientos treinta y un municipios de Guatemala, Santa Catalina La Tinta, Alta Verapaz.<\/span><\/p>\n<p style=\"text-align: center;\"><span style=\"color: #000000;\"><strong>ETIMOLOG\u00cdA DE SU NOMBRE<\/strong><\/span><\/p>\n<p style=\"text-align: justify;\"><span style=\"color: #000000;\">El nombre de la Tinta, tiene su origen por haber existido en esta zona una f\u00e1brica de <strong>a\u00f1il <\/strong>(hoja de Jiquilite, que produce un tinte de color azuloso.<\/span><\/p>\n<p style=\"text-align: justify;\"><span style=\"color: #000000;\">La f\u00e1brica es administrada y financiada por familias ALEMANAS y en esa \u00e9poca de la f\u00e1brica de a\u00f1il, muchos de los habitantes de esta zona emigran, (el pueblo Pocom) y se establecieron donde hoy d\u00eda se conoce como barrio La L\u00ednea y Barrio El Estaci\u00f3n (actualmente) all\u00ed pueden apreciarse los restos de las piletas, donde se exprim\u00eda la hoja de Jiquilite, como tambi\u00e9n restos de la L\u00ednea f\u00e9rrea en donde el producto era transportado en ferrocarril a la capital en barriles.<\/span><\/p>\n<p style=\"text-align: justify;\"><span style=\"color: #000000;\">Pero adem\u00e1s, anterior a esto la poblaci\u00f3n que habitaba en esta zona ya se le conoc\u00eda con el nombre de Santa Catalina en el a\u00f1o (1,770-1,787.<\/span><\/p>\n<p style=\"text-align: justify;\"><span style=\"color: #000000;\">Los habitantes de aquel entonces fueron v\u00edctimas del saqueo y destrucci\u00f3n de los piratas ingleses, que prestaban por v\u00eda mar\u00edtima a trav\u00e9s del r\u00edo Polochic y el r\u00edo Dulce.<\/span><\/p>\n<p style=\"text-align: justify;\"><span style=\"color: #000000;\">La Tinta (Barrio La Estaci\u00f3n) es llamada con este nombre a partir del 14 de Agosto de 1,896. Los mozos colones de los alemanes se encargaban de exprimir la hoja del Jiquilite con troncos de madera en unas piletas de piedra y cemento, de las cuales existen vestigios hist\u00f3ricos en los barrios La L\u00ednea y Campo Nuevo, as\u00ed como en la aldea Sacsuh\u00e1.<\/span><\/p>\n<p style=\"text-align: justify;\"><span style=\"color: #000000;\">Los alemanes enviaban \u201cEl Tinte\u201d en grandes barriles por medio del ferrocarril Verapaz que lo transportaba hasta Panz\u00f3s y luego por v\u00eda mar\u00edtima hasta su destino final.<\/span><\/p>\n<p style=\"text-align: justify;\"><span style=\"color: #000000;\">Debido a que en este lugar se produc\u00eda Tinta, fue llamada La Tinta, al emitirse el Decreto de Creaci\u00f3n de Municipio se le agreg\u00f3 al nombre de La Tinta el de \u201cSanta Catalina La Tinta\u201d, ya que la patrona de este lugar es Santa Catalina Virgen y M\u00e1rtir.<\/span><\/p>\n<p style=\"text-align: center;\"><span style=\"color: #000000;\">\u00a0\u00a0\u00a0\u00a0\u00a0\u00a0\u00a0\u00a0\u00a0\u00a0\u00a0\u00a0\u00a0\u00a0\u00a0\u00a0\u00a0\u00a0\u00a0\u00a0\u00a0\u00a0\u00a0\u00a0\u00a0\u00a0\u00a0\u00a0\u00a0\u00a0\u00a0\u00a0\u00a0\u00a0\u00a0\u00a0\u00a0\u00a0\u00a0\u00a0\u00a0\u00a0\u00a0\u00a0\u00a0 <strong>HECHOS SOBRESALIENTES\u00a0<\/strong>\u00a0\u00a0\u00a0\u00a0\u00a0\u00a0\u00a0\u00a0\u00a0\u00a0\u00a0\u00a0\u00a0\u00a0\u00a0\u00a0\u00a0\u00a0\u00a0\u00a0\u00a0\u00a0\u00a0\u00a0\u00a0\u00a0\u00a0\u00a0\u00a0\u00a0\u00a0\u00a0\u00a0\u00a0\u00a0\u00a0\u00a0\u00a0\u00a0\u00a0\u00a0\u00a0 <\/span><\/p>\n<p style=\"text-align: justify;\"><span style=\"color: #000000;\">Es el m\u00e1s reciente municipio creado en Guatemala, el n\u00famero 331 ubicado al oriente del Departamento de Ala Verapaz.<\/span><\/p>\n<p style=\"text-align: justify;\"><span style=\"color: #000000;\">Desde hace 25 a\u00f1os, personajes de gran esp\u00edritu como los se\u00f1ores: Herculano Fern\u00e1ndez, su esposa la profesora Marcela Lemus Dimas, Don Manuel Lemus, Don Leopoldo Fern\u00e1ndez y el profesor Juan Francisco Gonz\u00e1les entre otros, iniciaron gestiones para ascender la Tinta a la categor\u00eda de municipio.<\/span><\/p>\n<p style=\"text-align: justify;\"><span style=\"color: #000000;\">Por 12 a\u00f1os, el Sr. Jos\u00e9 Everildo Morataya Cadenas, inici\u00f3 nuevamente, junto a otros pobladores de la Tinta, las gestiones para lograr\u00a0 finalmente su objetivo.<\/span><\/p>\n<p style=\"text-align: center;\"><span style=\"color: #000000;\"><strong>ACUERDO MINISTERIAL<\/strong><\/span><\/p>\n<p style=\"text-align: justify;\"><span style=\"color: #000000;\">Seg\u00fan acuerdo ministerial No. 075-2000, con fundamento en lo considerado y en uso de las facultades que le confiere los Art\u00edculos 193 y 254 de la Constituci\u00f3n Pol\u00edtica de la Rep\u00fablica de Guatemala; 27 incisos a) y m) \u00a0y 47 incisos e) \u00a0y \u00a0j) de la ley del Organismo Ejecutivo; 42, 43 y 146 del C\u00f3digo Municipal; 206 de la ley de Partidos Pol\u00edticos; 1, 2, 6, y 9, del Decreto No. 42-99 del Congreso de la Rep\u00fablica, acuerda: Art\u00edculo 1: Nombrar a las autoridades del municipio de Santa Catalina La Tinta, jurisdicci\u00f3n del Departamento de Alta Verapaz en la forma siguiente:<\/span><\/p>\n<p><span style=\"color: #000000;\">ALCALDE MUNICIPAL: Humberto Cort\u00e9s Vel\u00e1squez <\/span><br \/>\n<span style=\"color: #000000;\">SINDICO PRIMERO: Eduardo Coc Pop<\/span><br \/>\n<span style=\"color: #000000;\">SINDICO SEGUNDO: Juan Jos\u00e9 Reyes Paau <\/span><br \/>\n<span style=\"color: #000000;\">SINDICO SUPLENTE: Hugo Ren\u00e9 Bub\u00f3n <\/span><br \/>\n<span style=\"color: #000000;\">CONCEJAL PRIMERO: Tom\u00e1s Reyes Ruiz <\/span><br \/>\n<span style=\"color: #000000;\">CONCEJAL SEGUNDO: Marcos Tut Tzib <\/span><br \/>\n<span style=\"color: #000000;\">CONCEJAL TERCERO: Juan Macz Juc<\/span><br \/>\n<span style=\"color: #000000;\">CONCEJAL CUARTO: Antonio Chub Hern\u00e1ndez <\/span><br \/>\n<span style=\"color: #000000;\">CONCEJAL SUPLENTE: H\u00e9ctor Ren\u00e9 Artola Xol<\/span><\/p>\n<p style=\"text-align: center;\">\n<p style=\"text-align: center;\"><span style=\"color: #000000;\"><strong>UBICACI\u00d3N GEOGR\u00c1FICA<\/strong><\/span><\/p>\n<p><span style=\"color: #000000;\"><strong>L<\/strong><strong>\u00cdMITES<\/strong><\/span><\/p>\n<p style=\"text-align: justify;\"><span style=\"color: #000000;\">Al norte: Senah\u00fa<\/span><br \/>\n<span style=\"color: #000000;\">A 95 kms. Sur-oriente del departamento de Zacapa.<\/span><br \/>\n<span style=\"color: #000000;\">A 30 kms. Al oeste con la cabecera municipal con Tucur\u00fa y Purulh\u00e1 Baja Verapaz. A 19 kms. Al este con la aldea Telem\u00e1n, Panz\u00f3s<\/span><\/p>\n<p><span style=\"color: #000000;\"><strong>DISTANCIAS<\/strong><\/span><\/p>\n<p><span style=\"color: #000000;\">De la Tinta a Cob\u00e1n:\u00a0\u00a0\u00a0\u00a0\u00a0\u00a0\u00a0\u00a0\u00a0\u00a0\u00a0\u00a0 93Km <\/span><br \/>\n<span style=\"color: #000000;\">De la Tinta a Guatemala\u00a0\u00a0\u00a0 239Km<\/span><\/p>\n<p style=\"text-align: center;\"><span style=\"color: #000000;\"><strong>LOCALIZACI\u00d3N GEOGR\u00c1FICA<\/strong><\/span><\/p>\n<p><span style=\"color: #000000;\"><strong>L<\/strong><strong>A<\/strong><strong>T<\/strong><strong>ITUD:\u00a0\u00a0\u00a0\u00a0\u00a0\u00a0\u00a0\u00a0\u00a0 <\/strong>NORTE 15\u00b0 18\u2019 9.4\u2019\u2019<\/span><br \/>\n<span style=\"color: #000000;\"><strong>L<\/strong><strong>ONGITUD:\u00a0\u00a0\u00a0\u00a0\u00a0 <\/strong>OESTE\u00a0 89.5\u00b0 55\u2019 4.9\u2019\u2019<\/span><\/p>\n<p style=\"text-align: center;\"><span style=\"color: #000000;\"><img decoding=\"async\" loading=\"lazy\" class=\"alignnone wp-image-6340 size-full\" src=\"http:\/\/gobernacionaltaverapaz.gob.gt\/wp-content\/uploads\/2019\/07\/mapa-tinta.jpg\" alt=\"\" width=\"709\" height=\"473\" srcset=\"https:\/\/gobernacionaltaverapaz.gob.gt\/wp-content\/uploads\/2019\/07\/mapa-tinta.jpg 709w, https:\/\/gobernacionaltaverapaz.gob.gt\/wp-content\/uploads\/2019\/07\/mapa-tinta-300x200.jpg 300w\" sizes=\"(max-width: 709px) 100vw, 709px\" \/><\/span><\/p>\n<p><span style=\"color: #000000;\"><strong>CLIMA<\/strong><\/span><\/p>\n<p><span style=\"color: #000000;\">Variable, C\u00e1lido, H\u00famedo.<\/span><\/p>\n<p><span style=\"color: #000000;\"><strong>ALTURA\u00a0\u00a0<\/strong>\u00a0\u00a0\u00a0\u00a0\u00a0\u00a0\u00a0\u00a0\u00a0\u00a0\u00a0\u00a0\u00a0\u00a0\u00a0\u00a0\u00a0\u00a0\u00a0\u00a0\u00a0\u00a0\u00a0\u00a0\u00a0\u00a0\u00a0\u00a0\u00a0\u00a0\u00a0\u00a0\u00a0\u00a0\u00a0\u00a0\u00a0\u00a0\u00a0\u00a0\u00a0\u00a0\u00a0 <\/span><\/p>\n<p style=\"text-align: justify;\"><span style=\"color: #000000;\">Seg\u00fan la hoja cartogr\u00e1fica del municipio de Santa Catalina La Tinta departamento de alta Verapaz, indica que el punto de Cota fija de Santa Catalina La Tinta, est\u00e1 registrada a una altitud de 195 metros sobre el nivel del mar y se encuentra ubicada en el inicio del valle del r\u00edo Polochic. El epicentro de Santa Catarina La Tinta est\u00e1 a una distancia de un kil\u00f3metro del fald\u00f3n de un cerro de altitud de 300 (M.S.N.M.) al lado norte y al sur a una distancia de 2 Km. Al fald\u00f3n de un cerro de altitud 175 (M.S.N.M.).<\/span><\/p>\n<p><span style=\"color: #000000;\"><strong>DISTANCIA A LA CAPITAL\u00a0\u00a0<\/strong>\u00a0\u00a0\u00a0\u00a0\u00a0\u00a0\u00a0\u00a0\u00a0\u00a0\u00a0\u00a0\u00a0\u00a0\u00a0\u00a0\u00a0\u00a0\u00a0\u00a0\u00a0\u00a0\u00a0\u00a0\u00a0\u00a0\u00a0\u00a0\u00a0\u00a0\u00a0\u00a0\u00a0\u00a0\u00a0\u00a0\u00a0\u00a0\u00a0\u00a0\u00a0\u00a0\u00a0\u00a0\u00a0\u00a0\u00a0\u00a0\u00a0\u00a0\u00a0\u00a0\u00a0\u00a0\u00a0\u00a0\u00a0\u00a0\u00a0\u00a0\u00a0\u00a0\u00a0\u00a0\u00a0\u00a0\u00a0\u00a0\u00a0\u00a0\u00a0\u00a0\u00a0\u00a0\u00a0\u00a0\u00a0\u00a0\u00a0\u00a0\u00a0\u00a0\u00a0\u00a0\u00a0\u00a0\u00a0\u00a0\u00a0\u00a0\u00a0 <\/span><\/p>\n<p><span style=\"color: #000000;\">239 kil\u00f3metros<\/span><\/p>\n<p><span style=\"color: #000000;\"><strong>HIDROGRAF\u00cdA:<\/strong><\/span><\/p>\n<p><span style=\"color: #000000;\"><strong>T<\/strong><strong>IPOS DE SUELO<\/strong><strong>:<\/strong><\/span><\/p>\n<p><span style=\"color: #000000;\"><strong>T<\/strong><strong>OPOGRAF\u00cdA:<\/strong><\/span><\/p>\n<p><span style=\"color: #000000;\"><strong>FL<\/strong><strong>ORA Y FAUNA<\/strong><strong>: <\/strong>abundante de acuerdo a las especies del lugar.<\/span><\/p>\n<p><span style=\"color: #000000;\"><strong>ASPECTO CULTURAL<\/strong><\/span><\/p>\n<p><span style=\"color: #000000;\"><strong>Organizaciones Socio-Culturales<\/strong><\/span><\/p>\n<ul>\n<li><span style=\"color: #000000;\"><strong>A<\/strong><strong>s<\/strong><strong>o<\/strong><strong>ciaci\u00f3n de Cooperaci\u00f3n T\u00e9cnica<\/strong><\/span><\/li>\n<li><span style=\"color: #000000;\"><strong>G\u00e9nesis Empresarial<\/strong><\/span><\/li>\n<li><span style=\"color: #000000;\"><strong>B<\/strong><strong>anrural<\/strong><\/span><\/li>\n<li><span style=\"color: #000000;\"><strong>Coop<\/strong><strong>erativa Uni\u00f3n Maya<\/strong><\/span><\/li>\n<\/ul>\n<p style=\"text-align: justify;\"><span style=\"color: #000000;\">En el municipio de Santa Catalina La Tinta, se conserva muchas tradiciones culturales que han venido celebrando a\u00f1o tras a\u00f1o costumbre de nuestros antepasados, entre estos:<\/span><\/p>\n<ul>\n<li><span style=\"color: #000000;\">El baile del venado<\/span><\/li>\n<li><span style=\"color: #000000;\">La quema del diablo<\/span><\/li>\n<li><span style=\"color: #000000;\">El baile del torito<\/span><\/li>\n<li><span style=\"color: #000000;\">El v\u00eda crucis en vivo<\/span><\/li>\n<li><span style=\"color: #000000;\">El disfraz de los jud\u00edos<\/span><\/li>\n<\/ul>\n<p style=\"text-align: justify;\"><span style=\"color: #000000;\">Los agricultores conservan la tradici\u00f3n de matar pavos y gallinas para enterrarlos cerca de donde se realizar\u00e1 la siembra del ma\u00edz, fr\u00edjol y chile como ofrenda para obtener buenas cosechas adem\u00e1s durante la siembra y la cosecha se hacen peque\u00f1as fiestas como celebraci\u00f3n de un logro m\u00e1s.<\/span><\/p>\n<p style=\"text-align: center;\"><span style=\"color: #000000;\">\u00a0\u00a0\u00a0\u00a0\u00a0\u00a0\u00a0\u00a0\u00a0\u00a0\u00a0\u00a0\u00a0\u00a0\u00a0\u00a0\u00a0\u00a0\u00a0\u00a0\u00a0\u00a0\u00a0\u00a0\u00a0\u00a0\u00a0\u00a0\u00a0\u00a0\u00a0\u00a0\u00a0\u00a0\u00a0\u00a0\u00a0\u00a0\u00a0\u00a0\u00a0\u00a0\u00a0\u00a0\u00a0\u00a0\u00a0\u00a0\u00a0\u00a0\u00a0\u00a0\u00a0\u00a0\u00a0<strong> CELEBRACIONES<\/strong>\u00a0\u00a0\u00a0\u00a0\u00a0\u00a0\u00a0\u00a0\u00a0\u00a0\u00a0\u00a0\u00a0\u00a0\u00a0\u00a0\u00a0\u00a0\u00a0\u00a0\u00a0\u00a0\u00a0\u00a0\u00a0\u00a0\u00a0\u00a0\u00a0\u00a0\u00a0\u00a0\u00a0\u00a0\u00a0\u00a0\u00a0\u00a0\u00a0\u00a0\u00a0\u00a0\u00a0\u00a0\u00a0\u00a0\u00a0\u00a0\u00a0\u00a0\u00a0\u00a0 <\/span><\/p>\n<ul>\n<li style=\"text-align: justify;\"><span style=\"color: #000000;\">El d\u00eda 24 al 28 de Noviembre de cada a\u00f1o, se celebra la feria Titular de Santa Catalina La Tinta, en conmemoraci\u00f3n de la patrona Santa Catalina de Alejandr\u00ed<\/span><\/li>\n<li style=\"text-align: justify;\"><span style=\"color: #000000;\">El d\u00eda 15 de Enero de cada a\u00f1o se celebra el d\u00eda de nuestro se\u00f1or de Esquipul<\/span><\/li>\n<li style=\"text-align: justify;\"><span style=\"color: #000000;\">Semana Santa.<\/span><\/li>\n<li style=\"text-align: justify;\"><span style=\"color: #000000;\">El d\u00eda 1 (primero) de Junio de cada a\u00f1o se celebra el aniversario de Santa Catalina La Tinta, seg\u00fan el acta N 1-2000 de ese lugar.<\/span><\/li>\n<\/ul>\n<p style=\"text-align: center;\"><span style=\"color: #000000;\"><strong>COMERCIO<\/strong><\/span><\/p>\n<p style=\"text-align: justify;\"><span style=\"color: #000000;\">En el centro del Pueblo de Santa Catalina La Tinta se encuentran 3 (tres) mercados para comercio tales como venta de ropa, legumbres y otras ventas, y a la par del sal\u00f3n social se vende ganado de diferentes razas y en la calle principal frente a la municipalidad se encuentra toda clase de mercader\u00eda ambulante como HERRER\u00cdA, CORTES T\u00cdPICOS, ROPA AMERICANA, Y VENTA DE GRANOS B\u00c1SICOS.<\/span><\/p>\n<ol>\n<li><span style=\"color: #000000;\">Mercado solo para tien<\/span><\/li>\n<li><span style=\"color: #000000;\">Mercado solo para comedor<\/span><\/li>\n<li><span style=\"color: #000000;\">\u00c1reas para veh\u00edculos de transporte extra-urbano<\/span><\/li>\n<li><span style=\"color: #000000;\">\u00c1rea para carnicer\u00edas<\/span><\/li>\n<\/ol>\n<p style=\"text-align: center;\"><span style=\"color: #000000;\">\u00a0\u00a0\u00a0\u00a0\u00a0\u00a0\u00a0\u00a0\u00a0\u00a0\u00a0\u00a0\u00a0\u00a0\u00a0\u00a0\u00a0\u00a0\u00a0\u00a0\u00a0\u00a0\u00a0\u00a0\u00a0\u00a0\u00a0\u00a0\u00a0\u00a0\u00a0\u00a0\u00a0\u00a0\u00a0\u00a0\u00a0\u00a0\u00a0\u00a0\u00a0\u00a0\u00a0\u00a0\u00a0\u00a0\u00a0\u00a0<strong>\u00a0\u00a0 RANGO DE COMERCIO \u00a0<\/strong>\u00a0\u00a0\u00a0\u00a0\u00a0\u00a0\u00a0\u00a0\u00a0\u00a0\u00a0\u00a0\u00a0\u00a0\u00a0\u00a0\u00a0\u00a0\u00a0\u00a0\u00a0\u00a0\u00a0\u00a0\u00a0\u00a0\u00a0\u00a0\u00a0\u00a0\u00a0\u00a0\u00a0\u00a0\u00a0\u00a0\u00a0\u00a0\u00a0\u00a0\u00a0\u00a0\u00a0\u00a0\u00a0\u00a0\u00a0\u00a0 <\/span><\/p>\n<p><span style=\"color: #000000;\">300 Tiendas, centro urbano La Tinta <\/span><br \/>\n<span style=\"color: #000000;\">04 Farmacias las 24 horas<\/span><br \/>\n<span style=\"color: #000000;\">04 Veterinarias<\/span><br \/>\n<span style=\"color: #000000;\">01 Rastro Municipal<\/span><br \/>\n<span style=\"color: #000000;\">15 PICK\u2019 UPS, Ruta Viceversa, La Tinta \u2013 Telem\u00e1n <\/span><br \/>\n<span style=\"color: #000000;\">10 Pick\u2019 Ups, Ruta Viceversa, La Tinta \u2013 Tactic<\/span><br \/>\n<span style=\"color: #000000;\">05 Camiones, Ruta Viceversa, La Tinta \u2013 Camelia, Mocca, <\/span><br \/>\n<span style=\"color: #000000;\">05 Camiones, Ruta La Tinta \u2013 Cob\u00e1n<\/span><br \/>\n<span style=\"color: #000000;\">14 Comedores<\/span><br \/>\n<span style=\"color: #000000;\">01 Distribuidora de agua y cervezas, que se llama Distribuidora Gonz\u00e1les <\/span><br \/>\n<span style=\"color: #000000;\">04 Centros Comerciales<\/span><br \/>\n<span style=\"color: #000000;\">04 Zapater\u00edas<\/span><br \/>\n<span style=\"color: #000000;\">08 Carnicer\u00edas<\/span><br \/>\n<span style=\"color: #000000;\">04 Hoteles<\/span><br \/>\n<span style=\"color: #000000;\">01 Distribuidora de Cables, que se llama VERAVISI\u00d3N <\/span><br \/>\n<span style=\"color: #000000;\">03 Talleres mec\u00e1nicos y Enderezado y Pintura<\/span><br \/>\n<span style=\"color: #000000;\">06 Herrer\u00edas<\/span><br \/>\n<span style=\"color: #000000;\">01 Gasolinera<\/span><br \/>\n<span style=\"color: #000000;\">03 Granjas para aves de corral<\/span><br \/>\n<span style=\"color: #000000;\">02 Comercio para venta de bicicleta <\/span><br \/>\n<span style=\"color: #000000;\">02 Radio T\u00e9cnicos<\/span><br \/>\n<span style=\"color: #000000;\">06 Panader\u00edas<\/span><\/p>\n<p style=\"text-align: center;\"><span style=\"color: #000000;\">\u00a0\u00a0\u00a0\u00a0\u00a0\u00a0\u00a0\u00a0\u00a0\u00a0\u00a0\u00a0\u00a0\u00a0\u00a0 <strong>SU TRAJE T\u00cdPICO<\/strong><\/span><\/p>\n<p style=\"text-align: justify;\"><span style=\"color: #000000;\">LA TINTA: El corte significa la tinta y la obscuridad, el g\u00fcipil significa la vida, la sabidur\u00eda, pureza, el aire y el ma\u00edz blanco.<\/span><\/p>\n<p style=\"text-align: center;\"><span style=\"color: #000000;\"><img decoding=\"async\" loading=\"lazy\" class=\"alignnone size-medium wp-image-6341\" src=\"http:\/\/gobernacionaltaverapaz.gob.gt\/wp-content\/uploads\/2019\/07\/tipico-tinta-300x225.png\" alt=\"\" width=\"300\" height=\"225\" srcset=\"https:\/\/gobernacionaltaverapaz.gob.gt\/wp-content\/uploads\/2019\/07\/tipico-tinta-300x225.png 300w, https:\/\/gobernacionaltaverapaz.gob.gt\/wp-content\/uploads\/2019\/07\/tipico-tinta.png 320w\" sizes=\"(max-width: 300px) 100vw, 300px\" \/><\/span><\/p>\n<p style=\"text-align: center;\"><span style=\"color: #000000;\"><strong>RELIGI\u00d3N<\/strong><\/span><\/p>\n<p style=\"text-align: justify;\"><span style=\"color: #000000;\">En el municipio de Santa Catalina La Tinta, predominan varias religiones como: Cat\u00f3lica, de la Iglesia de Jesucristo de los Santos de los \u00faltimos d\u00edas, Testigos de Jehov\u00e1, Adventistas, denominaciones evang\u00e9licas como la Iglesia Nazarena, Pentecost\u00e9s, Independiente, Nueva Jerusal\u00e9n entre otras, sin embargo no se tiene datos de porcentaje de personas o miembros de cada religi\u00f3n.<\/span><\/p>\n<p>&nbsp;<\/p>\n<p style=\"text-align: center;\"><span style=\"color: #000000;\">\u00a0\u00a0\u00a0\u00a0\u00a0\u00a0\u00a0\u00a0\u00a0\u00a0\u00a0\u00a0\u00a0\u00a0\u00a0\u00a0\u00a0\u00a0\u00a0\u00a0\u00a0\u00a0\u00a0\u00a0\u00a0\u00a0\u00a0\u00a0\u00a0\u00a0\u00a0\u00a0\u00a0\u00a0\u00a0\u00a0\u00a0\u00a0\u00a0\u00a0\u00a0\u00a0\u00a0\u00a0\u00a0\u00a0\u00a0\u00a0\u00a0\u00a0\u00a0\u00a0\u00a0\u00a0\u00a0\u00a0\u00a0\u00a0\u00a0\u00a0<strong>\u00a0\u00a0\u00a0 SOCIALES \u00a0<\/strong>\u00a0\u00a0\u00a0\u00a0\u00a0\u00a0\u00a0\u00a0\u00a0\u00a0\u00a0\u00a0\u00a0\u00a0\u00a0\u00a0\u00a0\u00a0\u00a0\u00a0\u00a0\u00a0\u00a0\u00a0\u00a0\u00a0\u00a0\u00a0\u00a0\u00a0\u00a0\u00a0\u00a0\u00a0\u00a0\u00a0\u00a0\u00a0\u00a0\u00a0\u00a0\u00a0\u00a0\u00a0\u00a0\u00a0\u00a0\u00a0\u00a0\u00a0\u00a0\u00a0\u00a0\u00a0\u00a0\u00a0\u00a0\u00a0\u00a0\u00a0\u00a0<\/span><\/p>\n<p><span style=\"color: #000000;\"><strong>A<\/strong><strong>C<\/strong><strong>T<\/strong><strong>IVIDADES RECREATIVAS\u00a0\u00a0\u00a0\u00a0\u00a0\u00a0\u00a0\u00a0\u00a0\u00a0\u00a0\u00a0\u00a0\u00a0\u00a0\u00a0\u00a0\u00a0\u00a0\u00a0\u00a0\u00a0\u00a0\u00a0\u00a0\u00a0\u00a0\u00a0\u00a0\u00a0\u00a0\u00a0\u00a0\u00a0\u00a0\u00a0\u00a0\u00a0\u00a0\u00a0\u00a0\u00a0\u00a0\u00a0\u00a0\u00a0\u00a0\u00a0\u00a0\u00a0\u00a0\u00a0\u00a0\u00a0\u00a0\u00a0\u00a0\u00a0\u00a0\u00a0\u00a0\u00a0\u00a0\u00a0\u00a0\u00a0\u00a0\u00a0\u00a0\u00a0\u00a0\u00a0\u00a0\u00a0\u00a0\u00a0\u00a0\u00a0\u00a0\u00a0\u00a0\u00a0\u00a0\u00a0\u00a0\u00a0\u00a0 <\/strong><\/span><\/p>\n<p><span style=\"color: #000000;\"><strong>IDIOMA: <\/strong>Espa\u00f1ol, \u00a0Queq\u2019ch\u00ed, Pocomchi.<\/span><\/p>\n<p><span style=\"color: #000000;\"><strong>N\u00daMERO DE HABITANTES DE LENGUAS MAYAS<\/strong> \u00a0\u00a0\u00a0\u00a0\u00a0\u00a0\u00a0\u00a0\u00a0\u00a0\u00a0\u00a0\u00a0\u00a0\u00a0\u00a0\u00a0\u00a0\u00a0\u00a0\u00a0\u00a0\u00a0\u00a0\u00a0\u00a0\u00a0\u00a0\u00a0\u00a0\u00a0\u00a0\u00a0\u00a0\u00a0\u00a0\u00a0\u00a0\u00a0\u00a0\u00a0\u00a0\u00a0\u00a0\u00a0\u00a0\u00a0\u00a0\u00a0 <\/span><\/p>\n<p style=\"text-align: justify;\"><span style=\"color: #000000;\">La poblaci\u00f3n de la Tinta es ind\u00edgena de origen maya: 88% de Pueblo Quekch\u00ed, 9% de Pueblo Pocom, 3% de Pueblo ladino de habla castellana, y un porcentaje Cachiquel, Mam, Rabinal Ach\u00ed. Por lo tanto La Tinta es la base \u00a0del desarrollo en la zona del Polochic.<\/span><\/p>\n<p><span style=\"color: #000000;\"><strong>V\u00cdAS DE COMUNICACI\u00d3N Y TRANSPORTE\u00a0<\/strong>\u00a0\u00a0\u00a0\u00a0\u00a0\u00a0\u00a0\u00a0\u00a0\u00a0\u00a0\u00a0\u00a0\u00a0\u00a0\u00a0\u00a0\u00a0\u00a0\u00a0\u00a0\u00a0\u00a0\u00a0\u00a0\u00a0\u00a0\u00a0\u00a0\u00a0\u00a0\u00a0\u00a0\u00a0\u00a0\u00a0\u00a0\u00a0\u00a0\u00a0\u00a0\u00a0\u00a0\u00a0\u00a0\u00a0\u00a0\u00a0\u00a0\u00a0\u00a0\u00a0\u00a0\u00a0\u00a0\u00a0\u00a0\u00a0\u00a0\u00a0\u00a0 <\/span><\/p>\n<p style=\"text-align: justify;\"><span style=\"color: #000000;\">Las v\u00edas de comunicaci\u00f3n de varios lugares del \u00e1rea del Polochic son de terracer\u00eda, que nos comunican a la cabecera departamental, a la ciudad capital de Guatemala, al vecino municipio de El Estor Izabal y a la cabecera de Puerto Barrios, para la v\u00eda terrestre.<\/span><\/p>\n<p style=\"text-align: justify;\"><span style=\"color: #000000;\">Para llegar a la Tinta desde la ciudad de Guatemala se debe seguir la ruta del atl\u00e1ntico, desviarse en el Km 85 en el lugar llamado El Rancho, luego seguir la ruta de las Verapaces hasta un lugar llamado San Juli\u00e1n, desde all\u00ed se sigue por una carretera de Terracer\u00eda (Ruta 7 E) y luego de pasar por los municipios de Tamah\u00fa y Tucur\u00fa, se llega a la Tinta.<\/span><\/p>\n<p style=\"text-align: justify;\"><span style=\"color: #000000;\">Se pueden mencionar: tel\u00e9fonos comunitarios, ubicados en el barrio El Centro, Barrio La L\u00ednea, Barrio el Recreo, Parcelamiento Sacsuh\u00e1, Comunidad Salac II, adem\u00e1s de contar con estos tel\u00e9fonos con servicio irregular y deficiente, existe otro en la municipalidad sin funcionar.<\/span><\/p>\n<p style=\"text-align: justify;\"><span style=\"color: #000000;\">Adem\u00e1s cuenta con Emisoras de Radio, por ejemplo STEREO Polochic, STEREO Tzul-Tak\u00e1 a cargo de la Iglesia Cat\u00f3lica, y el Sistema de Cable VERAVISI\u00d3N (con 500 suscriptores aproximadamente.<\/span><\/p>\n<p><span style=\"color: #000000;\"><strong>SERVICIOS DE SALUD<\/strong> \u00a0\u00a0\u00a0\u00a0\u00a0\u00a0\u00a0\u00a0\u00a0\u00a0\u00a0\u00a0\u00a0\u00a0\u00a0\u00a0\u00a0\u00a0\u00a0\u00a0\u00a0\u00a0\u00a0\u00a0\u00a0\u00a0\u00a0\u00a0\u00a0\u00a0\u00a0\u00a0\u00a0\u00a0\u00a0\u00a0\u00a0\u00a0\u00a0\u00a0\u00a0\u00a0\u00a0\u00a0\u00a0\u00a0\u00a0\u00a0\u00a0\u00a0\u00a0\u00a0\u00a0\u00a0\u00a0\u00a0\u00a0\u00a0\u00a0\u00a0\u00a0\u00a0\u00a0\u00a0\u00a0\u00a0\u00a0\u00a0\u00a0\u00a0\u00a0\u00a0\u00a0\u00a0\u00a0\u00a0\u00a0\u00a0\u00a0\u00a0\u00a0\u00a0\u00a0\u00a0\u00a0\u00a0\u00a0\u00a0\u00a0\u00a0\u00a0\u00a0\u00a0\u00a0\u00a0\u00a0\u00a0\u00a0\u00a0\u00a0 <\/span><\/p>\n<ul>\n<li><span style=\"color: #000000;\">Puesto de primeros auxilios del IGSS<\/span><\/li>\n<li><span style=\"color: #000000;\">Hospital Integral (inaugurado en 1983)<\/span><\/li>\n<li><span style=\"color: #000000;\">Dos puestos Rurales<\/span><\/li>\n<\/ul>\n<p><span style=\"color: #000000;\"><strong>SEVICIOS B\u00c1SICOS \u00a0<\/strong>\u00a0\u00a0\u00a0\u00a0\u00a0\u00a0\u00a0\u00a0\u00a0\u00a0\u00a0\u00a0\u00a0\u00a0\u00a0\u00a0\u00a0\u00a0\u00a0\u00a0\u00a0\u00a0\u00a0\u00a0\u00a0\u00a0\u00a0\u00a0\u00a0\u00a0\u00a0\u00a0\u00a0\u00a0\u00a0\u00a0\u00a0\u00a0\u00a0\u00a0\u00a0\u00a0\u00a0\u00a0\u00a0\u00a0\u00a0\u00a0\u00a0\u00a0\u00a0\u00a0\u00a0\u00a0\u00a0\u00a0\u00a0\u00a0\u00a0\u00a0\u00a0\u00a0\u00a0\u00a0\u00a0\u00a0\u00a0\u00a0\u00a0\u00a0\u00a0\u00a0\u00a0\u00a0\u00a0\u00a0\u00a0\u00a0\u00a0\u00a0\u00a0\u00a0\u00a0\u00a0\u00a0\u00a0\u00a0\u00a0\u00a0\u00a0\u00a0\u00a0\u00a0\u00a0\u00a0\u00a0\u00a0\u00a0\u00a0\u00a0\u00a0\u00a0\u00a0\u00a0\u00a0\u00a0\u00a0<\/span><\/p>\n<ul>\n<li style=\"text-align: justify;\"><span style=\"color: #000000;\">Cabecera municipal y varias comunidades del \u00e1rea rural tienen el servicio de energ\u00eda el\u00e9ctrica a trav\u00e9s de DEORSA.<\/span><\/li>\n<li style=\"text-align: justify;\"><span style=\"color: #000000;\">Agua Potable.<\/span><\/li>\n<li style=\"text-align: justify;\"><span style=\"color: #000000;\">Recolecci\u00f3n de basura (tren de aseo municipal).<\/span><\/li>\n<\/ul>\n<p style=\"text-align: center;\"><span style=\"color: #000000;\"><strong>TIPO DE ALUMBRADO<\/strong><\/span><\/p>\n<p style=\"text-align: center;\"><span style=\"color: #000000;\"><img decoding=\"async\" loading=\"lazy\" class=\"alignnone wp-image-6342 size-full\" src=\"http:\/\/gobernacionaltaverapaz.gob.gt\/wp-content\/uploads\/2019\/07\/tinta001.jpg\" alt=\"\" width=\"634\" height=\"96\" srcset=\"https:\/\/gobernacionaltaverapaz.gob.gt\/wp-content\/uploads\/2019\/07\/tinta001.jpg 634w, https:\/\/gobernacionaltaverapaz.gob.gt\/wp-content\/uploads\/2019\/07\/tinta001-300x45.jpg 300w\" sizes=\"(max-width: 634px) 100vw, 634px\" \/><\/span><\/p>\n<p style=\"text-align: center;\">\n<span style=\"color: #000000;\"><strong>FORMA ELIMINACI\u00d3N DE BASURA<\/strong><\/span><\/p>\n<p style=\"text-align: center;\"><span style=\"color: #000000;\"><img decoding=\"async\" loading=\"lazy\" class=\"alignnone wp-image-6343 size-full\" src=\"http:\/\/gobernacionaltaverapaz.gob.gt\/wp-content\/uploads\/2019\/07\/tinta002.jpg\" alt=\"\" width=\"433\" height=\"173\" srcset=\"https:\/\/gobernacionaltaverapaz.gob.gt\/wp-content\/uploads\/2019\/07\/tinta002.jpg 433w, https:\/\/gobernacionaltaverapaz.gob.gt\/wp-content\/uploads\/2019\/07\/tinta002-300x120.jpg 300w\" sizes=\"(max-width: 433px) 100vw, 433px\" \/><\/span><\/p>\n<p style=\"text-align: center;\">\n<span style=\"color: #000000;\"><strong>HOGARES CON SERVICIO DE AGUA<\/strong><\/span><\/p>\n<p style=\"text-align: center;\"><span style=\"color: #000000;\"><img decoding=\"async\" loading=\"lazy\" class=\"alignnone wp-image-6344 size-full\" src=\"http:\/\/gobernacionaltaverapaz.gob.gt\/wp-content\/uploads\/2019\/07\/tinta003.jpg\" alt=\"\" width=\"486\" height=\"201\" srcset=\"https:\/\/gobernacionaltaverapaz.gob.gt\/wp-content\/uploads\/2019\/07\/tinta003.jpg 486w, https:\/\/gobernacionaltaverapaz.gob.gt\/wp-content\/uploads\/2019\/07\/tinta003-300x124.jpg 300w\" sizes=\"(max-width: 486px) 100vw, 486px\" \/><\/span><\/p>\n<p style=\"text-align: center;\">\n<span style=\"color: #000000;\"><strong>HOGARES POR TIPO DE SANITARIO<\/strong><\/span><\/p>\n<p style=\"text-align: center;\"><span style=\"color: #000000;\"><img decoding=\"async\" loading=\"lazy\" class=\"alignnone wp-image-6345 size-full\" src=\"http:\/\/gobernacionaltaverapaz.gob.gt\/wp-content\/uploads\/2019\/07\/tinta004.jpg\" alt=\"\" width=\"522\" height=\"320\" srcset=\"https:\/\/gobernacionaltaverapaz.gob.gt\/wp-content\/uploads\/2019\/07\/tinta004.jpg 522w, https:\/\/gobernacionaltaverapaz.gob.gt\/wp-content\/uploads\/2019\/07\/tinta004-300x184.jpg 300w\" sizes=\"(max-width: 522px) 100vw, 522px\" \/><\/span><\/p>\n<p style=\"text-align: left;\">\n<span style=\"color: #000000;\"><strong>SERVICIOS BANCARIOS Y FINANCIEROS<\/strong><\/span><\/p>\n<ul>\n<li><span style=\"color: #000000;\">Banco de Desarrollo Rural BANRURAL<\/span><\/li>\n<li><span style=\"color: #000000;\">Asociaci\u00f3n de Cooperaci\u00f3n t\u00e9cnica ACT<\/span><\/li>\n<li><span style=\"color: #000000;\">Corporaci\u00f3n G\u00e9nesis Empresarial.<\/span><\/li>\n<\/ul>\n<p><span style=\"color: #000000;\"><strong>FUERZAS DE SEGURIDAD\u00a0\u00a0\u00a0<\/strong>\u00a0\u00a0\u00a0\u00a0\u00a0\u00a0\u00a0\u00a0\u00a0\u00a0\u00a0\u00a0\u00a0\u00a0\u00a0\u00a0\u00a0\u00a0\u00a0\u00a0\u00a0\u00a0\u00a0\u00a0\u00a0\u00a0\u00a0\u00a0\u00a0\u00a0\u00a0\u00a0\u00a0\u00a0\u00a0\u00a0\u00a0\u00a0\u00a0\u00a0\u00a0\u00a0\u00a0\u00a0\u00a0\u00a0\u00a0\u00a0\u00a0\u00a0\u00a0\u00a0\u00a0\u00a0\u00a0\u00a0\u00a0\u00a0\u00a0\u00a0\u00a0\u00a0\u00a0\u00a0\u00a0\u00a0\u00a0\u00a0\u00a0\u00a0\u00a0\u00a0\u00a0\u00a0\u00a0\u00a0\u00a0\u00a0\u00a0\u00a0\u00a0\u00a0\u00a0\u00a0\u00a0\u00a0\u00a0\u00a0\u00a0 <\/span><\/p>\n<p><span style=\"color: #000000;\">Actualmente tiene presencia la Polic\u00eda Nacional Civil.<\/span><\/p>\n<p>&nbsp;<\/p>\n<p style=\"text-align: center;\"><span style=\"color: #000000;\">\u00a0\u00a0\u00a0\u00a0\u00a0\u00a0\u00a0\u00a0\u00a0\u00a0\u00a0\u00a0\u00a0\u00a0\u00a0\u00a0\u00a0\u00a0\u00a0\u00a0\u00a0\u00a0\u00a0\u00a0\u00a0\u00a0\u00a0\u00a0\u00a0\u00a0\u00a0\u00a0\u00a0\u00a0\u00a0\u00a0\u00a0\u00a0\u00a0\u00a0\u00a0\u00a0\u00a0\u00a0\u00a0\u00a0\u00a0<strong> ATRACTIVOS TUR\u00cdSTICOS\u00a0<\/strong>\u00a0\u00a0\u00a0\u00a0\u00a0\u00a0\u00a0\u00a0\u00a0\u00a0\u00a0\u00a0\u00a0\u00a0\u00a0\u00a0\u00a0\u00a0\u00a0\u00a0\u00a0\u00a0\u00a0\u00a0\u00a0\u00a0\u00a0\u00a0\u00a0\u00a0\u00a0\u00a0\u00a0\u00a0\u00a0\u00a0\u00a0\u00a0\u00a0\u00a0\u00a0\u00a0\u00a0 <\/span><\/p>\n<p><span style=\"color: #000000;\"><strong>PRINCIPALES ACTIVIDADES \u00a0\u00a0\u00a0\u00a0\u00a0\u00a0\u00a0\u00a0\u00a0\u00a0\u00a0\u00a0\u00a0\u00a0\u00a0\u00a0\u00a0\u00a0\u00a0\u00a0\u00a0\u00a0\u00a0\u00a0\u00a0\u00a0\u00a0\u00a0\u00a0\u00a0\u00a0\u00a0\u00a0\u00a0\u00a0\u00a0\u00a0\u00a0\u00a0\u00a0\u00a0\u00a0\u00a0\u00a0\u00a0\u00a0\u00a0\u00a0\u00a0\u00a0\u00a0\u00a0\u00a0\u00a0\u00a0\u00a0\u00a0\u00a0\u00a0\u00a0\u00a0\u00a0\u00a0\u00a0\u00a0\u00a0\u00a0\u00a0\u00a0\u00a0\u00a0\u00a0\u00a0\u00a0\u00a0\u00a0\u00a0\u00a0\u00a0\u00a0\u00a0\u00a0\u00a0\u00a0\u00a0\u00a0\u00a0\u00a0\u00a0 <\/strong><\/span><\/p>\n<p style=\"text-align: justify;\"><span style=\"color: #000000;\">Las actividades m\u00e1s realizadas en el municipio de santa Catalina La Tinta son las siguientes:<\/span><\/p>\n<ul>\n<li style=\"text-align: justify;\"><span style=\"color: #000000;\"><strong>A<\/strong><strong>G<\/strong><strong>R<\/strong><strong>\u00cdCOLA: <\/strong>Ya que la mayor\u00eda de la poblaci\u00f3n realiza labores agr\u00edcolas, entre \u00e9stas est\u00e1 el cultivo de ma\u00edz, frijol, chile, hortaliza, pl\u00e1tano, yuca, cardamomo y caf\u00e9 en la parte alta de la cabecera municipal.<\/span><\/li>\n<li style=\"text-align: justify;\"><span style=\"color: #000000;\"><strong>G<\/strong><strong>A<\/strong><strong>N<\/strong><strong>A<\/strong><strong>D<\/strong><strong>E<\/strong><strong>R<\/strong><strong>A<\/strong><strong>: <\/strong>Esta crianza ganado se realiza en el centro urbano de La Tinta y en el valle del r\u00edo Polochic.<\/span><\/li>\n<li style=\"text-align: justify;\"><span style=\"color: #000000;\"><strong>A<\/strong><strong>R<\/strong><strong>T<\/strong><strong>ESANAL: <\/strong>Hay personas que realizan labores en fabricaci\u00f3n de block con moldes manual<\/span><\/li>\n<li style=\"text-align: justify;\"><span style=\"color: #000000;\"><strong>F<\/strong><strong>A<\/strong><strong>B<\/strong><strong>R<\/strong><strong>ICACI\u00d3N DE TRAJES T\u00cdPICOS: <\/strong>Como cortes t\u00edpicos, esto se hace en la Comunidad o Caser\u00edo de Matucuy<\/span><\/li>\n<li style=\"text-align: justify;\"><span style=\"color: #000000;\"><strong>M<\/strong><strong>A<\/strong><strong>NT<\/strong><strong>ELES T\u00cdPICOS: <\/strong>Esto Se hace en la comunidad de San Antonio I, con el apoyo de ADEEC.<\/span><\/li>\n<li style=\"text-align: justify;\"><span style=\"color: #000000;\"><strong>PISCICULTURA: <\/strong>Hay personas que realizan esta clase de crianza de peces entre estos citamos \u00e1rea urbana y la comunidad o caser\u00edo de Saquina Papalh\u00e1, de este municipio.<\/span><\/li>\n<\/ul>\n<p style=\"text-align: center;\"><span style=\"color: #000000;\"><strong>VIVIENDA<\/strong><\/span><\/p>\n<p style=\"text-align: center;\"><span style=\"color: #000000;\"><strong>TIPO DE VIVIENDA<\/strong><\/span><\/p>\n<p style=\"text-align: center;\"><span style=\"color: #000000;\"><img decoding=\"async\" loading=\"lazy\" class=\"alignnone wp-image-6346 size-full\" src=\"http:\/\/gobernacionaltaverapaz.gob.gt\/wp-content\/uploads\/2019\/07\/tinta005.jpg\" alt=\"\" width=\"556\" height=\"176\" srcset=\"https:\/\/gobernacionaltaverapaz.gob.gt\/wp-content\/uploads\/2019\/07\/tinta005.jpg 556w, https:\/\/gobernacionaltaverapaz.gob.gt\/wp-content\/uploads\/2019\/07\/tinta005-300x95.jpg 300w\" sizes=\"(max-width: 556px) 100vw, 556px\" \/><\/span><\/p>\n<p style=\"text-align: center;\"><span style=\"color: #000000;\"><strong>MATERIAL PREDOMINANTE EN LAS PAREDES EXTERIORES<\/strong><\/span><\/p>\n<p style=\"text-align: center;\"><span style=\"color: #000000;\"><img decoding=\"async\" loading=\"lazy\" class=\"alignnone wp-image-6347 size-full\" src=\"http:\/\/gobernacionaltaverapaz.gob.gt\/wp-content\/uploads\/2019\/07\/tinta006.jpg\" alt=\"\" width=\"552\" height=\"277\" srcset=\"https:\/\/gobernacionaltaverapaz.gob.gt\/wp-content\/uploads\/2019\/07\/tinta006.jpg 552w, https:\/\/gobernacionaltaverapaz.gob.gt\/wp-content\/uploads\/2019\/07\/tinta006-300x151.jpg 300w\" sizes=\"(max-width: 552px) 100vw, 552px\" \/><\/span><\/p>\n<p style=\"text-align: center;\">\n<span style=\"color: #000000;\"><strong>MATERIAL PREDOMINANTE EN EL TECHO<\/strong><\/span><\/p>\n<p style=\"text-align: center;\"><span style=\"color: #000000;\"><img decoding=\"async\" loading=\"lazy\" class=\"alignnone wp-image-6348 size-full\" src=\"http:\/\/gobernacionaltaverapaz.gob.gt\/wp-content\/uploads\/2019\/07\/tinta007.jpg\" alt=\"\" width=\"553\" height=\"209\" srcset=\"https:\/\/gobernacionaltaverapaz.gob.gt\/wp-content\/uploads\/2019\/07\/tinta007.jpg 553w, https:\/\/gobernacionaltaverapaz.gob.gt\/wp-content\/uploads\/2019\/07\/tinta007-300x113.jpg 300w\" sizes=\"(max-width: 553px) 100vw, 553px\" \/><\/span><\/p>\n<p style=\"text-align: center;\">\n<span style=\"color: #000000;\"><strong>MATERIAL PREDOMINANTE EN EL PISO<\/strong><\/span><\/p>\n<p style=\"text-align: center;\"><span style=\"color: #000000;\"><img decoding=\"async\" loading=\"lazy\" class=\"alignnone wp-image-6349 size-full\" src=\"http:\/\/gobernacionaltaverapaz.gob.gt\/wp-content\/uploads\/2019\/07\/tinta008.jpg\" alt=\"\" width=\"571\" height=\"276\" srcset=\"https:\/\/gobernacionaltaverapaz.gob.gt\/wp-content\/uploads\/2019\/07\/tinta008.jpg 571w, https:\/\/gobernacionaltaverapaz.gob.gt\/wp-content\/uploads\/2019\/07\/tinta008-300x145.jpg 300w\" sizes=\"(max-width: 571px) 100vw, 571px\" \/><\/span><\/p>\n<p style=\"text-align: center;\">\n<span style=\"color: #000000;\"><strong>TOTAL DE LUGARES POBLADOS (aproximadamente) Censos\u201994<\/strong><\/span><\/p>\n<p style=\"text-align: center;\"><span style=\"color: #000000;\"><img decoding=\"async\" loading=\"lazy\" class=\"alignnone wp-image-6350 size-full\" src=\"http:\/\/gobernacionaltaverapaz.gob.gt\/wp-content\/uploads\/2019\/07\/tinta010.jpg\" alt=\"\" width=\"314\" height=\"100\" srcset=\"https:\/\/gobernacionaltaverapaz.gob.gt\/wp-content\/uploads\/2019\/07\/tinta010.jpg 314w, https:\/\/gobernacionaltaverapaz.gob.gt\/wp-content\/uploads\/2019\/07\/tinta010-300x96.jpg 300w\" sizes=\"(max-width: 314px) 100vw, 314px\" \/><\/span><\/p>\n<p style=\"text-align: center;\">\n<span style=\"color: #000000;\"><strong>POBLACI\u00d3N (Censos-2002) <\/strong><\/span><\/p>\n<p style=\"text-align: left;\"><span style=\"color: #000000;\"><strong>POBLACI\u00d3N POR SEXO<\/strong><\/span><\/p>\n<p style=\"text-align: center;\"><span style=\"color: #000000;\"><img decoding=\"async\" loading=\"lazy\" class=\"alignnone wp-image-6351 size-full\" src=\"http:\/\/gobernacionaltaverapaz.gob.gt\/wp-content\/uploads\/2019\/07\/tinta011.jpg\" alt=\"\" width=\"334\" height=\"81\" srcset=\"https:\/\/gobernacionaltaverapaz.gob.gt\/wp-content\/uploads\/2019\/07\/tinta011.jpg 334w, https:\/\/gobernacionaltaverapaz.gob.gt\/wp-content\/uploads\/2019\/07\/tinta011-300x73.jpg 300w\" sizes=\"(max-width: 334px) 100vw, 334px\" \/><\/span><\/p>\n<p><span style=\"color: #000000;\"><strong>POBLACI\u00d3N POR GRUPO \u00c9TNICO<\/strong><\/span><\/p>\n<p style=\"text-align: center;\"><span style=\"color: #000000;\"><img decoding=\"async\" loading=\"lazy\" class=\"alignnone wp-image-6352 size-full\" src=\"http:\/\/gobernacionaltaverapaz.gob.gt\/wp-content\/uploads\/2019\/07\/tinta012.jpg\" alt=\"\" width=\"409\" height=\"81\" srcset=\"https:\/\/gobernacionaltaverapaz.gob.gt\/wp-content\/uploads\/2019\/07\/tinta012.jpg 409w, https:\/\/gobernacionaltaverapaz.gob.gt\/wp-content\/uploads\/2019\/07\/tinta012-300x59.jpg 300w\" sizes=\"(max-width: 409px) 100vw, 409px\" \/><\/span><\/p>\n<p><span style=\"color: #000000;\"><strong>POBLACI\u00d3N POR PERTENENCIA \u00c9TNICA <\/strong><\/span><\/p>\n<p style=\"text-align: center;\"><span style=\"color: #000000;\"><img decoding=\"async\" loading=\"lazy\" class=\"alignnone wp-image-6353 size-full\" src=\"http:\/\/gobernacionaltaverapaz.gob.gt\/wp-content\/uploads\/2019\/07\/tinta013.jpg\" alt=\"\" width=\"526\" height=\"82\" srcset=\"https:\/\/gobernacionaltaverapaz.gob.gt\/wp-content\/uploads\/2019\/07\/tinta013.jpg 526w, https:\/\/gobernacionaltaverapaz.gob.gt\/wp-content\/uploads\/2019\/07\/tinta013-300x47.jpg 300w\" sizes=\"(max-width: 526px) 100vw, 526px\" \/><\/span><\/p>\n<p><span style=\"color: #000000;\"><strong>POBLACI\u00d3N POR \u00c1REA<\/strong><\/span><\/p>\n<p style=\"text-align: center;\"><span style=\"color: #000000;\"><img decoding=\"async\" loading=\"lazy\" class=\"alignnone wp-image-6354 size-full\" src=\"http:\/\/gobernacionaltaverapaz.gob.gt\/wp-content\/uploads\/2019\/07\/tinta014.jpg\" alt=\"\" width=\"342\" height=\"76\" srcset=\"https:\/\/gobernacionaltaverapaz.gob.gt\/wp-content\/uploads\/2019\/07\/tinta014.jpg 342w, https:\/\/gobernacionaltaverapaz.gob.gt\/wp-content\/uploads\/2019\/07\/tinta014-300x67.jpg 300w\" sizes=\"(max-width: 342px) 100vw, 342px\" \/><\/span><\/p>\n<p><span style=\"color: #000000;\"><strong>POBLACI\u00d3N POR GRUPOS DE EDAD<\/strong><\/span><\/p>\n<p style=\"text-align: center;\"><span style=\"color: #000000;\"><img decoding=\"async\" loading=\"lazy\" class=\"alignnone wp-image-6355 size-full\" src=\"http:\/\/gobernacionaltaverapaz.gob.gt\/wp-content\/uploads\/2019\/07\/tinta015.jpg\" alt=\"\" width=\"472\" height=\"430\" srcset=\"https:\/\/gobernacionaltaverapaz.gob.gt\/wp-content\/uploads\/2019\/07\/tinta015.jpg 472w, https:\/\/gobernacionaltaverapaz.gob.gt\/wp-content\/uploads\/2019\/07\/tinta015-300x273.jpg 300w\" sizes=\"(max-width: 472px) 100vw, 472px\" \/><\/span><\/p>\n<p style=\"text-align: center;\"><span style=\"color: #000000;\"><strong>POBLACI\u00d3N ECON\u00d3MICAMENTE ACTIVA<\/strong> (Poblaci\u00f3n de 7 a\u00f1os y m\u00e1s de edad)<\/span><\/p>\n<p style=\"text-align: center;\"><span style=\"color: #000000;\"><img decoding=\"async\" loading=\"lazy\" class=\"alignnone wp-image-6356 size-full\" src=\"http:\/\/gobernacionaltaverapaz.gob.gt\/wp-content\/uploads\/2019\/07\/tinta016.jpg\" alt=\"\" width=\"356\" height=\"87\" srcset=\"https:\/\/gobernacionaltaverapaz.gob.gt\/wp-content\/uploads\/2019\/07\/tinta016.jpg 356w, https:\/\/gobernacionaltaverapaz.gob.gt\/wp-content\/uploads\/2019\/07\/tinta016-300x73.jpg 300w\" sizes=\"(max-width: 356px) 100vw, 356px\" \/><\/span><\/p>\n<p style=\"text-align: center;\"><span style=\"color: #000000;\"><strong>POBLACI\u00d3N QUE APRENDI\u00d3 A HABLAR UN IDIOMA MAYA<\/strong><\/span><\/p>\n<p style=\"text-align: center;\"><span style=\"color: #000000;\"><img decoding=\"async\" loading=\"lazy\" class=\"alignnone wp-image-6357 size-full\" src=\"http:\/\/gobernacionaltaverapaz.gob.gt\/wp-content\/uploads\/2019\/07\/tinta017.jpg\" alt=\"\" width=\"384\" height=\"88\" srcset=\"https:\/\/gobernacionaltaverapaz.gob.gt\/wp-content\/uploads\/2019\/07\/tinta017.jpg 384w, https:\/\/gobernacionaltaverapaz.gob.gt\/wp-content\/uploads\/2019\/07\/tinta017-300x69.jpg 300w\" sizes=\"(max-width: 384px) 100vw, 384px\" \/><\/span><\/p>\n<p style=\"text-align: center;\">\n<span style=\"color: #000000;\"><strong>Pobreza 2008<\/strong><\/span><\/p>\n<p style=\"text-align: right;\"><span style=\"color: #000000;\"><img decoding=\"async\" loading=\"lazy\" class=\"aligncenter wp-image-6358 size-full\" src=\"http:\/\/gobernacionaltaverapaz.gob.gt\/wp-content\/uploads\/2019\/07\/tinta018.jpg\" alt=\"\" width=\"311\" height=\"102\" srcset=\"https:\/\/gobernacionaltaverapaz.gob.gt\/wp-content\/uploads\/2019\/07\/tinta018.jpg 311w, https:\/\/gobernacionaltaverapaz.gob.gt\/wp-content\/uploads\/2019\/07\/tinta018-300x98.jpg 300w\" sizes=\"(max-width: 311px) 100vw, 311px\" \/>Fuente: Censos Urbanos y Rurales 2008.<\/span><\/p>\n<p>&nbsp;<\/p>\n<p style=\"text-align: center;\"><span style=\"color: #000000;\"><strong>TASAS 2015<\/strong><\/span><\/p>\n<p style=\"text-align: center;\"><span style=\"color: #000000;\"><img decoding=\"async\" loading=\"lazy\" class=\"alignnone wp-image-6359 size-full\" src=\"http:\/\/gobernacionaltaverapaz.gob.gt\/wp-content\/uploads\/2019\/07\/tinta019.jpg\" alt=\"\" width=\"523\" height=\"164\" srcset=\"https:\/\/gobernacionaltaverapaz.gob.gt\/wp-content\/uploads\/2019\/07\/tinta019.jpg 523w, https:\/\/gobernacionaltaverapaz.gob.gt\/wp-content\/uploads\/2019\/07\/tinta019-300x94.jpg 300w\" sizes=\"(max-width: 523px) 100vw, 523px\" \/><\/span><br \/>\n<span style=\"color: #000000;\">Fuente: Memoria de Labores 2015, Direcci\u00f3n de \u00c1rea de Salud<\/span><\/p>\n<p>&nbsp;<\/p>\n<p style=\"text-align: center;\"><span style=\"color: #000000;\"><strong>EDUCACI\u00d3N<\/strong><\/span><\/p>\n<p><span style=\"color: #000000;\"><strong>A<\/strong><strong>N<\/strong><strong>A<\/strong><strong>L<\/strong><strong>F<\/strong><strong>A<\/strong><strong>B<\/strong><strong>ETISMO:\u00a0\u00a0\u00a0 (Poblaci\u00f3n de 7 a\u00f1os y m\u00e1s de edad)<\/strong><\/span><\/p>\n<p style=\"text-align: center;\"><span style=\"color: #000000;\"><img decoding=\"async\" loading=\"lazy\" class=\"alignnone wp-image-6360 size-full\" src=\"http:\/\/gobernacionaltaverapaz.gob.gt\/wp-content\/uploads\/2019\/07\/tinta020.jpg\" alt=\"\" width=\"355\" height=\"74\" srcset=\"https:\/\/gobernacionaltaverapaz.gob.gt\/wp-content\/uploads\/2019\/07\/tinta020.jpg 355w, https:\/\/gobernacionaltaverapaz.gob.gt\/wp-content\/uploads\/2019\/07\/tinta020-300x63.jpg 300w\" sizes=\"(max-width: 355px) 100vw, 355px\" \/><\/span><\/p>\n<p><span style=\"color: #000000;\"><strong>NIVEL DE ESCOLARIDAD<\/strong><\/span><\/p>\n<p style=\"text-align: center;\"><span style=\"color: #000000;\"><img decoding=\"async\" loading=\"lazy\" class=\"alignnone wp-image-6361 size-full\" src=\"http:\/\/gobernacionaltaverapaz.gob.gt\/wp-content\/uploads\/2019\/07\/tinta021.jpg\" alt=\"\" width=\"438\" height=\"172\" srcset=\"https:\/\/gobernacionaltaverapaz.gob.gt\/wp-content\/uploads\/2019\/07\/tinta021.jpg 438w, https:\/\/gobernacionaltaverapaz.gob.gt\/wp-content\/uploads\/2019\/07\/tinta021-300x118.jpg 300w\" sizes=\"(max-width: 438px) 100vw, 438px\" \/><\/span><\/p>\n<p style=\"text-align: center;\">\n<span style=\"color: #000000;\"><strong>Establecimientos Abiertos y Nivel Educativo 2012<br \/>\n<\/strong><\/span><br \/>\n<span style=\"color: #000000;\"><img decoding=\"async\" loading=\"lazy\" class=\"alignnone wp-image-6362 size-full\" src=\"http:\/\/gobernacionaltaverapaz.gob.gt\/wp-content\/uploads\/2019\/07\/tinta022.jpg\" alt=\"\" width=\"352\" height=\"149\" srcset=\"https:\/\/gobernacionaltaverapaz.gob.gt\/wp-content\/uploads\/2019\/07\/tinta022.jpg 352w, https:\/\/gobernacionaltaverapaz.gob.gt\/wp-content\/uploads\/2019\/07\/tinta022-300x127.jpg 300w\" sizes=\"(max-width: 352px) 100vw, 352px\" \/>Fuente: Mineduc 2012.<\/span><\/p>\n<p style=\"text-align: justify;\"><span style=\"color: #000000;\">El Ministerio de Educaci\u00f3n, Distrito Escolar 16-07-03, con sede en la cabecera Municipal, tiene a su cargo la Supervisi\u00f3n de 2 Escuelas Urbanas, 13 Escuelas Rurales y 4 Escuelas de autogesti\u00f3n. Uno Instituto de nivel b\u00e1sico o Cultura General por Sistema de Cooperativa, un Instituto Privado de Formaci\u00f3n Magisterial, tres Escuelas privadas y una extensi\u00f3n del Instituto Guatemalteco de Educaci\u00f3n Radiof\u00f3nica \u00a0IGER.<\/span><\/p>\n<p style=\"text-align: center;\"><span style=\"color: #000000;\"><img decoding=\"async\" loading=\"lazy\" class=\"alignnone  wp-image-5716\" src=\"http:\/\/gobernacionaltaverapaz.gob.gt\/wp-content\/uploads\/2019\/06\/ine-300x300.png\" alt=\"\" width=\"84\" height=\"84\" srcset=\"https:\/\/gobernacionaltaverapaz.gob.gt\/wp-content\/uploads\/2019\/06\/ine-300x300.png 300w, https:\/\/gobernacionaltaverapaz.gob.gt\/wp-content\/uploads\/2019\/06\/ine-150x150.png 150w, https:\/\/gobernacionaltaverapaz.gob.gt\/wp-content\/uploads\/2019\/06\/ine-80x80.png 80w, https:\/\/gobernacionaltaverapaz.gob.gt\/wp-content\/uploads\/2019\/06\/ine.png 330w\" sizes=\"(max-width: 84px) 100vw, 84px\" \/><\/span><\/p>\n","protected":false},"excerpt":{"rendered":"<p>LA TINTA \u00a0\u00a0\u00a0\u00a0\u00a0\u00a0\u00a0\u00a0\u00a0\u00a0\u00a0\u00a0\u00a0\u00a0\u00a0\u00a0\u00a0\u00a0\u00a0\u00a0\u00a0\u00a0\u00a0\u00a0\u00a0\u00a0\u00a0\u00a0\u00a0\u00a0\u00a0\u00a0\u00a0\u00a0\u00a0\u00a0\u00a0\u00a0\u00a0\u00a0\u00a0\u00a0\u00a0\u00a0\u00a0\u00a0\u00a0\u00a0\u00a0\u00a0\u00a0\u00a0\u00a0\u00a0\u00a0\u00a0 BREVE RESE\u00d1A HIST\u00d3RICA \u00a0 \u00a0 \u00a0 \u00a0 \u00a0 \u00a0 \u00a0 \u00a0 \u00a0 \u00a0 \u00a0\u00a0 \u00a0\u00a0\u00a0\u00a0\u00a0\u00a0\u00a0\u00a0\u00a0\u00a0\u00a0\u00a0\u00a0\u00a0\u00a0\u00a0\u00a0\u00a0\u00a0\u00a0\u00a0\u00a0\u00a0\u00a0\u00a0\u00a0\u00a0\u00a0\u00a0\u00a0\u00a0\u00a0\u00a0\u00a0 La Tinta fue fundada hace mas de cien a\u00f1os el 14 de Agosto de 1,896 por el se\u00f1or Erwin Pablo Dieseldorf de origen alem\u00e1n y radicado en Cob\u00e1n quien contaba con propiedades en el lugar donde se [&hellip;]<\/p>\n","protected":false},"author":1,"featured_media":0,"parent":0,"menu_order":0,"comment_status":"closed","ping_status":"closed","template":"","meta":[],"_links":{"self":[{"href":"https:\/\/gobernacionaltaverapaz.gob.gt\/index.php?rest_route=\/wp\/v2\/pages\/6338"}],"collection":[{"href":"https:\/\/gobernacionaltaverapaz.gob.gt\/index.php?rest_route=\/wp\/v2\/pages"}],"about":[{"href":"https:\/\/gobernacionaltaverapaz.gob.gt\/index.php?rest_route=\/wp\/v2\/types\/page"}],"author":[{"embeddable":true,"href":"https:\/\/gobernacionaltaverapaz.gob.gt\/index.php?rest_route=\/wp\/v2\/users\/1"}],"replies":[{"embeddable":true,"href":"https:\/\/gobernacionaltaverapaz.gob.gt\/index.php?rest_route=%2Fwp%2Fv2%2Fcomments&post=6338"}],"version-history":[{"count":1,"href":"https:\/\/gobernacionaltaverapaz.gob.gt\/index.php?rest_route=\/wp\/v2\/pages\/6338\/revisions"}],"predecessor-version":[{"id":6365,"href":"https:\/\/gobernacionaltaverapaz.gob.gt\/index.php?rest_route=\/wp\/v2\/pages\/6338\/revisions\/6365"}],"wp:attachment":[{"href":"https:\/\/gobernacionaltaverapaz.gob.gt\/index.php?rest_route=%2Fwp%2Fv2%2Fmedia&parent=6338"}],"curies":[{"name":"wp","href":"https:\/\/api.w.org\/{rel}","templated":true}]}}