{"id":6366,"date":"2019-07-10T15:01:39","date_gmt":"2019-07-10T21:01:39","guid":{"rendered":"http:\/\/gobernacionaltaverapaz.gob.gt\/?page_id=6366"},"modified":"2019-07-10T15:01:39","modified_gmt":"2019-07-10T21:01:39","slug":"6366-2","status":"publish","type":"page","link":"https:\/\/gobernacionaltaverapaz.gob.gt\/?page_id=6366","title":{"rendered":""},"content":{"rendered":"<p style=\"margin: 0cm; margin-bottom: .0001pt; text-align: center;\" align=\"center\"><span style=\"font-size: 36.0pt; font-family: 'Impact','sans-serif'; color: #0066cc;\">RAXRUH\u00c1<br \/>\n<\/span><\/p>\n<p align=\"center\"><img decoding=\"async\" loading=\"lazy\" class=\"alignnone wp-image-6367 size-full\" src=\"http:\/\/gobernacionaltaverapaz.gob.gt\/wp-content\/uploads\/2019\/07\/raxruha000.jpg\" alt=\"\" width=\"504\" height=\"192\" srcset=\"https:\/\/gobernacionaltaverapaz.gob.gt\/wp-content\/uploads\/2019\/07\/raxruha000.jpg 504w, https:\/\/gobernacionaltaverapaz.gob.gt\/wp-content\/uploads\/2019\/07\/raxruha000-300x114.jpg 300w\" sizes=\"(max-width: 504px) 100vw, 504px\" \/><\/p>\n<p style=\"text-align: center;\"><span style=\"color: #000000;\"><strong>ETIMOLOG\u00cdA DE SU NOMBRE<\/strong><\/span><\/p>\n<p><span style=\"color: #000000;\">Vocablo Q\u2019eqch\u00ed que traducido al espa\u00f1ol significa \u201cAgua Verde\u201d.<\/span><\/p>\n<p>&nbsp;<\/p>\n<p style=\"text-align: center;\"><span style=\"color: #000000;\">\u00a0\u00a0\u00a0\u00a0\u00a0\u00a0\u00a0\u00a0\u00a0\u00a0\u00a0\u00a0\u00a0\u00a0\u00a0\u00a0\u00a0\u00a0\u00a0\u00a0\u00a0\u00a0\u00a0\u00a0\u00a0\u00a0\u00a0\u00a0\u00a0\u00a0\u00a0\u00a0\u00a0\u00a0<strong>\u00a0\u00a0\u00a0\u00a0\u00a0\u00a0\u00a0\u00a0\u00a0\u00a0\u00a0 BREVE RESE\u00d1A HIST\u00d3RICA \u00a0\u00a0<\/strong>\u00a0\u00a0\u00a0\u00a0\u00a0\u00a0\u00a0\u00a0\u00a0\u00a0\u00a0\u00a0\u00a0\u00a0\u00a0\u00a0\u00a0\u00a0\u00a0\u00a0\u00a0\u00a0\u00a0\u00a0\u00a0\u00a0\u00a0\u00a0\u00a0\u00a0\u00a0\u00a0\u00a0\u00a0\u00a0\u00a0\u00a0\u00a0\u00a0\u00a0\u00a0 <\/span><\/p>\n<p>&nbsp;<\/p>\n<p style=\"text-align: center;\"><span style=\"color: #000000;\"><strong>\u00a0\u00a0\u00a0\u00a0\u00a0\u00a0\u00a0\u00a0\u00a0\u00a0\u00a0\u00a0\u00a0\u00a0\u00a0\u00a0\u00a0\u00a0\u00a0\u00a0\u00a0\u00a0\u00a0\u00a0\u00a0\u00a0\u00a0\u00a0\u00a0\u00a0\u00a0\u00a0\u00a0\u00a0\u00a0\u00a0\u00a0\u00a0\u00a0\u00a0\u00a0\u00a0\u00a0\u00a0\u00a0 HECHOS SOBRESALIENTES\u00a0\u00a0\u00a0\u00a0\u00a0\u00a0\u00a0\u00a0\u00a0\u00a0\u00a0\u00a0\u00a0\u00a0\u00a0\u00a0\u00a0\u00a0\u00a0\u00a0\u00a0\u00a0\u00a0\u00a0\u00a0\u00a0\u00a0\u00a0\u00a0\u00a0\u00a0\u00a0\u00a0\u00a0\u00a0\u00a0\u00a0\u00a0\u00a0\u00a0\u00a0\u00a0\u00a0 <\/strong><\/span><\/p>\n<p style=\"text-align: justify;\"><span style=\"color: #000000;\">En el a\u00f1o 1990, vecinos del municipio de Chisec, residentes en el parcelamiento o Aldea Raxruh\u00e1 iniciaron solicitud ante Gobernaci\u00f3n Departamental de Alta Verapaz, para elevar dicha poblaci\u00f3n a la categor\u00eda de municipio. La sustanciaci\u00f3n del expediente se inici\u00f3 bajo las disposiciones del Decreto 58-88 del Congreso de la Rep\u00fablica, C\u00f3digo Municipal vigente.<\/span><br \/>\n<span style=\"color: #000000;\">En el a\u00f1o 2002, fue emitido el Decreto n\u00famero 12-2002 del Congreso de la Rep\u00fablica C\u00f3digo Municipal. La sustanciaci\u00f3n del expediente entonces de hizo en base al nuevo C\u00f3digo Municipal.<\/span><br \/>\n<span style=\"color: #000000;\">Con base en el informe rendido por el Instituto Geogr\u00e1fico Nacional, contenido en Oficio No. EVF-alb-88-2005 de fecha 26 de julio del 2005 se dej\u00f3 establecido el territorio del municipio con las medidas y colindancias con el Municipio de Chisec y Fray Bartolom\u00e9 de las Casas.<\/span><\/p>\n<p style=\"text-align: justify;\"><span style=\"color: #000000;\">A trav\u00e9s del Decreto 10-2008 de fecha 20 de febrero del 2008 el Congreso de la Rep\u00fablica se autoriza la creaci\u00f3n del municipio.<\/span><\/p>\n<p style=\"text-align: center;\"><span style=\"color: #000000;\"><strong>UBICACI\u00d3N GEOGR\u00c1FICA<\/strong><\/span><\/p>\n<p><span style=\"color: #000000;\"><strong>L<\/strong><strong>IMITES \u00a0\u00a0\u00a0\u00a0\u00a0\u00a0\u00a0\u00a0\u00a0\u00a0\u00a0\u00a0\u00a0\u00a0\u00a0\u00a0\u00a0\u00a0\u00a0\u00a0\u00a0\u00a0\u00a0\u00a0\u00a0\u00a0\u00a0\u00a0\u00a0\u00a0\u00a0\u00a0\u00a0\u00a0\u00a0\u00a0\u00a0\u00a0\u00a0\u00a0\u00a0\u00a0\u00a0\u00a0\u00a0\u00a0\u00a0\u00a0\u00a0\u00a0\u00a0\u00a0\u00a0\u00a0\u00a0\u00a0\u00a0\u00a0\u00a0\u00a0\u00a0\u00a0\u00a0\u00a0\u00a0\u00a0\u00a0\u00a0\u00a0\u00a0\u00a0\u00a0\u00a0\u00a0\u00a0\u00a0\u00a0\u00a0\u00a0\u00a0\u00a0\u00a0\u00a0\u00a0\u00a0\u00a0\u00a0\u00a0\u00a0\u00a0\u00a0\u00a0\u00a0\u00a0\u00a0\u00a0\u00a0\u00a0\u00a0\u00a0\u00a0\u00a0\u00a0\u00a0\u00a0\u00a0\u00a0\u00a0\u00a0\u00a0\u00a0\u00a0\u00a0\u00a0\u00a0\u00a0\u00a0\u00a0\u00a0\u00a0\u00a0\u00a0\u00a0\u00a0\u00a0\u00a0\u00a0\u00a0\u00a0 <\/strong><\/span><\/p>\n<p style=\"text-align: justify;\"><span style=\"color: #000000;\">Al norte limita con Sayaxch\u00e9 \u00a0al sur con Chisec \u00a0al este con Fray Bartolom\u00e9 de la Casas y al oeste con Chisec<\/span><\/p>\n<p><span style=\"color: #000000;\"><strong>LOCALIZACI\u00d3N GEOGR\u00c1FICA: (cabecera) \u00a0\u00a0\u00a0<\/strong>\u00a0\u00a0\u00a0\u00a0\u00a0\u00a0\u00a0\u00a0\u00a0\u00a0\u00a0\u00a0\u00a0\u00a0\u00a0\u00a0\u00a0\u00a0\u00a0\u00a0\u00a0\u00a0\u00a0\u00a0\u00a0\u00a0\u00a0\u00a0\u00a0\u00a0\u00a0\u00a0\u00a0\u00a0\u00a0\u00a0\u00a0\u00a0\u00a0\u00a0\u00a0\u00a0\u00a0\u00a0\u00a0\u00a0\u00a0\u00a0\u00a0\u00a0\u00a0\u00a0\u00a0\u00a0\u00a0\u00a0\u00a0\u00a0\u00a0\u00a0\u00a0\u00a0\u00a0<\/span><\/p>\n<p style=\"text-align: center;\"><span style=\"color: #000000;\">LATITUD =\u00a0\u00a0\u00a0\u00a0\u00a0\u00a0 15\u00b051\u201950\u201d\u00a0\u00a0\u00a0\u00a0\u00a0\u00a0\u00a0\u00a0\u00a0\u00a0\u00a0\u00a0\u00a0\u00a0\u00a0\u00a0\u00a0\u00a0\u00a0\u00a0\u00a0\u00a0\u00a0\u00a0\u00a0\u00a0\u00a0\u00a0\u00a0\u00a0\u00a0\u00a0\u00a0\u00a0\u00a0\u00a0 LONGITUD =\u00a0\u00a0\u00a0\u00a0\u00a0\u00a0 90\u00b002\u201913\u201d<\/span><\/p>\n<p style=\"text-align: center;\"><span style=\"color: #000000;\"><img decoding=\"async\" loading=\"lazy\" class=\"alignnone wp-image-6368 size-full\" src=\"http:\/\/gobernacionaltaverapaz.gob.gt\/wp-content\/uploads\/2019\/07\/raxruha-mapa.jpg\" alt=\"\" width=\"1056\" height=\"742\" srcset=\"https:\/\/gobernacionaltaverapaz.gob.gt\/wp-content\/uploads\/2019\/07\/raxruha-mapa.jpg 1056w, https:\/\/gobernacionaltaverapaz.gob.gt\/wp-content\/uploads\/2019\/07\/raxruha-mapa-300x211.jpg 300w, https:\/\/gobernacionaltaverapaz.gob.gt\/wp-content\/uploads\/2019\/07\/raxruha-mapa-768x540.jpg 768w, https:\/\/gobernacionaltaverapaz.gob.gt\/wp-content\/uploads\/2019\/07\/raxruha-mapa-1024x720.jpg 1024w\" sizes=\"(max-width: 1056px) 100vw, 1056px\" \/><\/span><\/p>\n<p><span style=\"color: #000000;\"><strong>DISTANCIA DEL MUNICIPIO A LA CABECERA DEPARTAMENTAL<\/strong><\/span><\/p>\n<p><span style=\"color: #000000;\">115 Kil\u00f3metros Carretera asfaltada<\/span><\/p>\n<p style=\"text-align: center;\"><span style=\"color: #000000;\">\u00a0\u00a0\u00a0\u00a0\u00a0\u00a0\u00a0\u00a0\u00a0\u00a0\u00a0\u00a0\u00a0\u00a0\u00a0\u00a0\u00a0\u00a0\u00a0\u00a0\u00a0\u00a0\u00a0\u00a0<strong>\u00a0\u00a0\u00a0\u00a0 DISTANCIA DE LA CABECERA DE LA CAPITAL<\/strong> \u00a0\u00a0\u00a0\u00a0\u00a0\u00a0\u00a0\u00a0\u00a0\u00a0\u00a0\u00a0\u00a0\u00a0\u00a0\u00a0\u00a0\u00a0\u00a0\u00a0\u00a0\u00a0\u00a0\u00a0\u00a0 <\/span><\/p>\n<p><span style=\"color: #000000;\">334 Kil\u00f3metros, carretera asfaltada<\/span><\/p>\n<p>&nbsp;<\/p>\n<p><span style=\"color: #000000;\"><strong>ORGANIZACIONES<\/strong> \u00a0\u00a0\u00a0\u00a0\u00a0\u00a0\u00a0\u00a0\u00a0\u00a0\u00a0\u00a0\u00a0\u00a0\u00a0\u00a0\u00a0\u00a0\u00a0\u00a0\u00a0\u00a0\u00a0\u00a0\u00a0\u00a0\u00a0\u00a0\u00a0\u00a0\u00a0\u00a0\u00a0\u00a0\u00a0\u00a0\u00a0\u00a0\u00a0\u00a0\u00a0\u00a0\u00a0\u00a0\u00a0\u00a0\u00a0\u00a0\u00a0\u00a0\u00a0\u00a0\u00a0\u00a0\u00a0\u00a0\u00a0\u00a0\u00a0\u00a0\u00a0\u00a0\u00a0\u00a0\u00a0\u00a0\u00a0\u00a0\u00a0\u00a0\u00a0\u00a0\u00a0\u00a0\u00a0\u00a0\u00a0\u00a0\u00a0\u00a0\u00a0\u00a0\u00a0\u00a0\u00a0\u00a0\u00a0\u00a0\u00a0\u00a0\u00a0\u00a0\u00a0\u00a0\u00a0\u00a0\u00a0\u00a0\u00a0\u00a0\u00a0\u00a0\u00a0\u00a0\u00a0\u00a0\u00a0 <\/span><\/p>\n<ul>\n<li><span style=\"color: #000000;\">Supervisi\u00f3n Educativa<\/span><\/li>\n<\/ul>\n<p><span style=\"color: #000000;\"><strong>IDIOMA<\/strong>\u00a0\u00a0\u00a0\u00a0\u00a0\u00a0\u00a0\u00a0\u00a0\u00a0\u00a0\u00a0\u00a0\u00a0\u00a0\u00a0\u00a0\u00a0\u00a0\u00a0\u00a0\u00a0\u00a0\u00a0\u00a0\u00a0\u00a0\u00a0\u00a0\u00a0\u00a0\u00a0\u00a0\u00a0\u00a0\u00a0\u00a0\u00a0\u00a0\u00a0\u00a0\u00a0\u00a0\u00a0\u00a0\u00a0\u00a0\u00a0\u00a0\u00a0\u00a0\u00a0\u00a0\u00a0\u00a0\u00a0\u00a0\u00a0\u00a0\u00a0\u00a0\u00a0\u00a0\u00a0\u00a0\u00a0\u00a0\u00a0\u00a0\u00a0\u00a0\u00a0\u00a0\u00a0\u00a0\u00a0\u00a0\u00a0\u00a0\u00a0\u00a0\u00a0\u00a0\u00a0\u00a0\u00a0\u00a0\u00a0\u00a0\u00a0\u00a0\u00a0\u00a0\u00a0\u00a0\u00a0\u00a0\u00a0\u00a0\u00a0\u00a0\u00a0\u00a0\u00a0\u00a0\u00a0\u00a0\u00a0\u00a0\u00a0\u00a0\u00a0\u00a0\u00a0\u00a0\u00a0\u00a0\u00a0\u00a0\u00a0\u00a0\u00a0\u00a0\u00a0\u00a0\u00a0\u00a0\u00a0\u00a0 <\/span><\/p>\n<ul>\n<li><span style=\"color: #000000;\">Q\u2019eqch\u00ed\u2019 y espa\u00f1ol<\/span><\/li>\n<\/ul>\n<p>&nbsp;<\/p>\n<p><span style=\"color: #000000;\"><strong>T<\/strong><strong>R<\/strong><strong>A<\/strong><strong>N<\/strong><strong>SPORTE<\/strong>: \u00a0\u00a0\u00a0\u00a0\u00a0\u00a0\u00a0\u00a0\u00a0\u00a0\u00a0\u00a0\u00a0\u00a0\u00a0\u00a0\u00a0\u00a0\u00a0\u00a0\u00a0\u00a0\u00a0\u00a0\u00a0\u00a0\u00a0\u00a0\u00a0\u00a0\u00a0\u00a0\u00a0\u00a0\u00a0\u00a0\u00a0\u00a0\u00a0\u00a0\u00a0\u00a0\u00a0\u00a0\u00a0\u00a0\u00a0\u00a0\u00a0\u00a0\u00a0\u00a0\u00a0\u00a0\u00a0\u00a0\u00a0\u00a0\u00a0\u00a0\u00a0\u00a0\u00a0\u00a0\u00a0\u00a0\u00a0\u00a0\u00a0\u00a0\u00a0\u00a0\u00a0\u00a0\u00a0\u00a0\u00a0\u00a0\u00a0\u00a0\u00a0\u00a0\u00a0\u00a0\u00a0\u00a0\u00a0\u00a0\u00a0\u00a0\u00a0\u00a0\u00a0\u00a0\u00a0\u00a0\u00a0\u00a0\u00a0\u00a0\u00a0\u00a0\u00a0\u00a0\u00a0\u00a0\u00a0\u00a0\u00a0\u00a0\u00a0\u00a0\u00a0\u00a0\u00a0\u00a0<\/span><\/p>\n<ul>\n<li><span style=\"color: #000000;\">-Pick-up (venaderos)<\/span><\/li>\n<li><span style=\"color: #000000;\">-microbuses<\/span><\/li>\n<li><span style=\"color: #000000;\">-l\u00ednea de buses<\/span><\/li>\n<\/ul>\n<p><span style=\"color: #000000;\"><strong>SERVICIOS DE SALUD<\/strong><\/span><\/p>\n<p style=\"text-align: center;\"><span style=\"color: #000000;\"><strong>SERVICIOS B\u00c1SICOS<\/strong><\/span><\/p>\n<p style=\"text-align: center;\"><span style=\"color: #000000;\"><img decoding=\"async\" loading=\"lazy\" class=\"alignnone wp-image-6369 size-full\" src=\"http:\/\/gobernacionaltaverapaz.gob.gt\/wp-content\/uploads\/2019\/07\/raxruha001.jpg\" alt=\"\" width=\"535\" height=\"87\" srcset=\"https:\/\/gobernacionaltaverapaz.gob.gt\/wp-content\/uploads\/2019\/07\/raxruha001.jpg 535w, https:\/\/gobernacionaltaverapaz.gob.gt\/wp-content\/uploads\/2019\/07\/raxruha001-300x49.jpg 300w\" sizes=\"(max-width: 535px) 100vw, 535px\" \/><\/span><\/p>\n<p style=\"text-align: center;\"><span style=\"color: #000000;\"><img decoding=\"async\" loading=\"lazy\" class=\"alignnone wp-image-6370 size-full\" src=\"http:\/\/gobernacionaltaverapaz.gob.gt\/wp-content\/uploads\/2019\/07\/raxruha002.jpg\" alt=\"\" width=\"406\" height=\"167\" srcset=\"https:\/\/gobernacionaltaverapaz.gob.gt\/wp-content\/uploads\/2019\/07\/raxruha002.jpg 406w, https:\/\/gobernacionaltaverapaz.gob.gt\/wp-content\/uploads\/2019\/07\/raxruha002-300x123.jpg 300w\" sizes=\"(max-width: 406px) 100vw, 406px\" \/><\/span><\/p>\n<p style=\"text-align: center;\">\n<span style=\"color: #000000;\"><img decoding=\"async\" loading=\"lazy\" class=\"alignnone wp-image-6371 size-full\" src=\"http:\/\/gobernacionaltaverapaz.gob.gt\/wp-content\/uploads\/2019\/07\/raxruha003.jpg\" alt=\"\" width=\"442\" height=\"203\" srcset=\"https:\/\/gobernacionaltaverapaz.gob.gt\/wp-content\/uploads\/2019\/07\/raxruha003.jpg 442w, https:\/\/gobernacionaltaverapaz.gob.gt\/wp-content\/uploads\/2019\/07\/raxruha003-300x138.jpg 300w\" sizes=\"(max-width: 442px) 100vw, 442px\" \/><\/span><\/p>\n<p><span style=\"color: #000000;\"><strong>A<\/strong><strong>T<\/strong><strong>R<\/strong><strong>A<\/strong><strong>C<\/strong><strong>T<\/strong><strong>IVOS TUR\u00cdSTICOS<br \/>\n<\/strong><\/span><\/p>\n<p><span style=\"color: #000000;\">-Los r\u00edos Salinas<\/span><\/p>\n<p><span style=\"color: #000000;\">-Choxoy y las playas de estos.<\/span><\/p>\n<p><span style=\"color: #000000;\">-Tambi\u00e9n \u00a0hay \u00a0varias \u00a0grutas, \u00a0una \u00a0de \u00a0ellas \u00a0posee \u00a0ruinas \u00a0de \u00a0un Cementerio maya.<\/span><\/p>\n<p><span style=\"color: #000000;\">-Cuevas de Candelaria.<\/span><\/p>\n<p><span style=\"color: #000000;\">-Ruinas de Chinaj\u00e1.<\/span><\/p>\n<p>&nbsp;<\/p>\n<p><span style=\"color: #000000;\"><strong>PRODUCCI\u00d3N AGR\u00cdCOLA<\/strong> \u00a0\u00a0\u00a0\u00a0\u00a0\u00a0\u00a0\u00a0\u00a0\u00a0\u00a0\u00a0\u00a0\u00a0\u00a0\u00a0\u00a0\u00a0\u00a0\u00a0\u00a0\u00a0\u00a0\u00a0\u00a0\u00a0\u00a0\u00a0\u00a0\u00a0\u00a0\u00a0\u00a0\u00a0\u00a0\u00a0\u00a0\u00a0\u00a0\u00a0\u00a0\u00a0\u00a0\u00a0\u00a0\u00a0\u00a0\u00a0\u00a0\u00a0\u00a0\u00a0\u00a0\u00a0\u00a0\u00a0\u00a0\u00a0\u00a0\u00a0\u00a0\u00a0\u00a0\u00a0\u00a0\u00a0\u00a0\u00a0\u00a0\u00a0\u00a0\u00a0\u00a0\u00a0\u00a0\u00a0\u00a0\u00a0\u00a0\u00a0\u00a0\u00a0\u00a0\u00a0\u00a0\u00a0\u00a0\u00a0\u00a0\u00a0\u00a0 <\/span><\/p>\n<p><span style=\"color: #000000;\">Sus habitantes cultivan caf\u00e9, arroz y ma\u00edz.<\/span><\/p>\n<p>&nbsp;<\/p>\n<p style=\"text-align: left;\"><span style=\"color: #000000;\"><strong>VIVIENDA<\/strong> <\/span><\/p>\n<p style=\"text-align: center;\"><span style=\"color: #000000;\"><img decoding=\"async\" loading=\"lazy\" class=\"alignnone wp-image-6372 size-full\" src=\"http:\/\/gobernacionaltaverapaz.gob.gt\/wp-content\/uploads\/2019\/07\/raxruha004.jpg\" alt=\"\" width=\"606\" height=\"368\" srcset=\"https:\/\/gobernacionaltaverapaz.gob.gt\/wp-content\/uploads\/2019\/07\/raxruha004.jpg 606w, https:\/\/gobernacionaltaverapaz.gob.gt\/wp-content\/uploads\/2019\/07\/raxruha004-300x182.jpg 300w\" sizes=\"(max-width: 606px) 100vw, 606px\" \/><\/span><\/p>\n<p style=\"text-align: center;\"><span style=\"color: #000000;\"><img decoding=\"async\" loading=\"lazy\" class=\"alignnone wp-image-6374 size-full\" src=\"http:\/\/gobernacionaltaverapaz.gob.gt\/wp-content\/uploads\/2019\/07\/raxruha005-1.jpg\" alt=\"\" width=\"357\" height=\"209\" srcset=\"https:\/\/gobernacionaltaverapaz.gob.gt\/wp-content\/uploads\/2019\/07\/raxruha005-1.jpg 357w, https:\/\/gobernacionaltaverapaz.gob.gt\/wp-content\/uploads\/2019\/07\/raxruha005-1-300x176.jpg 300w\" sizes=\"(max-width: 357px) 100vw, 357px\" \/><\/span><\/p>\n<p style=\"text-align: center;\"><span style=\"color: #000000;\"><img decoding=\"async\" loading=\"lazy\" class=\"alignnone wp-image-6375 size-full\" src=\"http:\/\/gobernacionaltaverapaz.gob.gt\/wp-content\/uploads\/2019\/07\/raxruha006.jpg\" alt=\"\" width=\"355\" height=\"165\" srcset=\"https:\/\/gobernacionaltaverapaz.gob.gt\/wp-content\/uploads\/2019\/07\/raxruha006.jpg 355w, https:\/\/gobernacionaltaverapaz.gob.gt\/wp-content\/uploads\/2019\/07\/raxruha006-300x139.jpg 300w\" sizes=\"(max-width: 355px) 100vw, 355px\" \/><\/span><\/p>\n<p style=\"text-align: center;\"><span style=\"color: #000000;\"><img decoding=\"async\" loading=\"lazy\" class=\"alignnone wp-image-6376 size-full\" src=\"http:\/\/gobernacionaltaverapaz.gob.gt\/wp-content\/uploads\/2019\/07\/raxruha007.jpg\" alt=\"\" width=\"355\" height=\"214\" srcset=\"https:\/\/gobernacionaltaverapaz.gob.gt\/wp-content\/uploads\/2019\/07\/raxruha007.jpg 355w, https:\/\/gobernacionaltaverapaz.gob.gt\/wp-content\/uploads\/2019\/07\/raxruha007-300x181.jpg 300w\" sizes=\"(max-width: 355px) 100vw, 355px\" \/><\/span><\/p>\n<p><span style=\"color: #000000;\"><strong>T<\/strong><strong>OTAL DE LUGARES POBLADOS \u00a0\u00a0\u00a0\u00a0\u00a0\u00a0\u00a0\u00a0\u00a0\u00a0\u00a0\u00a0\u00a0\u00a0\u00a0\u00a0\u00a0\u00a0\u00a0\u00a0\u00a0\u00a0\u00a0\u00a0\u00a0\u00a0\u00a0\u00a0\u00a0\u00a0\u00a0\u00a0\u00a0\u00a0\u00a0\u00a0\u00a0\u00a0\u00a0\u00a0\u00a0\u00a0\u00a0\u00a0\u00a0\u00a0\u00a0\u00a0\u00a0\u00a0\u00a0\u00a0\u00a0\u00a0\u00a0\u00a0\u00a0\u00a0\u00a0\u00a0\u00a0\u00a0\u00a0\u00a0\u00a0\u00a0\u00a0\u00a0\u00a0\u00a0\u00a0\u00a0\u00a0\u00a0\u00a0\u00a0\u00a0\u00a0\u00a0\u00a0 <\/strong><\/span><\/p>\n<ul>\n<li><span style=\"color: #000000;\">52 (seg\u00fan la ley)<\/span><\/li>\n<li><span style=\"color: #000000;\">60 (seg\u00fan municipalidad)<\/span><\/li>\n<li><span style=\"color: #000000;\">38 (identificados a la fecha)<\/span><\/li>\n<\/ul>\n<p><span style=\"color: #000000;\"><strong>POBLACI\u00d3N POR SEXO<\/strong><\/span><\/p>\n<p style=\"text-align: center;\"><span style=\"color: #000000;\"><img decoding=\"async\" loading=\"lazy\" class=\"alignnone wp-image-6377 size-full\" src=\"http:\/\/gobernacionaltaverapaz.gob.gt\/wp-content\/uploads\/2019\/07\/raxruha008.jpg\" alt=\"\" width=\"256\" height=\"56\" \/><\/span><\/p>\n<p style=\"text-align: left;\"><span style=\"color: #000000;\"><strong>POBLACI\u00d3N POR GRUPOS DE EDAD<\/strong><\/span><\/p>\n<p style=\"text-align: center;\"><span style=\"color: #000000;\"><img decoding=\"async\" loading=\"lazy\" class=\"alignnone wp-image-6378 size-full\" src=\"http:\/\/gobernacionaltaverapaz.gob.gt\/wp-content\/uploads\/2019\/07\/raxruha009.jpg\" alt=\"\" width=\"315\" height=\"74\" srcset=\"https:\/\/gobernacionaltaverapaz.gob.gt\/wp-content\/uploads\/2019\/07\/raxruha009.jpg 315w, https:\/\/gobernacionaltaverapaz.gob.gt\/wp-content\/uploads\/2019\/07\/raxruha009-300x70.jpg 300w\" sizes=\"(max-width: 315px) 100vw, 315px\" \/><\/span><\/p>\n<p><span style=\"color: #000000;\"><strong>POBLACI\u00d3N POR GRUPO \u00c9TNICO<\/strong><\/span><\/p>\n<p style=\"text-align: center;\"><span style=\"color: #000000;\"><img decoding=\"async\" loading=\"lazy\" class=\"alignnone wp-image-6379 size-full\" src=\"http:\/\/gobernacionaltaverapaz.gob.gt\/wp-content\/uploads\/2019\/07\/raxruha011.jpg\" alt=\"\" width=\"269\" height=\"58\" \/><\/span><\/p>\n<p><span style=\"color: #000000;\"><strong>POBLACI\u00d3N POR PERTENENCIA \u00c9TNICA<\/strong><\/span><\/p>\n<p style=\"text-align: center;\"><span style=\"color: #000000;\"><img decoding=\"async\" loading=\"lazy\" class=\"alignnone wp-image-6380 size-full\" src=\"http:\/\/gobernacionaltaverapaz.gob.gt\/wp-content\/uploads\/2019\/07\/raxruha012.jpg\" alt=\"\" width=\"382\" height=\"59\" srcset=\"https:\/\/gobernacionaltaverapaz.gob.gt\/wp-content\/uploads\/2019\/07\/raxruha012.jpg 382w, https:\/\/gobernacionaltaverapaz.gob.gt\/wp-content\/uploads\/2019\/07\/raxruha012-300x46.jpg 300w\" sizes=\"(max-width: 382px) 100vw, 382px\" \/><\/span><\/p>\n<p><span style=\"color: #000000;\"><strong>POBLACI\u00d3N POR \u00c1REA<\/strong><\/span><\/p>\n<p style=\"text-align: center;\"><span style=\"color: #000000;\"><img decoding=\"async\" loading=\"lazy\" class=\"alignnone wp-image-6381 size-full\" src=\"http:\/\/gobernacionaltaverapaz.gob.gt\/wp-content\/uploads\/2019\/07\/raxruha013.jpg\" alt=\"\" width=\"238\" height=\"59\" \/><\/span><\/p>\n<p>&nbsp;<\/p>\n<p style=\"text-align: center;\"><span style=\"color: #000000;\"><strong>EDUCACI\u00d3N<\/strong><\/span><\/p>\n<p><span style=\"color: #000000;\"><strong>A<\/strong><strong>N<\/strong><strong>A<\/strong><strong>L<\/strong><strong>F<\/strong><strong>A<\/strong><strong>B<\/strong><strong>ETISMO: (<\/strong>Poblaci\u00f3n de 7 a\u00f1os y m\u00e1s de edad)<\/span><\/p>\n<p style=\"text-align: center;\"><span style=\"color: #000000;\"><img decoding=\"async\" loading=\"lazy\" class=\"alignnone wp-image-6382 size-full\" src=\"http:\/\/gobernacionaltaverapaz.gob.gt\/wp-content\/uploads\/2019\/07\/raxruha014.jpg\" alt=\"\" width=\"258\" height=\"56\" \/><\/span><\/p>\n<p><span style=\"color: #000000;\"><strong>NIVEL DE ESCOLARIDAD<\/strong><\/span><\/p>\n<p style=\"text-align: center;\"><span style=\"color: #000000;\"><img decoding=\"async\" loading=\"lazy\" class=\"alignnone wp-image-6383 size-full\" src=\"http:\/\/gobernacionaltaverapaz.gob.gt\/wp-content\/uploads\/2019\/07\/raxruha015.jpg\" alt=\"\" width=\"311\" height=\"120\" srcset=\"https:\/\/gobernacionaltaverapaz.gob.gt\/wp-content\/uploads\/2019\/07\/raxruha015.jpg 311w, https:\/\/gobernacionaltaverapaz.gob.gt\/wp-content\/uploads\/2019\/07\/raxruha015-300x116.jpg 300w\" sizes=\"(max-width: 311px) 100vw, 311px\" \/><\/span><\/p>\n<p>&nbsp;<\/p>\n<p style=\"text-align: center;\"><span style=\"color: #000000;\"><strong>Establecimientos Abiertos y Nivel Educativo 2012<\/strong><\/span><\/p>\n<p style=\"text-align: center;\"><span style=\"color: #000000;\"><img decoding=\"async\" loading=\"lazy\" class=\"alignnone wp-image-6384 size-full\" src=\"http:\/\/gobernacionaltaverapaz.gob.gt\/wp-content\/uploads\/2019\/07\/raxruha016.jpg\" alt=\"\" width=\"255\" height=\"108\" \/>Mineduc 2012.<\/span><\/p>\n<p><span style=\"color: #000000;\"><strong>POBLACI\u00d3N ECON\u00d3MICAMENTE ACTIVA<\/strong> (poblaci\u00f3n de 7 a\u00f1os y m\u00e1s de edad)<\/span><\/p>\n<p style=\"text-align: center;\"><span style=\"color: #000000;\"><img decoding=\"async\" loading=\"lazy\" class=\"alignnone wp-image-6385 size-full\" src=\"http:\/\/gobernacionaltaverapaz.gob.gt\/wp-content\/uploads\/2019\/07\/raxruha017.jpg\" alt=\"\" width=\"234\" height=\"63\" \/><\/span><\/p>\n<p style=\"text-align: center;\"><span style=\"color: #000000;\"><strong>Pobreza 2008 <\/strong><\/span><\/p>\n<p style=\"text-align: center;\"><span style=\"color: #000000;\"><img decoding=\"async\" loading=\"lazy\" class=\"alignnone wp-image-6386 size-full\" src=\"http:\/\/gobernacionaltaverapaz.gob.gt\/wp-content\/uploads\/2019\/07\/raxruha018.jpg\" alt=\"\" width=\"483\" height=\"87\" srcset=\"https:\/\/gobernacionaltaverapaz.gob.gt\/wp-content\/uploads\/2019\/07\/raxruha018.jpg 483w, https:\/\/gobernacionaltaverapaz.gob.gt\/wp-content\/uploads\/2019\/07\/raxruha018-300x54.jpg 300w\" sizes=\"(max-width: 483px) 100vw, 483px\" \/><\/span><\/p>\n<p style=\"text-align: center;\"><span style=\"color: #000000;\"><strong>TASAS 2015<\/strong><\/span><\/p>\n<p style=\"text-align: center;\"><span style=\"color: #000000;\"><img decoding=\"async\" loading=\"lazy\" class=\"alignnone wp-image-6387 size-full\" src=\"http:\/\/gobernacionaltaverapaz.gob.gt\/wp-content\/uploads\/2019\/07\/raxruha019.jpg\" alt=\"\" width=\"393\" height=\"155\" srcset=\"https:\/\/gobernacionaltaverapaz.gob.gt\/wp-content\/uploads\/2019\/07\/raxruha019.jpg 393w, https:\/\/gobernacionaltaverapaz.gob.gt\/wp-content\/uploads\/2019\/07\/raxruha019-300x118.jpg 300w\" sizes=\"(max-width: 393px) 100vw, 393px\" \/><\/span><br \/>\n<span style=\"color: #000000;\">Fuente: Memoria de Valores 2015, Direcci\u00f3n de \u00c1rea de Salud.<\/span><\/p>\n<p style=\"text-align: center;\"><img decoding=\"async\" loading=\"lazy\" class=\"alignnone  wp-image-5716\" src=\"http:\/\/gobernacionaltaverapaz.gob.gt\/wp-content\/uploads\/2019\/06\/ine-300x300.png\" alt=\"\" width=\"86\" height=\"86\" srcset=\"https:\/\/gobernacionaltaverapaz.gob.gt\/wp-content\/uploads\/2019\/06\/ine-300x300.png 300w, https:\/\/gobernacionaltaverapaz.gob.gt\/wp-content\/uploads\/2019\/06\/ine-150x150.png 150w, https:\/\/gobernacionaltaverapaz.gob.gt\/wp-content\/uploads\/2019\/06\/ine-80x80.png 80w, https:\/\/gobernacionaltaverapaz.gob.gt\/wp-content\/uploads\/2019\/06\/ine.png 330w\" sizes=\"(max-width: 86px) 100vw, 86px\" \/><\/p>\n","protected":false},"excerpt":{"rendered":"<p>RAXRUH\u00c1 ETIMOLOG\u00cdA DE SU NOMBRE Vocablo Q\u2019eqch\u00ed que traducido al espa\u00f1ol significa \u201cAgua Verde\u201d. &nbsp; \u00a0\u00a0\u00a0\u00a0\u00a0\u00a0\u00a0\u00a0\u00a0\u00a0\u00a0\u00a0\u00a0\u00a0\u00a0\u00a0\u00a0\u00a0\u00a0\u00a0\u00a0\u00a0\u00a0\u00a0\u00a0\u00a0\u00a0\u00a0\u00a0\u00a0\u00a0\u00a0\u00a0\u00a0\u00a0\u00a0\u00a0\u00a0\u00a0\u00a0\u00a0\u00a0\u00a0\u00a0\u00a0 BREVE RESE\u00d1A HIST\u00d3RICA \u00a0\u00a0\u00a0\u00a0\u00a0\u00a0\u00a0\u00a0\u00a0\u00a0\u00a0\u00a0\u00a0\u00a0\u00a0\u00a0\u00a0\u00a0\u00a0\u00a0\u00a0\u00a0\u00a0\u00a0\u00a0\u00a0\u00a0\u00a0\u00a0\u00a0\u00a0\u00a0\u00a0\u00a0\u00a0\u00a0\u00a0\u00a0\u00a0\u00a0\u00a0\u00a0\u00a0 &nbsp; \u00a0\u00a0\u00a0\u00a0\u00a0\u00a0\u00a0\u00a0\u00a0\u00a0\u00a0\u00a0\u00a0\u00a0\u00a0\u00a0\u00a0\u00a0\u00a0\u00a0\u00a0\u00a0\u00a0\u00a0\u00a0\u00a0\u00a0\u00a0\u00a0\u00a0\u00a0\u00a0\u00a0\u00a0\u00a0\u00a0\u00a0\u00a0\u00a0\u00a0\u00a0\u00a0\u00a0\u00a0\u00a0 HECHOS SOBRESALIENTES\u00a0\u00a0\u00a0\u00a0\u00a0\u00a0\u00a0\u00a0\u00a0\u00a0\u00a0\u00a0\u00a0\u00a0\u00a0\u00a0\u00a0\u00a0\u00a0\u00a0\u00a0\u00a0\u00a0\u00a0\u00a0\u00a0\u00a0\u00a0\u00a0\u00a0\u00a0\u00a0\u00a0\u00a0\u00a0\u00a0\u00a0\u00a0\u00a0\u00a0\u00a0\u00a0\u00a0 En el a\u00f1o 1990, vecinos del municipio de Chisec, residentes en el parcelamiento o Aldea Raxruh\u00e1 iniciaron solicitud ante Gobernaci\u00f3n Departamental de Alta Verapaz, para elevar dicha poblaci\u00f3n a la categor\u00eda [&hellip;]<\/p>\n","protected":false},"author":1,"featured_media":0,"parent":0,"menu_order":0,"comment_status":"closed","ping_status":"closed","template":"","meta":[],"_links":{"self":[{"href":"https:\/\/gobernacionaltaverapaz.gob.gt\/index.php?rest_route=\/wp\/v2\/pages\/6366"}],"collection":[{"href":"https:\/\/gobernacionaltaverapaz.gob.gt\/index.php?rest_route=\/wp\/v2\/pages"}],"about":[{"href":"https:\/\/gobernacionaltaverapaz.gob.gt\/index.php?rest_route=\/wp\/v2\/types\/page"}],"author":[{"embeddable":true,"href":"https:\/\/gobernacionaltaverapaz.gob.gt\/index.php?rest_route=\/wp\/v2\/users\/1"}],"replies":[{"embeddable":true,"href":"https:\/\/gobernacionaltaverapaz.gob.gt\/index.php?rest_route=%2Fwp%2Fv2%2Fcomments&post=6366"}],"version-history":[{"count":1,"href":"https:\/\/gobernacionaltaverapaz.gob.gt\/index.php?rest_route=\/wp\/v2\/pages\/6366\/revisions"}],"predecessor-version":[{"id":6390,"href":"https:\/\/gobernacionaltaverapaz.gob.gt\/index.php?rest_route=\/wp\/v2\/pages\/6366\/revisions\/6390"}],"wp:attachment":[{"href":"https:\/\/gobernacionaltaverapaz.gob.gt\/index.php?rest_route=%2Fwp%2Fv2%2Fmedia&parent=6366"}],"curies":[{"name":"wp","href":"https:\/\/api.w.org\/{rel}","templated":true}]}}